{"id":2653,"date":"2024-01-15T17:15:16","date_gmt":"2024-01-15T17:15:16","guid":{"rendered":"https:\/\/chateauvillarlong.com\/?page_id=2653"},"modified":"2024-01-25T22:26:38","modified_gmt":"2024-01-25T22:26:38","slug":"the-artists","status":"publish","type":"page","link":"https:\/\/chateauvillarlong.com\/de\/the-artists\/","title":{"rendered":"Die K\u00fcnstler"},"content":{"rendered":"<div data-elementor-type=\"wp-page\" data-elementor-id=\"2653\" class=\"elementor elementor-2653\" data-elementor-post-type=\"page\">\n\t\t\t\t\t\t<section class=\"elementor-section elementor-top-section elementor-element elementor-element-539a6130 elementor-section-height-min-height elementor-section-stretched elementor-section-boxed elementor-section-height-default elementor-section-items-middle\" data-id=\"539a6130\" data-element_type=\"section\" data-e-type=\"section\" data-settings=\"{&quot;stretch_section&quot;:&quot;section-stretched&quot;,&quot;background_background&quot;:&quot;classic&quot;}\">\n\t\t\t\t\t\t\t<div class=\"elementor-background-overlay\"><\/div>\n\t\t\t\t\t\t\t<div class=\"elementor-container elementor-column-gap-default\">\n\t\t\t\t\t<div class=\"elementor-column elementor-col-100 elementor-top-column elementor-element elementor-element-acd6310\" data-id=\"acd6310\" data-element_type=\"column\" data-e-type=\"column\">\n\t\t\t<div class=\"elementor-widget-wrap elementor-element-populated\">\n\t\t\t\t\t\t<div class=\"elementor-element elementor-element-7fb29155 animated-slow elementor-invisible elementor-widget elementor-widget-heading\" data-id=\"7fb29155\" data-element_type=\"widget\" data-e-type=\"widget\" data-settings=\"{&quot;_animation&quot;:&quot;zoomIn&quot;}\" data-widget_type=\"heading.default\">\n\t\t\t\t<div class=\"elementor-widget-container\">\n\t\t\t\t\t<h1 class=\"elementor-heading-title elementor-size-default\">K\u00fcnstler in Villarlong<\/h1>\t\t\t\t<\/div>\n\t\t\t\t<\/div>\n\t\t\t\t<div class=\"elementor-element elementor-element-35669638 animated-slow elementor-widget-divider--view-line elementor-invisible elementor-widget elementor-widget-divider\" data-id=\"35669638\" data-element_type=\"widget\" data-e-type=\"widget\" data-settings=\"{&quot;_animation&quot;:&quot;fadeIn&quot;,&quot;_animation_delay&quot;:500}\" data-widget_type=\"divider.default\">\n\t\t\t\t<div class=\"elementor-widget-container\">\n\t\t\t\t\t\t\t<div class=\"elementor-divider\">\n\t\t\t<span class=\"elementor-divider-separator\">\n\t\t\t\t\t\t<\/span>\n\t\t<\/div>\n\t\t\t\t\t\t<\/div>\n\t\t\t\t<\/div>\n\t\t\t\t<div class=\"elementor-element elementor-element-8bc4d31 elementor-widget elementor-widget-text-editor\" data-id=\"8bc4d31\" data-element_type=\"widget\" data-e-type=\"widget\" data-widget_type=\"text-editor.default\">\n\t\t\t\t<div class=\"elementor-widget-container\">\n\t\t\t\t\t\t\t\t\t<p style=\"text-align: center;\">Als langj\u00e4hrige Kunstsammler haben sich die Eigent\u00fcmer an ihre Lieblingsk\u00fcnstler in Frankreich und Deutschland gewandt, um eine Sammlung von Werken zusammenzustellen, die von Licht, Farbe, Natur, Textur und manchmal auch Illusion inspiriert sind. Der rote Faden dieser Ausstellung ist die starke Pers\u00f6nlichkeit jedes K\u00fcnstlers, mit entwickelten und definierten Stilen, mit Jahren, die er damit verbracht hat, seine Kunst zu n\u00e4hren und die Welt aus einem anderen und oft anregenden Blickwinkel zu betrachten.<\/p>\t\t\t\t\t\t\t\t<\/div>\n\t\t\t\t<\/div>\n\t\t\t\t<div class=\"elementor-element elementor-element-6c8a0a5c elementor-widget elementor-widget-text-editor\" data-id=\"6c8a0a5c\" data-element_type=\"widget\" data-e-type=\"widget\" data-widget_type=\"text-editor.default\">\n\t\t\t\t<div class=\"elementor-widget-container\">\n\t\t\t\t\t\t\t\t\t<p style=\"text-align: center;\">Die Werke werden in den verschiedenen Wohnungen des Schlosses ausgestellt &amp; stehen zum Verkauf.<\/p>\t\t\t\t\t\t\t\t<\/div>\n\t\t\t\t<\/div>\n\t\t\t\t\t<\/div>\n\t\t<\/div>\n\t\t\t\t\t<\/div>\n\t\t<\/section>\n\t\t\t\t<section class=\"elementor-section elementor-top-section elementor-element elementor-element-244b7981 elementor-section-stretched elementor-section-boxed elementor-section-height-default elementor-section-height-default\" data-id=\"244b7981\" data-element_type=\"section\" data-e-type=\"section\" data-settings=\"{&quot;stretch_section&quot;:&quot;section-stretched&quot;,&quot;background_background&quot;:&quot;classic&quot;}\">\n\t\t\t\t\t\t<div class=\"elementor-container elementor-column-gap-default\">\n\t\t\t\t\t<div class=\"elementor-column elementor-col-100 elementor-top-column elementor-element elementor-element-f08119c elementor-invisible\" data-id=\"f08119c\" data-element_type=\"column\" data-e-type=\"column\" data-settings=\"{&quot;animation&quot;:&quot;fadeIn&quot;}\">\n\t\t\t<div class=\"elementor-widget-wrap elementor-element-populated\">\n\t\t\t\t\t\t<div class=\"elementor-element elementor-element-62fecfb5 elementor-widget elementor-widget-image\" data-id=\"62fecfb5\" data-element_type=\"widget\" data-e-type=\"widget\" data-widget_type=\"image.default\">\n\t\t\t\t<div class=\"elementor-widget-container\">\n\t\t\t\t\t\t\t\t\t\t\t\t\t\t\t<img fetchpriority=\"high\" decoding=\"async\" width=\"225\" height=\"225\" src=\"https:\/\/chateauvillarlong.com\/wp-content\/uploads\/2024\/01\/Alejandro.jpeg\" class=\"attachment-large size-large wp-image-2702\" alt=\"\" srcset=\"https:\/\/chateauvillarlong.com\/wp-content\/uploads\/2024\/01\/Alejandro.jpeg 225w, https:\/\/chateauvillarlong.com\/wp-content\/uploads\/2024\/01\/Alejandro-150x150.jpeg 150w, https:\/\/chateauvillarlong.com\/wp-content\/uploads\/2024\/01\/Alejandro-12x12.jpeg 12w, https:\/\/chateauvillarlong.com\/wp-content\/uploads\/2024\/01\/Alejandro-85x85.jpeg 85w, https:\/\/chateauvillarlong.com\/wp-content\/uploads\/2024\/01\/Alejandro-100x100.jpeg 100w\" sizes=\"(max-width: 225px) 100vw, 225px\" \/>\t\t\t\t\t\t\t\t\t\t\t\t\t\t\t<\/div>\n\t\t\t\t<\/div>\n\t\t\t\t<div class=\"elementor-element elementor-element-a93b637 animated-slow elementor-invisible elementor-widget elementor-widget-heading\" data-id=\"a93b637\" data-element_type=\"widget\" data-e-type=\"widget\" data-settings=\"{&quot;_animation&quot;:&quot;zoomIn&quot;}\" data-widget_type=\"heading.default\">\n\t\t\t\t<div class=\"elementor-widget-container\">\n\t\t\t\t\t<h1 class=\"elementor-heading-title elementor-size-default\">Alejandro Rodriguez Sardi\u00f1as<\/h1>\t\t\t\t<\/div>\n\t\t\t\t<\/div>\n\t\t\t\t<div class=\"elementor-element elementor-element-5e5ce1a0 elementor-widget elementor-widget-text-editor\" data-id=\"5e5ce1a0\" data-element_type=\"widget\" data-e-type=\"widget\" data-widget_type=\"text-editor.default\">\n\t\t\t\t<div class=\"elementor-widget-container\">\n\t\t\t\t\t\t\t\t\t<div class=\"elementor-element elementor-element-8c78aad elementor-widget elementor-widget-text-editor\" data-id=\"8c78aad\" data-element_type=\"widget\" data-settings=\"{&quot;hoteller_ext_link_sidemenu&quot;:&quot;false&quot;,&quot;hoteller_ext_link_fullmenu&quot;:&quot;false&quot;,&quot;hoteller_ext_is_scrollme&quot;:&quot;false&quot;,&quot;hoteller_ext_is_smoove&quot;:&quot;false&quot;,&quot;hoteller_ext_is_parallax_mouse&quot;:&quot;false&quot;,&quot;hoteller_ext_is_infinite&quot;:&quot;false&quot;,&quot;hoteller_ext_is_fadeout_animation&quot;:&quot;false&quot;}\" data-widget_type=\"text-editor.default\"><div class=\"elementor-widget-container\"><p class=\"translation-block\">ist ein K\u00fcnstler, der 1992 an der Kunstakademie von San Alejandro studiert hat und uns eine einzigartige Behandlung von imagin\u00e4ren Landschaften bietet.<\/p><p class=\"translation-block\">Kuba und Guyana, wo er mehrere Jahre gelebt hat, sind seine wichtigsten Inspirationsquellen, was zu Werken von sehr gro\u00dfer Kraft f\u00fchrt. Die Natur ist in seinen \u00fcppigen Fantasielandschaften allgegenw\u00e4rtig. Seine Gem\u00e4lde \u00fcberraschen uns mit ihrer Tiefe und Perspektive und kombinieren lebhafte Farbkontraste mit einer Technik. sehr pers\u00f6nlichen Technik, die letztlich die Illusion erzeugt, dass es sich um Landschaftsfotografien handelt.<\/p><p class=\"translation-block\">Seine Collagen unterstreichen das \u00dcbergreifen der\nmodernen Welt auf die Natur, die sich allm\u00e4hlich ihre Rechte zur\u00fcckerobert. Anstatt die Bilder zu beschreiben, ist es vielleicht besser, die Emotionen hervorzuheben, die sie hervorgerufen haben...\n\"Wir sind wie ein Vogel, der das Gel\u00e4nde vom Himmel aus entdeckt\".<\/p><\/div><\/div>\t\t\t\t\t\t\t\t<\/div>\n\t\t\t\t<\/div>\n\t\t\t\t<div class=\"elementor-element elementor-element-7a50dc56 elementor-align-center elementor-widget elementor-widget-button\" data-id=\"7a50dc56\" data-element_type=\"widget\" data-e-type=\"widget\" data-widget_type=\"button.default\">\n\t\t\t\t<div class=\"elementor-widget-container\">\n\t\t\t\t\t\t\t\t\t<div class=\"elementor-button-wrapper\">\n\t\t\t\t\t<a class=\"elementor-button elementor-button-link elementor-size-md\" href=\"https:\/\/chateauvillarlong.com\/de\/paintings\/#sardinas\">\n\t\t\t\t\t\t<span class=\"elementor-button-content-wrapper\">\n\t\t\t\t\t\t\t\t\t<span class=\"elementor-button-text\">Seine Werke anzeigen<\/span>\n\t\t\t\t\t<\/span>\n\t\t\t\t\t<\/a>\n\t\t\t\t<\/div>\n\t\t\t\t\t\t\t\t<\/div>\n\t\t\t\t<\/div>\n\t\t\t\t\t<\/div>\n\t\t<\/div>\n\t\t\t\t\t<\/div>\n\t\t<\/section>\n\t\t\t\t<section class=\"elementor-section elementor-top-section elementor-element elementor-element-7cfcc06b elementor-section-stretched elementor-section-boxed elementor-section-height-default elementor-section-height-default\" data-id=\"7cfcc06b\" data-element_type=\"section\" data-e-type=\"section\" data-settings=\"{&quot;stretch_section&quot;:&quot;section-stretched&quot;,&quot;background_background&quot;:&quot;classic&quot;}\">\n\t\t\t\t\t\t<div class=\"elementor-container elementor-column-gap-default\">\n\t\t\t\t\t<div class=\"elementor-column elementor-col-100 elementor-top-column elementor-element elementor-element-68924adc elementor-invisible\" data-id=\"68924adc\" data-element_type=\"column\" data-e-type=\"column\" data-settings=\"{&quot;animation&quot;:&quot;fadeInDown&quot;}\">\n\t\t\t<div class=\"elementor-widget-wrap elementor-element-populated\">\n\t\t\t\t\t\t<div class=\"elementor-element elementor-element-404d2efc elementor-widget elementor-widget-image\" data-id=\"404d2efc\" data-element_type=\"widget\" data-e-type=\"widget\" data-widget_type=\"image.default\">\n\t\t\t\t<div class=\"elementor-widget-container\">\n\t\t\t\t\t\t\t\t\t\t\t\t\t\t\t<img decoding=\"async\" width=\"225\" height=\"225\" src=\"https:\/\/chateauvillarlong.com\/wp-content\/uploads\/2024\/01\/anacid.jpeg\" class=\"attachment-large size-large wp-image-2701\" alt=\"\" srcset=\"https:\/\/chateauvillarlong.com\/wp-content\/uploads\/2024\/01\/anacid.jpeg 225w, https:\/\/chateauvillarlong.com\/wp-content\/uploads\/2024\/01\/anacid-150x150.jpeg 150w, https:\/\/chateauvillarlong.com\/wp-content\/uploads\/2024\/01\/anacid-12x12.jpeg 12w, https:\/\/chateauvillarlong.com\/wp-content\/uploads\/2024\/01\/anacid-85x85.jpeg 85w, https:\/\/chateauvillarlong.com\/wp-content\/uploads\/2024\/01\/anacid-100x100.jpeg 100w\" sizes=\"(max-width: 225px) 100vw, 225px\" \/>\t\t\t\t\t\t\t\t\t\t\t\t\t\t\t<\/div>\n\t\t\t\t<\/div>\n\t\t\t\t<div class=\"elementor-element elementor-element-43883f21 animated-slow elementor-invisible elementor-widget elementor-widget-heading\" data-id=\"43883f21\" data-element_type=\"widget\" data-e-type=\"widget\" data-settings=\"{&quot;_animation&quot;:&quot;zoomIn&quot;}\" data-widget_type=\"heading.default\">\n\t\t\t\t<div class=\"elementor-widget-container\">\n\t\t\t\t\t<h1 class=\"elementor-heading-title elementor-size-default\">Ana Cid<\/h1>\t\t\t\t<\/div>\n\t\t\t\t<\/div>\n\t\t\t\t<div class=\"elementor-element elementor-element-7a771167 elementor-widget elementor-widget-text-editor\" data-id=\"7a771167\" data-element_type=\"widget\" data-e-type=\"widget\" data-widget_type=\"text-editor.default\">\n\t\t\t\t<div class=\"elementor-widget-container\">\n\t\t\t\t\t\t\t\t\t<div class=\"elementor-element elementor-element-ea4e97e elementor-widget elementor-widget-text-editor\" data-id=\"ea4e97e\" data-element_type=\"widget\" data-settings=\"{&quot;hoteller_ext_link_sidemenu&quot;:&quot;false&quot;,&quot;hoteller_ext_link_fullmenu&quot;:&quot;false&quot;,&quot;hoteller_ext_is_scrollme&quot;:&quot;false&quot;,&quot;hoteller_ext_is_smoove&quot;:&quot;false&quot;,&quot;hoteller_ext_is_parallax_mouse&quot;:&quot;false&quot;,&quot;hoteller_ext_is_infinite&quot;:&quot;false&quot;,&quot;hoteller_ext_is_fadeout_animation&quot;:&quot;false&quot;}\" data-widget_type=\"text-editor.default\"><div class=\"elementor-widget-container\"><p class=\"translation-block\">Ana ist eine multidisziplin\u00e4re K\u00fcnstlerin mit umfangreicher Erfahrung in Radiertechniken wie Radierung, Aquatinta, Kaltnadel, Carborundum und Fondinos.1970 in Madrid geboren, begann Ana ihre k\u00fcnstlerische Ausbildung an der Universit\u00e4t der Sch\u00f6nen K\u00fcnste in Madrid.<\/p><p class=\"translation-block\">Sie absolvierte eine zweij\u00e4hrige Ausbildung an der \"The School of Visual Arts\" in New York und machte ihren Abschluss an der \"Universitat de Belles Arts\" in Barcelona, wo sie heute lebt und ihre k\u00fcnstlerische Arbeit im Reial Cercle Artistic de Barcelona fortsetzt. Nachdem sie an einer wissenschaftlichen Konferenz des Biomedizinischen Forschungsparks in Barcelona \u00fcber den Transport von Proteinen in\nim Inneren von Zellen besucht hatte, war sie von der Idee fasziniert, biologische Bilder als Kunst neu zu interpretieren.<\/p><p class=\"translation-block\">In Zusammenarbeit mit dem EU-Projekt 4DCellFate erforschte Ana die Welt der Stammzellen - einige davon wurden auf einem internationalen Symposium vorgestellt - sowie ihre fr\u00fcheren Arbeiten \u00fcber Golgi-Komplexe, Goblet-Zellen, Mitochondrien, Viren und Neuronen. Seine Radierungen wurden in verschiedenen Galerien in Spanien, Frankreich und England ausgestellt und verkauft. Weitere Radierungen finden Sie unter www.acid-factory.com.\nIn vielen von Anas Gem\u00e4lden wird die Perspektive erforscht.<\/p><p class=\"translation-block\">Perspektive als interner Prozess der\nNeuinterpretation und Neubetrachtung der Realit\u00e4t im Gegensatz zu den unver\u00e4nderten Menschen fr\u00fcherer Zeiten?<\/p><\/div><\/div>\t\t\t\t\t\t\t\t<\/div>\n\t\t\t\t<\/div>\n\t\t\t\t<div class=\"elementor-element elementor-element-7e35586f elementor-align-center elementor-widget elementor-widget-button\" data-id=\"7e35586f\" data-element_type=\"widget\" data-e-type=\"widget\" data-widget_type=\"button.default\">\n\t\t\t\t<div class=\"elementor-widget-container\">\n\t\t\t\t\t\t\t\t\t<div class=\"elementor-button-wrapper\">\n\t\t\t\t\t<a class=\"elementor-button elementor-button-link elementor-size-md\" href=\"#\">\n\t\t\t\t\t\t<span class=\"elementor-button-content-wrapper\">\n\t\t\t\t\t\t\t\t\t<span class=\"elementor-button-text\">Seine Werke anzeigen<\/span>\n\t\t\t\t\t<\/span>\n\t\t\t\t\t<\/a>\n\t\t\t\t<\/div>\n\t\t\t\t\t\t\t\t<\/div>\n\t\t\t\t<\/div>\n\t\t\t\t\t<\/div>\n\t\t<\/div>\n\t\t\t\t\t<\/div>\n\t\t<\/section>\n\t\t\t\t<section class=\"elementor-section elementor-top-section elementor-element elementor-element-4a224aeb elementor-section-stretched elementor-section-boxed elementor-section-height-default elementor-section-height-default\" data-id=\"4a224aeb\" data-element_type=\"section\" data-e-type=\"section\" data-settings=\"{&quot;stretch_section&quot;:&quot;section-stretched&quot;,&quot;background_background&quot;:&quot;classic&quot;}\">\n\t\t\t\t\t\t<div class=\"elementor-container elementor-column-gap-default\">\n\t\t\t\t\t<div class=\"elementor-column elementor-col-100 elementor-top-column elementor-element elementor-element-1de897a6 elementor-invisible\" data-id=\"1de897a6\" data-element_type=\"column\" data-e-type=\"column\" data-settings=\"{&quot;animation&quot;:&quot;fadeInUp&quot;}\">\n\t\t\t<div class=\"elementor-widget-wrap elementor-element-populated\">\n\t\t\t\t\t\t<div class=\"elementor-element elementor-element-7b6a79d9 elementor-widget elementor-widget-image\" data-id=\"7b6a79d9\" data-element_type=\"widget\" data-e-type=\"widget\" data-widget_type=\"image.default\">\n\t\t\t\t<div class=\"elementor-widget-container\">\n\t\t\t\t\t\t\t\t\t\t\t\t\t\t\t<img decoding=\"async\" width=\"225\" height=\"225\" src=\"https:\/\/chateauvillarlong.com\/wp-content\/uploads\/2024\/01\/Zapp.jpeg\" class=\"attachment-large size-large wp-image-2713\" alt=\"\" srcset=\"https:\/\/chateauvillarlong.com\/wp-content\/uploads\/2024\/01\/Zapp.jpeg 225w, https:\/\/chateauvillarlong.com\/wp-content\/uploads\/2024\/01\/Zapp-150x150.jpeg 150w, https:\/\/chateauvillarlong.com\/wp-content\/uploads\/2024\/01\/Zapp-12x12.jpeg 12w, https:\/\/chateauvillarlong.com\/wp-content\/uploads\/2024\/01\/Zapp-85x85.jpeg 85w, https:\/\/chateauvillarlong.com\/wp-content\/uploads\/2024\/01\/Zapp-100x100.jpeg 100w\" sizes=\"(max-width: 225px) 100vw, 225px\" \/>\t\t\t\t\t\t\t\t\t\t\t\t\t\t\t<\/div>\n\t\t\t\t<\/div>\n\t\t\t\t<div class=\"elementor-element elementor-element-63fe07d2 animated-slow elementor-invisible elementor-widget elementor-widget-heading\" data-id=\"63fe07d2\" data-element_type=\"widget\" data-e-type=\"widget\" data-settings=\"{&quot;_animation&quot;:&quot;zoomIn&quot;}\" data-widget_type=\"heading.default\">\n\t\t\t\t<div class=\"elementor-widget-container\">\n\t\t\t\t\t<h1 class=\"elementor-heading-title elementor-size-default\">Bettina Zapp<\/h1>\t\t\t\t<\/div>\n\t\t\t\t<\/div>\n\t\t\t\t<div class=\"elementor-element elementor-element-1808f3db elementor-widget elementor-widget-text-editor\" data-id=\"1808f3db\" data-element_type=\"widget\" data-e-type=\"widget\" data-widget_type=\"text-editor.default\">\n\t\t\t\t<div class=\"elementor-widget-container\">\n\t\t\t\t\t\t\t\t\t<div class=\"elementor-element elementor-element-0928d79 elementor-widget elementor-widget-text-editor\" data-id=\"0928d79\" data-element_type=\"widget\" data-settings=\"{&quot;hoteller_ext_link_sidemenu&quot;:&quot;false&quot;,&quot;hoteller_ext_link_fullmenu&quot;:&quot;false&quot;,&quot;hoteller_ext_is_scrollme&quot;:&quot;false&quot;,&quot;hoteller_ext_is_smoove&quot;:&quot;false&quot;,&quot;hoteller_ext_is_parallax_mouse&quot;:&quot;false&quot;,&quot;hoteller_ext_is_infinite&quot;:&quot;false&quot;,&quot;hoteller_ext_is_fadeout_animation&quot;:&quot;false&quot;}\" data-widget_type=\"text-editor.default\"><div class=\"elementor-widget-container\"><p class=\"translation-block\">F\u00fcr Bettina Zapp (1960 in Goppingem, Deutschland, geboren) ist Kunst nicht nur ein Spiegelbild der Realit\u00e4t, sondern sollte f\u00fcr sich selbst stehen. \"In meinen Bildern transformiere ich die scheinbare Realit\u00e4t und biete so die M\u00f6glichkeit, den Geist des Betrachters zu \u00f6ffnen.<\/p><p class=\"translation-block\">Die Werke von Willem de Kooning und Joan Mitchell sprechen mich am st\u00e4rksten an, vor allem die letzte Periode ihrer Karrieren, in der die Farben so frisch und direkt auf der Leinwand erscheinen, als w\u00e4ren sie erst gestern aufgetragen worden. Lebendigkeit, Farbenreichtum und geistige Freiheit sind f\u00fcr mich die wichtigsten Motive in meiner Malerei. Keine starren Formeln!<\/p><p class=\"translation-block\">Farbmaler entwickeln komplexe Beziehungen, denn Farbe ist Interaktion. Die Farbwahl muss ein Gleichgewicht bilden, aus dem das Bild von selbst hervorgeht. Je mehr ein Bild in seiner Komposition und seinem Inhalt von seinen Farben abh\u00e4ngt, desto emotionaler wird das Werk. Die Verwendung von Farbe ist sinnlich, k\u00f6rperlich und selbstreflektierend.\nMeiner Meinung nach muss das Bild etwas zur\u00fcckgeben\netwas f\u00fcr die Aufmerksamkeit zur\u00fcckgeben, die ich, der K\u00fcnstler, und Sie, der Betrachter, ihm widmen - wie ein Gespr\u00e4ch mit einem\neinem nahestehenden Menschen: einem Dialog.<\/p><\/div><\/div>\t\t\t\t\t\t\t\t<\/div>\n\t\t\t\t<\/div>\n\t\t\t\t<div class=\"elementor-element elementor-element-5f9119b9 elementor-align-center elementor-widget elementor-widget-button\" data-id=\"5f9119b9\" data-element_type=\"widget\" data-e-type=\"widget\" data-widget_type=\"button.default\">\n\t\t\t\t<div class=\"elementor-widget-container\">\n\t\t\t\t\t\t\t\t\t<div class=\"elementor-button-wrapper\">\n\t\t\t\t\t<a class=\"elementor-button elementor-button-link elementor-size-md\" href=\"https:\/\/chateauvillarlong.com\/de\/paintings\/#zapp\">\n\t\t\t\t\t\t<span class=\"elementor-button-content-wrapper\">\n\t\t\t\t\t\t\t\t\t<span class=\"elementor-button-text\">Seine Werke anzeigen<\/span>\n\t\t\t\t\t<\/span>\n\t\t\t\t\t<\/a>\n\t\t\t\t<\/div>\n\t\t\t\t\t\t\t\t<\/div>\n\t\t\t\t<\/div>\n\t\t\t\t\t<\/div>\n\t\t<\/div>\n\t\t\t\t\t<\/div>\n\t\t<\/section>\n\t\t\t\t<section class=\"elementor-section elementor-top-section elementor-element elementor-element-4878585d elementor-section-stretched elementor-section-boxed elementor-section-height-default elementor-section-height-default\" data-id=\"4878585d\" data-element_type=\"section\" data-e-type=\"section\" data-settings=\"{&quot;stretch_section&quot;:&quot;section-stretched&quot;,&quot;background_background&quot;:&quot;classic&quot;}\">\n\t\t\t\t\t\t<div class=\"elementor-container elementor-column-gap-default\">\n\t\t\t\t\t<div class=\"elementor-column elementor-col-100 elementor-top-column elementor-element elementor-element-59057f76 elementor-invisible\" data-id=\"59057f76\" data-element_type=\"column\" data-e-type=\"column\" data-settings=\"{&quot;animation&quot;:&quot;fadeInDown&quot;}\">\n\t\t\t<div class=\"elementor-widget-wrap elementor-element-populated\">\n\t\t\t\t\t\t<div class=\"elementor-element elementor-element-4ce3aeef elementor-widget elementor-widget-image\" data-id=\"4ce3aeef\" data-element_type=\"widget\" data-e-type=\"widget\" data-widget_type=\"image.default\">\n\t\t\t\t<div class=\"elementor-widget-container\">\n\t\t\t\t\t\t\t\t\t\t\t\t\t\t\t<img loading=\"lazy\" decoding=\"async\" width=\"225\" height=\"225\" src=\"https:\/\/chateauvillarlong.com\/wp-content\/uploads\/2024\/01\/Pruchnow.jpeg\" class=\"attachment-large size-large wp-image-2714\" alt=\"\" srcset=\"https:\/\/chateauvillarlong.com\/wp-content\/uploads\/2024\/01\/Pruchnow.jpeg 225w, https:\/\/chateauvillarlong.com\/wp-content\/uploads\/2024\/01\/Pruchnow-150x150.jpeg 150w, https:\/\/chateauvillarlong.com\/wp-content\/uploads\/2024\/01\/Pruchnow-12x12.jpeg 12w, https:\/\/chateauvillarlong.com\/wp-content\/uploads\/2024\/01\/Pruchnow-85x85.jpeg 85w, https:\/\/chateauvillarlong.com\/wp-content\/uploads\/2024\/01\/Pruchnow-100x100.jpeg 100w\" sizes=\"(max-width: 225px) 100vw, 225px\" \/>\t\t\t\t\t\t\t\t\t\t\t\t\t\t\t<\/div>\n\t\t\t\t<\/div>\n\t\t\t\t<div class=\"elementor-element elementor-element-729f10fe animated-slow elementor-invisible elementor-widget elementor-widget-heading\" data-id=\"729f10fe\" data-element_type=\"widget\" data-e-type=\"widget\" data-settings=\"{&quot;_animation&quot;:&quot;zoomIn&quot;}\" data-widget_type=\"heading.default\">\n\t\t\t\t<div class=\"elementor-widget-container\">\n\t\t\t\t\t<h1 class=\"elementor-heading-title elementor-size-default\">Brigitte Yoshiko Pruchnow<\/h1>\t\t\t\t<\/div>\n\t\t\t\t<\/div>\n\t\t\t\t<div class=\"elementor-element elementor-element-272a2e32 elementor-widget elementor-widget-text-editor\" data-id=\"272a2e32\" data-element_type=\"widget\" data-e-type=\"widget\" data-widget_type=\"text-editor.default\">\n\t\t\t\t<div class=\"elementor-widget-container\">\n\t\t\t\t\t\t\t\t\t<div class=\"elementor-element elementor-element-386411a elementor-widget elementor-widget-text-editor\" data-id=\"386411a\" data-element_type=\"widget\" data-settings=\"{&quot;hoteller_ext_link_sidemenu&quot;:&quot;false&quot;,&quot;hoteller_ext_link_fullmenu&quot;:&quot;false&quot;,&quot;hoteller_ext_is_scrollme&quot;:&quot;false&quot;,&quot;hoteller_ext_is_smoove&quot;:&quot;false&quot;,&quot;hoteller_ext_is_parallax_mouse&quot;:&quot;false&quot;,&quot;hoteller_ext_is_infinite&quot;:&quot;false&quot;,&quot;hoteller_ext_is_fadeout_animation&quot;:&quot;false&quot;}\" data-widget_type=\"text-editor.default\"><div class=\"elementor-widget-container\"><p class=\"translation-block\">Brigitte Yoshiko Pruchnow ist eine deutsch-japanische K\u00fcnstlerin, die ihre Inspiration sowohl im modernen westlichen Realismus als auch in der Tuschemalerei oder in traditionellen japanischen Holzschnitten findet. Sie lebt und arbeitet in M\u00fcnchen, Deutschland.<\/p><p class=\"translation-block\">Sie hat einen Master in Japanologie, Philosophie und Kunstgeschichte und ein Diplom der M\u00fcnchner Filmakademie. Ihre Werke wurden in ganz Europa, aber auch in den USA, S\u00fcdkorea und Japan in Kunstgalerien und Kunstmessen ausgestellt. Der zun\u00e4chst fotorealistisch anmutende Eindruck von Licht auf verschiedenen Oberfl\u00e4chen l\u00f6st sich bei genauer Betrachtung in reine malerische Strukturen auf.<\/p><p class=\"translation-block\">Sie interessiert sich besonders f\u00fcr das Ph\u00e4nomen des Trompe-l'\u0153il, das seit der Barockzeit eine Tradition hat. Neben dem Spiel mit der Materialit\u00e4t stellt sie sich die Frage, wie wir die Welt um uns herum wahrnehmen und konstituieren und wie\nwie man durch die Anwendung bestimmter gestalterischer Mittel die Illusion eines realistischen Motivs erreichen kann. Nur durch Reflexion wird das Licht in unserer Umgebung sichtbar, und gleichzeitig betrachtet die K\u00fcnstlerin das in ihren Werken dargestellte Licht als Allegorie f\u00fcr ein inneres Strahlen.<\/p><p class=\"translation-block\">You can see in the choice of her perspectives and croppings the influence of her training as a filmmaker as well as in the decision to paint fleeting moments of movement<\/p><\/div><\/div>\t\t\t\t\t\t\t\t<\/div>\n\t\t\t\t<\/div>\n\t\t\t\t<div class=\"elementor-element elementor-element-7fef6113 elementor-align-center elementor-widget elementor-widget-button\" data-id=\"7fef6113\" data-element_type=\"widget\" data-e-type=\"widget\" data-widget_type=\"button.default\">\n\t\t\t\t<div class=\"elementor-widget-container\">\n\t\t\t\t\t\t\t\t\t<div class=\"elementor-button-wrapper\">\n\t\t\t\t\t<a class=\"elementor-button elementor-button-link elementor-size-md\" href=\"https:\/\/chateauvillarlong.com\/de\/paintings\/#pruchnow\">\n\t\t\t\t\t\t<span class=\"elementor-button-content-wrapper\">\n\t\t\t\t\t\t\t\t\t<span class=\"elementor-button-text\">Seine Werke anzeigen<\/span>\n\t\t\t\t\t<\/span>\n\t\t\t\t\t<\/a>\n\t\t\t\t<\/div>\n\t\t\t\t\t\t\t\t<\/div>\n\t\t\t\t<\/div>\n\t\t\t\t\t<\/div>\n\t\t<\/div>\n\t\t\t\t\t<\/div>\n\t\t<\/section>\n\t\t\t\t<section class=\"elementor-section elementor-top-section elementor-element elementor-element-77c8329f elementor-section-stretched elementor-section-boxed elementor-section-height-default elementor-section-height-default\" data-id=\"77c8329f\" data-element_type=\"section\" data-e-type=\"section\" data-settings=\"{&quot;stretch_section&quot;:&quot;section-stretched&quot;,&quot;background_background&quot;:&quot;classic&quot;}\">\n\t\t\t\t\t\t<div class=\"elementor-container elementor-column-gap-default\">\n\t\t\t\t\t<div class=\"elementor-column elementor-col-100 elementor-top-column elementor-element elementor-element-1d35fb17 elementor-invisible\" data-id=\"1d35fb17\" data-element_type=\"column\" data-e-type=\"column\" data-settings=\"{&quot;animation&quot;:&quot;fadeInUp&quot;}\">\n\t\t\t<div class=\"elementor-widget-wrap elementor-element-populated\">\n\t\t\t\t\t\t<div class=\"elementor-element elementor-element-5cc52a66 elementor-widget elementor-widget-image\" data-id=\"5cc52a66\" data-element_type=\"widget\" data-e-type=\"widget\" data-widget_type=\"image.default\">\n\t\t\t\t<div class=\"elementor-widget-container\">\n\t\t\t\t\t\t\t\t\t\t\t\t\t\t\t<img loading=\"lazy\" decoding=\"async\" width=\"225\" height=\"225\" src=\"https:\/\/chateauvillarlong.com\/wp-content\/uploads\/2024\/01\/Lume.jpeg\" class=\"attachment-large size-large wp-image-2715\" alt=\"\" srcset=\"https:\/\/chateauvillarlong.com\/wp-content\/uploads\/2024\/01\/Lume.jpeg 225w, https:\/\/chateauvillarlong.com\/wp-content\/uploads\/2024\/01\/Lume-150x150.jpeg 150w, https:\/\/chateauvillarlong.com\/wp-content\/uploads\/2024\/01\/Lume-12x12.jpeg 12w, https:\/\/chateauvillarlong.com\/wp-content\/uploads\/2024\/01\/Lume-85x85.jpeg 85w, https:\/\/chateauvillarlong.com\/wp-content\/uploads\/2024\/01\/Lume-100x100.jpeg 100w\" sizes=\"(max-width: 225px) 100vw, 225px\" \/>\t\t\t\t\t\t\t\t\t\t\t\t\t\t\t<\/div>\n\t\t\t\t<\/div>\n\t\t\t\t<div class=\"elementor-element elementor-element-7abe923e animated-slow elementor-invisible elementor-widget elementor-widget-heading\" data-id=\"7abe923e\" data-element_type=\"widget\" data-e-type=\"widget\" data-settings=\"{&quot;_animation&quot;:&quot;zoomIn&quot;}\" data-widget_type=\"heading.default\">\n\t\t\t\t<div class=\"elementor-widget-container\">\n\t\t\t\t\t<h1 class=\"elementor-heading-title elementor-size-default\">Lume<\/h1>\t\t\t\t<\/div>\n\t\t\t\t<\/div>\n\t\t\t\t<div class=\"elementor-element elementor-element-48f39e14 elementor-widget elementor-widget-text-editor\" data-id=\"48f39e14\" data-element_type=\"widget\" data-e-type=\"widget\" data-widget_type=\"text-editor.default\">\n\t\t\t\t<div class=\"elementor-widget-container\">\n\t\t\t\t\t\t\t\t\t<div class=\"elementor-element elementor-element-06669c0 elementor-widget elementor-widget-text-editor\" data-id=\"06669c0\" data-element_type=\"widget\" data-settings=\"{&quot;hoteller_ext_link_sidemenu&quot;:&quot;false&quot;,&quot;hoteller_ext_link_fullmenu&quot;:&quot;false&quot;,&quot;hoteller_ext_is_scrollme&quot;:&quot;false&quot;,&quot;hoteller_ext_is_smoove&quot;:&quot;false&quot;,&quot;hoteller_ext_is_parallax_mouse&quot;:&quot;false&quot;,&quot;hoteller_ext_is_infinite&quot;:&quot;false&quot;,&quot;hoteller_ext_is_fadeout_animation&quot;:&quot;false&quot;}\" data-widget_type=\"text-editor.default\"><div class=\"elementor-widget-container\"><p class=\"translation-block\">Lume (Ludivine Lapasset) wurde 1979 in Bandol, Frankreich, geboren und studierte drei Jahre lang an der Ecole sup\u00e9rieure des Beaux Arts de Toulon - DNAP. Im Jahr 2001 zog sie nach Barcelona, um ihr Studium an der Universitat de Belles Arts de Barcelona bis 2008 abzuschlie\u00dfen, wo sie ihre Liebe zur Farbe entdeckte.<\/p><p class=\"translation-block\">LUME entwickelt hier mit einem eigenen Glanz die Rolle der Farbe. Beeinflusst von der Auffassung des Chromatismus, die Michel Pastoureau vertritt, versucht LUME, in ihren Gem\u00e4lden die Bedeutung der Farbe f\u00fcr die Wahrnehmung, das Verhalten und die Gef\u00fchle zu vermitteln. Auf dieser Grundlage gibt die K\u00fcnstlerin dem Chromatismus gegen\u00fcber der Form den Vorzug, in Gem\u00e4lden, die aus dem Willen heraus entstanden sind, die Frucht einer inneren Kontemplation ohne Worte oder Bilder weiterzugeben: sukzessive Schichten, stille Zeugen, die bewusst in der Weite des monochromen Feldes zur\u00fcckgelassen werden.<\/p><p class=\"translation-block\">Die Suche nach M\u00f6glichkeiten, Gedanken und Emotionen in den Augenblick zu \u00fcbersetzen, ein St\u00fcck Leben, eine Emotion zu materialisieren, ist eine der gr\u00f6\u00dften Herausforderungen f\u00fcr uns.\nEmotion, durch eine Form, eine Geste, eine Farbe (oder sogar eine Farbkombination), wird zu etwas Beruhigendem in unserem Willen zu existieren. \"Die Malerei und insbesondere die Farbe leiten mich in meinem Bestreben, meine Emotionen, meine \u00c4ngste und meine Zweifel zu entdecken, mit ihnen umzugehen und f\u00fcr die Dauer eines Bildes mit ihnen zusammenzuleben: Sie erm\u00f6glichen es mir, mich FREI zu f\u00fchlen\".<\/p><\/div><\/div>\t\t\t\t\t\t\t\t<\/div>\n\t\t\t\t<\/div>\n\t\t\t\t<div class=\"elementor-element elementor-element-35a11fe5 elementor-align-center elementor-widget elementor-widget-button\" data-id=\"35a11fe5\" data-element_type=\"widget\" data-e-type=\"widget\" data-widget_type=\"button.default\">\n\t\t\t\t<div class=\"elementor-widget-container\">\n\t\t\t\t\t\t\t\t\t<div class=\"elementor-button-wrapper\">\n\t\t\t\t\t<a class=\"elementor-button elementor-button-link elementor-size-md\" href=\"https:\/\/chateauvillarlong.com\/de\/paintings\/#lume\">\n\t\t\t\t\t\t<span class=\"elementor-button-content-wrapper\">\n\t\t\t\t\t\t\t\t\t<span class=\"elementor-button-text\">Seine Werke anzeigen<\/span>\n\t\t\t\t\t<\/span>\n\t\t\t\t\t<\/a>\n\t\t\t\t<\/div>\n\t\t\t\t\t\t\t\t<\/div>\n\t\t\t\t<\/div>\n\t\t\t\t\t<\/div>\n\t\t<\/div>\n\t\t\t\t\t<\/div>\n\t\t<\/section>\n\t\t\t\t<section class=\"elementor-section elementor-top-section elementor-element elementor-element-1dd7b367 elementor-section-stretched elementor-section-boxed elementor-section-height-default elementor-section-height-default\" data-id=\"1dd7b367\" data-element_type=\"section\" data-e-type=\"section\" data-settings=\"{&quot;stretch_section&quot;:&quot;section-stretched&quot;,&quot;background_background&quot;:&quot;classic&quot;}\">\n\t\t\t\t\t\t<div class=\"elementor-container elementor-column-gap-default\">\n\t\t\t\t\t<div class=\"elementor-column elementor-col-100 elementor-top-column elementor-element elementor-element-5cc475ee elementor-invisible\" data-id=\"5cc475ee\" data-element_type=\"column\" data-e-type=\"column\" data-settings=\"{&quot;animation&quot;:&quot;fadeInDown&quot;}\">\n\t\t\t<div class=\"elementor-widget-wrap elementor-element-populated\">\n\t\t\t\t\t\t<div class=\"elementor-element elementor-element-71541f23 elementor-widget elementor-widget-image\" data-id=\"71541f23\" data-element_type=\"widget\" data-e-type=\"widget\" data-widget_type=\"image.default\">\n\t\t\t\t<div class=\"elementor-widget-container\">\n\t\t\t\t\t\t\t\t\t\t\t\t\t\t\t<img loading=\"lazy\" decoding=\"async\" width=\"225\" height=\"225\" src=\"https:\/\/chateauvillarlong.com\/wp-content\/uploads\/2024\/01\/NadiaSchmidt.jpeg\" class=\"attachment-large size-large wp-image-2716\" alt=\"\" srcset=\"https:\/\/chateauvillarlong.com\/wp-content\/uploads\/2024\/01\/NadiaSchmidt.jpeg 225w, https:\/\/chateauvillarlong.com\/wp-content\/uploads\/2024\/01\/NadiaSchmidt-150x150.jpeg 150w, https:\/\/chateauvillarlong.com\/wp-content\/uploads\/2024\/01\/NadiaSchmidt-12x12.jpeg 12w, https:\/\/chateauvillarlong.com\/wp-content\/uploads\/2024\/01\/NadiaSchmidt-85x85.jpeg 85w, https:\/\/chateauvillarlong.com\/wp-content\/uploads\/2024\/01\/NadiaSchmidt-100x100.jpeg 100w\" sizes=\"(max-width: 225px) 100vw, 225px\" \/>\t\t\t\t\t\t\t\t\t\t\t\t\t\t\t<\/div>\n\t\t\t\t<\/div>\n\t\t\t\t<div class=\"elementor-element elementor-element-5abe7d01 animated-slow elementor-invisible elementor-widget elementor-widget-heading\" data-id=\"5abe7d01\" data-element_type=\"widget\" data-e-type=\"widget\" data-settings=\"{&quot;_animation&quot;:&quot;zoomIn&quot;}\" data-widget_type=\"heading.default\">\n\t\t\t\t<div class=\"elementor-widget-container\">\n\t\t\t\t\t<h1 class=\"elementor-heading-title elementor-size-default\">Nadia Schmidt<\/h1>\t\t\t\t<\/div>\n\t\t\t\t<\/div>\n\t\t\t\t<div class=\"elementor-element elementor-element-4111bb3c elementor-widget elementor-widget-text-editor\" data-id=\"4111bb3c\" data-element_type=\"widget\" data-e-type=\"widget\" data-widget_type=\"text-editor.default\">\n\t\t\t\t<div class=\"elementor-widget-container\">\n\t\t\t\t\t\t\t\t\t<div class=\"elementor-element elementor-element-3f0853b elementor-widget elementor-widget-text-editor\" data-id=\"3f0853b\" data-element_type=\"widget\" data-settings=\"{&quot;hoteller_ext_link_sidemenu&quot;:&quot;false&quot;,&quot;hoteller_ext_link_fullmenu&quot;:&quot;false&quot;,&quot;hoteller_ext_is_scrollme&quot;:&quot;false&quot;,&quot;hoteller_ext_is_smoove&quot;:&quot;false&quot;,&quot;hoteller_ext_is_parallax_mouse&quot;:&quot;false&quot;,&quot;hoteller_ext_is_infinite&quot;:&quot;false&quot;,&quot;hoteller_ext_is_fadeout_animation&quot;:&quot;false&quot;}\" data-widget_type=\"text-editor.default\"><div class=\"elementor-widget-container\"><p class=\"translation-block\">Nadia Schmidt wurde 1964 in Berlin geboren. Lebt und arbeitet seit 2003 in Frankreich und seit 2006 in Claviers im Departement Var. Autodidaktin mit einer K\u00fcnstlerin als Mutter (Inge Schmidt). Zeichnet seit ihrer Kindheit.<\/p><p class=\"translation-block\">Sie war Mitbegr\u00fcnderin eines Theaters in Berlin,\nrealisierte B\u00fchnenbilder und Installationen mit Figur. Sie ist au\u00dferdem Mitbegr\u00fcnderin und k\u00fcnstlerische Leiterin des multidisziplin\u00e4ren Projekts \"Labyrinth\" in Berlin, das gro\u00df angelegte Installationen und Performances produziert. Seit einigen Jahren widmet sie sich intensiv dem Malen und Zeichnen, wobei ihre Hauptinspirationsquelle die umliegende Natur ist. Einzel- und Gruppenausstellungen in Deutschland, Belgien und Frankreich, \u00f6ffentliche Ank\u00e4ufe.<\/p><p class=\"translation-block\">Nadia hantiert mit k\u00fcnstlerischen Mitteln, um aus dem Lichtspiel auf Zweigen und \u00c4sten, der gezackten Oberfl\u00e4che von St\u00e4mmen oder dem dichten Unterholz des Waldes ein \u00e4sthetisches Ereignis zu schaffen, das von Vitalit\u00e4t vibriert. Mit der k\u00fcnstlerischen Interpretation treten die Kategorien jeder illusionistischen Darstellung der Natur in den Hintergrund.<\/p><\/div><\/div>\t\t\t\t\t\t\t\t<\/div>\n\t\t\t\t<\/div>\n\t\t\t\t<div class=\"elementor-element elementor-element-66dd51ab elementor-align-center elementor-widget elementor-widget-button\" data-id=\"66dd51ab\" data-element_type=\"widget\" data-e-type=\"widget\" data-widget_type=\"button.default\">\n\t\t\t\t<div class=\"elementor-widget-container\">\n\t\t\t\t\t\t\t\t\t<div class=\"elementor-button-wrapper\">\n\t\t\t\t\t<a class=\"elementor-button elementor-button-link elementor-size-md\" href=\"https:\/\/chateauvillarlong.com\/de\/paintings\/#schmidt\">\n\t\t\t\t\t\t<span class=\"elementor-button-content-wrapper\">\n\t\t\t\t\t\t\t\t\t<span class=\"elementor-button-text\">Seine Werke anzeigen<\/span>\n\t\t\t\t\t<\/span>\n\t\t\t\t\t<\/a>\n\t\t\t\t<\/div>\n\t\t\t\t\t\t\t\t<\/div>\n\t\t\t\t<\/div>\n\t\t\t\t\t<\/div>\n\t\t<\/div>\n\t\t\t\t\t<\/div>\n\t\t<\/section>\n\t\t\t\t<\/div>","protected":false},"excerpt":{"rendered":"<p>Artists at Villarlong Art collectors for many years, the owners have called on their favourite artists in France and Germany to bring together a collection of works inspired by light, colour, nature, texture and sometimes illusion. The common thread running through this exhibition is the strong personality of each artist, with developed and defined styles, [&hellip;]<\/p>","protected":false},"author":1,"featured_media":0,"parent":0,"menu_order":0,"comment_status":"closed","ping_status":"closed","template":"","meta":{"footnotes":""},"class_list":["post-2653","page","type-page","status-publish","hentry"],"yoast_head":"<!-- This site is optimized with the Yoast SEO plugin v27.5 - https:\/\/yoast.com\/product\/yoast-seo-wordpress\/ -->\n<title>The Artists - Ch\u00e2teau Villarlong - Majestic ch\u00e2teau in the south of France with 13 flats offering unique and enchanting charm<\/title>\n<meta name=\"robots\" content=\"index, follow, max-snippet:-1, max-image-preview:large, max-video-preview:-1\" \/>\n<link rel=\"canonical\" href=\"https:\/\/chateauvillarlong.com\/de\/the-artists\/\" \/>\n<meta property=\"og:locale\" content=\"de_DE\" \/>\n<meta property=\"og:type\" content=\"article\" \/>\n<meta property=\"og:title\" content=\"The Artists - Ch\u00e2teau Villarlong - Majestic ch\u00e2teau in the south of France with 13 flats offering unique and enchanting charm\" \/>\n<meta property=\"og:description\" content=\"Artists at Villarlong Art collectors for many years, the owners have called on their favourite artists in France and Germany to bring together a collection of works inspired by light, colour, nature, texture and sometimes illusion. The common thread running through this exhibition is the strong personality of each artist, with developed and defined styles, [&hellip;]\" \/>\n<meta property=\"og:url\" content=\"https:\/\/chateauvillarlong.com\/de\/the-artists\/\" \/>\n<meta property=\"og:site_name\" content=\"Ch\u00e2teau Villarlong - Majestic ch\u00e2teau in the south of France with 13 flats offering unique and enchanting charm\" \/>\n<meta property=\"article:modified_time\" content=\"2024-01-25T22:26:38+00:00\" \/>\n<meta property=\"og:image\" content=\"https:\/\/chateauvillarlong.com\/wp-content\/uploads\/2024\/01\/Alejandro.jpeg\" \/>\n<meta name=\"twitter:card\" content=\"summary_large_image\" \/>\n<meta name=\"twitter:label1\" content=\"Gesch\u00e4tzte Lesezeit\" \/>\n\t<meta name=\"twitter:data1\" content=\"12\u00a0Minuten\" \/>\n<script type=\"application\/ld+json\" class=\"yoast-schema-graph\">{\"@context\":\"https:\\\/\\\/schema.org\",\"@graph\":[{\"@type\":\"WebPage\",\"@id\":\"https:\\\/\\\/chateauvillarlong.com\\\/the-artists\\\/\",\"url\":\"https:\\\/\\\/chateauvillarlong.com\\\/the-artists\\\/\",\"name\":\"The Artists - Ch\u00e2teau Villarlong - Majestic ch\u00e2teau in the south of France with 13 flats offering unique and enchanting charm\",\"isPartOf\":{\"@id\":\"https:\\\/\\\/chateauvillarlong.com\\\/#website\"},\"primaryImageOfPage\":{\"@id\":\"https:\\\/\\\/chateauvillarlong.com\\\/the-artists\\\/#primaryimage\"},\"image\":{\"@id\":\"https:\\\/\\\/chateauvillarlong.com\\\/the-artists\\\/#primaryimage\"},\"thumbnailUrl\":\"https:\\\/\\\/chateauvillarlong.com\\\/wp-content\\\/uploads\\\/2024\\\/01\\\/Alejandro.jpeg\",\"datePublished\":\"2024-01-15T17:15:16+00:00\",\"dateModified\":\"2024-01-25T22:26:38+00:00\",\"breadcrumb\":{\"@id\":\"https:\\\/\\\/chateauvillarlong.com\\\/the-artists\\\/#breadcrumb\"},\"inLanguage\":\"de\",\"potentialAction\":[{\"@type\":\"ReadAction\",\"target\":[\"https:\\\/\\\/chateauvillarlong.com\\\/the-artists\\\/\"]}]},{\"@type\":\"ImageObject\",\"inLanguage\":\"de\",\"@id\":\"https:\\\/\\\/chateauvillarlong.com\\\/the-artists\\\/#primaryimage\",\"url\":\"https:\\\/\\\/chateauvillarlong.com\\\/wp-content\\\/uploads\\\/2024\\\/01\\\/Alejandro.jpeg\",\"contentUrl\":\"https:\\\/\\\/chateauvillarlong.com\\\/wp-content\\\/uploads\\\/2024\\\/01\\\/Alejandro.jpeg\"},{\"@type\":\"BreadcrumbList\",\"@id\":\"https:\\\/\\\/chateauvillarlong.com\\\/the-artists\\\/#breadcrumb\",\"itemListElement\":[{\"@type\":\"ListItem\",\"position\":1,\"name\":\"Home\",\"item\":\"https:\\\/\\\/chateauvillarlong.com\\\/\"},{\"@type\":\"ListItem\",\"position\":2,\"name\":\"The Artists\"}]},{\"@type\":\"WebSite\",\"@id\":\"https:\\\/\\\/chateauvillarlong.com\\\/#website\",\"url\":\"https:\\\/\\\/chateauvillarlong.com\\\/\",\"name\":\"Ch\u00e2teau Villarlong - Majestic ch\u00e2teau in the south of France with 13 flats offering unique and enchanting charm\",\"description\":\"In Southern France, our 13 stylish holiday apartments provide a genuine sense of belonging, inviting guests to indulge in the magic of this exceptional destination.\",\"potentialAction\":[{\"@type\":\"SearchAction\",\"target\":{\"@type\":\"EntryPoint\",\"urlTemplate\":\"https:\\\/\\\/chateauvillarlong.com\\\/?s={search_term_string}\"},\"query-input\":{\"@type\":\"PropertyValueSpecification\",\"valueRequired\":true,\"valueName\":\"search_term_string\"}}],\"inLanguage\":\"de\"}]}<\/script>\n<!-- \/ Yoast SEO plugin. -->","yoast_head_json":{"title":"The Artists - Ch\u00e2teau Villarlong - Majestic ch\u00e2teau in the south of France with 13 flats offering unique and enchanting charm","robots":{"index":"index","follow":"follow","max-snippet":"max-snippet:-1","max-image-preview":"max-image-preview:large","max-video-preview":"max-video-preview:-1"},"canonical":"https:\/\/chateauvillarlong.com\/de\/the-artists\/","og_locale":"de_DE","og_type":"article","og_title":"The Artists - Ch\u00e2teau Villarlong - Majestic ch\u00e2teau in the south of France with 13 flats offering unique and enchanting charm","og_description":"Artists at Villarlong Art collectors for many years, the owners have called on their favourite artists in France and Germany to bring together a collection of works inspired by light, colour, nature, texture and sometimes illusion. The common thread running through this exhibition is the strong personality of each artist, with developed and defined styles, [&hellip;]","og_url":"https:\/\/chateauvillarlong.com\/de\/the-artists\/","og_site_name":"Ch\u00e2teau Villarlong - Majestic ch\u00e2teau in the south of France with 13 flats offering unique and enchanting charm","article_modified_time":"2024-01-25T22:26:38+00:00","og_image":[{"url":"https:\/\/chateauvillarlong.com\/wp-content\/uploads\/2024\/01\/Alejandro.jpeg","type":"","width":"","height":""}],"twitter_card":"summary_large_image","twitter_misc":{"Gesch\u00e4tzte Lesezeit":"12\u00a0Minuten"},"schema":{"@context":"https:\/\/schema.org","@graph":[{"@type":"WebPage","@id":"https:\/\/chateauvillarlong.com\/the-artists\/","url":"https:\/\/chateauvillarlong.com\/the-artists\/","name":"The Artists - Ch\u00e2teau Villarlong - Majestic ch\u00e2teau in the south of France with 13 flats offering unique and enchanting charm","isPartOf":{"@id":"https:\/\/chateauvillarlong.com\/#website"},"primaryImageOfPage":{"@id":"https:\/\/chateauvillarlong.com\/the-artists\/#primaryimage"},"image":{"@id":"https:\/\/chateauvillarlong.com\/the-artists\/#primaryimage"},"thumbnailUrl":"https:\/\/chateauvillarlong.com\/wp-content\/uploads\/2024\/01\/Alejandro.jpeg","datePublished":"2024-01-15T17:15:16+00:00","dateModified":"2024-01-25T22:26:38+00:00","breadcrumb":{"@id":"https:\/\/chateauvillarlong.com\/the-artists\/#breadcrumb"},"inLanguage":"de","potentialAction":[{"@type":"ReadAction","target":["https:\/\/chateauvillarlong.com\/the-artists\/"]}]},{"@type":"ImageObject","inLanguage":"de","@id":"https:\/\/chateauvillarlong.com\/the-artists\/#primaryimage","url":"https:\/\/chateauvillarlong.com\/wp-content\/uploads\/2024\/01\/Alejandro.jpeg","contentUrl":"https:\/\/chateauvillarlong.com\/wp-content\/uploads\/2024\/01\/Alejandro.jpeg"},{"@type":"BreadcrumbList","@id":"https:\/\/chateauvillarlong.com\/the-artists\/#breadcrumb","itemListElement":[{"@type":"ListItem","position":1,"name":"Home","item":"https:\/\/chateauvillarlong.com\/"},{"@type":"ListItem","position":2,"name":"The Artists"}]},{"@type":"WebSite","@id":"https:\/\/chateauvillarlong.com\/#website","url":"https:\/\/chateauvillarlong.com\/","name":"Ch\u00e2teau Villarlong - Majestic ch\u00e2teau in the south of France with 13 flats offering unique and enchanting charm","description":"In Southern France, our 13 stylish holiday apartments provide a genuine sense of belonging, inviting guests to indulge in the magic of this exceptional destination.","potentialAction":[{"@type":"SearchAction","target":{"@type":"EntryPoint","urlTemplate":"https:\/\/chateauvillarlong.com\/?s={search_term_string}"},"query-input":{"@type":"PropertyValueSpecification","valueRequired":true,"valueName":"search_term_string"}}],"inLanguage":"de"}]}},"_links":{"self":[{"href":"https:\/\/chateauvillarlong.com\/de\/wp-json\/wp\/v2\/pages\/2653","targetHints":{"allow":["GET"]}}],"collection":[{"href":"https:\/\/chateauvillarlong.com\/de\/wp-json\/wp\/v2\/pages"}],"about":[{"href":"https:\/\/chateauvillarlong.com\/de\/wp-json\/wp\/v2\/types\/page"}],"author":[{"embeddable":true,"href":"https:\/\/chateauvillarlong.com\/de\/wp-json\/wp\/v2\/users\/1"}],"replies":[{"embeddable":true,"href":"https:\/\/chateauvillarlong.com\/de\/wp-json\/wp\/v2\/comments?post=2653"}],"version-history":[{"count":5,"href":"https:\/\/chateauvillarlong.com\/de\/wp-json\/wp\/v2\/pages\/2653\/revisions"}],"predecessor-version":[{"id":2920,"href":"https:\/\/chateauvillarlong.com\/de\/wp-json\/wp\/v2\/pages\/2653\/revisions\/2920"}],"wp:attachment":[{"href":"https:\/\/chateauvillarlong.com\/de\/wp-json\/wp\/v2\/media?parent=2653"}],"curies":[{"name":"wp","href":"https:\/\/api.w.org\/{rel}","templated":true}]}}