{"id":3907,"date":"2025-03-21T13:52:54","date_gmt":"2025-03-21T13:52:54","guid":{"rendered":"https:\/\/chateauvillarlong.com\/?post_type=product&#038;p=3907"},"modified":"2025-03-21T14:08:31","modified_gmt":"2025-03-21T14:08:31","slug":"concert-et-diner-nicolas-stavy-pianiste","status":"publish","type":"product","link":"https:\/\/chateauvillarlong.com\/de\/produkt\/concert-et-diner-nicolas-stavy-pianiste\/","title":{"rendered":"Concert et D\u00eener &#8211; Nicolas Stavy &#8211; Pianiste"},"content":{"rendered":"<h1><strong>Nicolas Stavy &#8211; Pianiste<\/strong><\/h1>\n<p><strong>Concert \u00e0 St Jacques, suivi d&#8217;un d\u00eener au restaurant du Ch\u00e2teau Villarlong, Le Cast\u00e9l. <\/strong><\/p>\n<h3 class=\"has-text-align-center has-eb-garamond-font-family\"><strong>\u00ab\u00a0Faur\u00e9 et Chopin regards crois\u00e9s\u00a0\u00bb<\/strong><\/h3>\n<h6 class=\"has-eb-garamond-font-family\"><strong>Un r\u00e9cital original<\/strong><\/h6>\n<h6>Un programme imagin\u00e9 en 2024, actuel du centenaire de la mort de Gabriel Faur\u00e9. Celui-ci et Chopin appartiennent \u00e0 des \u00e9poques diff\u00e9rentes (Faur\u00e9 a 4 ans quand Chopin dispara\u00eet\u2026), Nicolas les rapproche\u00a0:\u00a0<em>immenses pianistes, Chopin dans la premi\u00e8re moiti\u00e9 du XIXe, Faur\u00e9 la seconde. L\u2019un comme l\u2019autre \u00e9volue avec les ann\u00e9es tels de grands crus qui s\u2019\u00e9panouissent avec le temps<\/em>.<\/h6>\n<h6 class=\"wp-block-heading has-eb-garamond-font-family\"><strong>Un<\/strong>\u00a0<strong>r\u00e9cit en miroir<\/strong><\/h6>\n<h6>Nicolas d\u00e9c\u00e8le dans le langage de Faur\u00e9 l\u2019h\u00e9ritage de Chopin. \u00c0 la fois p\u00e9dagogique et intime, entre pr\u00e9ludes, nocturnes, ballades, mazurkas\u2026, ce r\u00e9cit en miroir met en relief d\u2019abord des \u0153uvres de jeunesse, puis celles de la maturit\u00e9 de ces deux compositeurs, \u00ab\u00a0dont la vigueur et le romantisme sont temp\u00e9r\u00e9s par la concision, le charme, le raffinement de l\u2019expression.\u00a0\u00bb Une musique qui ne peut supporter le superficiel: musicien et auditeur y plongent corps et \u00e2me\u00a0!<\/h6>\n<h6 class=\"wp-block-heading has-eb-garamond-font-family\"><strong>Un r\u00e9cital vivant<\/strong><\/h6>\n<h6>Au regard de l\u2019\u00e9num\u00e9ration \u00ab\u00a0indigeste\u00a0\u00bb des opus et num\u00e9ros, Nicolas jalonnera le r\u00e9cital d\u2019explications bienvenues et prendra le temps, \u00e0 l\u2019issue, d\u2019\u00e9changer avec vous qui repartirez sinon avec les CD d\u00e9dicac\u00e9s, du moins la t\u00eate pleine des notes \u00e9gren\u00e9es dans une soir\u00e9e exceptionnelle\u00a0!<\/h6>\n<h6 class=\"has-foreground-color has-text-color has-link-color wp-elements-c2571ab2c6517c4e3d7e94c08cce869e\">\u00a0\u00a0\u00a0\u00a0<strong>\u00a0Chopin<\/strong>\u00a0\u00a0\u00a0\u00a0\u00a0\u00a0\u00a0\u00a0\u00a0\u00a0\u00a0\u00a0\u00a0\u00a0\u00a0\u00a0\u00a0\u00a0\u00a0\u00a0<strong>Faur\u00e9<\/strong><\/h6>\n<h6 class=\"has-foreground-color has-text-color has-link-color wp-elements-7886253c10355ffa5b8805e48d6c8077\"><strong>Nocturne op.9 n\u00b01\u00a0\u00a0\u00a0\u00a0\u00a0\u00a0\u00a0\u00a0 Nocturne op.33 n\u00b01<\/strong><\/h6>\n<h6><strong>1\u00e8re ballade op.23\u00a0\u00a0\u00a0\u00a0\u00a0\u00a0\u00a0 Mazurka in\u00e9dite<\/strong><\/h6>\n<h6><strong>Mazurka op. 63 n\u00b03\u00a0\u00a0\u00a0\u00a0\u00a0\u00a0 Romance sans parole n\u00b03<\/strong><\/h6>\n<h6><strong>Barcarolle op.60\u00a0\u00a0\u00a0\u00a0\u00a0\u00a0\u00a0\u00a0\u00a0\u00a0\u00a0Nocturne n\u00b013 op.119<\/strong><\/h6>\n<h6><strong>4e ballade op 52<\/strong><\/h6>\n<h4>Pour r\u00e9server vos billets pour l&#8217;\u00e9v\u00e9nement, veuillez consulter la page web de la musique de St Jacques.<br \/>\n<strong style=\"font-size: 10.72px;\"><img fetchpriority=\"high\" decoding=\"async\" class=\"wp-image-3913 alignright\" src=\"https:\/\/chateauvillarlong.com\/wp-content\/uploads\/2025\/03\/Black-And-White-Minimalist-Music-Fest-Poster-212x300.avif\" alt=\"\" width=\"394\" height=\"558\" srcset=\"https:\/\/chateauvillarlong.com\/wp-content\/uploads\/2025\/03\/Black-And-White-Minimalist-Music-Fest-Poster-212x300.avif 212w, https:\/\/chateauvillarlong.com\/wp-content\/uploads\/2025\/03\/Black-And-White-Minimalist-Music-Fest-Poster-724x1024.avif 724w, https:\/\/chateauvillarlong.com\/wp-content\/uploads\/2025\/03\/Black-And-White-Minimalist-Music-Fest-Poster-768x1086.avif 768w, https:\/\/chateauvillarlong.com\/wp-content\/uploads\/2025\/03\/Black-And-White-Minimalist-Music-Fest-Poster-1086x1536.avif 1086w, https:\/\/chateauvillarlong.com\/wp-content\/uploads\/2025\/03\/Black-And-White-Minimalist-Music-Fest-Poster-1448x2048.avif 1448w, https:\/\/chateauvillarlong.com\/wp-content\/uploads\/2025\/03\/Black-And-White-Minimalist-Music-Fest-Poster-8x12.avif 8w, https:\/\/chateauvillarlong.com\/wp-content\/uploads\/2025\/03\/Black-And-White-Minimalist-Music-Fest-Poster-600x849.avif 600w, https:\/\/chateauvillarlong.com\/wp-content\/uploads\/2025\/03\/Black-And-White-Minimalist-Music-Fest-Poster-png.avif 1587w\" sizes=\"(max-width: 394px) 100vw, 394px\" \/><\/strong><span style=\"font-size: 16px;\">et pour r\u00e9server une table pour le d\u00eener qui suivra, veuillez appeler ou envoyer un courriel &#8211; lecastel@chateauvillarlong.com ou +334 68 71 32 16<\/span><\/h4>","protected":false},"excerpt":{"rendered":"<p>Nicolas Stavy &#8211; Pianiste Concert \u00e0 St Jacques, suivi d&#8217;un d\u00eener au restaurant du Ch\u00e2teau Villarlong, Le Cast\u00e9l. \u00ab\u00a0Faur\u00e9 et Chopin regards crois\u00e9s\u00a0\u00bb Un r\u00e9cital original Un programme imagin\u00e9 en 2024, actuel du centenaire de la mort de Gabriel Faur\u00e9. Celui-ci et Chopin appartiennent \u00e0 des \u00e9poques diff\u00e9rentes (Faur\u00e9 a 4 ans quand Chopin dispara\u00eet\u2026), [&hellip;]<\/p>","protected":false},"featured_media":3908,"comment_status":"open","ping_status":"closed","template":"","meta":[],"product_brand":[],"product_cat":[24],"product_tag":[],"class_list":{"0":"post-3907","1":"product","2":"type-product","3":"status-publish","4":"has-post-thumbnail","6":"product_cat-events","8":"first","9":"instock","10":"shipping-taxable","11":"product-type-simple"},"yoast_head":"<!-- This site is optimized with the Yoast SEO plugin v27.5 - https:\/\/yoast.com\/product\/yoast-seo-wordpress\/ -->\n<title>Concert et D\u00eener - Nicolas Stavy - Pianiste - Ch\u00e2teau Villarlong - Majestic ch\u00e2teau in the south of France with 13 flats offering unique and enchanting charm<\/title>\n<meta name=\"robots\" content=\"index, follow, max-snippet:-1, max-image-preview:large, max-video-preview:-1\" \/>\n<link rel=\"canonical\" href=\"https:\/\/chateauvillarlong.com\/de\/produkt\/concert-et-diner-nicolas-stavy-pianiste\/\" \/>\n<meta property=\"og:locale\" content=\"de_DE\" \/>\n<meta property=\"og:type\" content=\"article\" \/>\n<meta property=\"og:title\" content=\"Concert et D\u00eener - Nicolas Stavy - Pianiste - Ch\u00e2teau Villarlong - Majestic ch\u00e2teau in the south of France with 13 flats offering unique and enchanting charm\" \/>\n<meta property=\"og:description\" content=\"Nicolas Stavy &#8211; Pianiste Concert \u00e0 St Jacques, suivi d&#8217;un d\u00eener au restaurant du Ch\u00e2teau Villarlong, Le Cast\u00e9l. \u00ab\u00a0Faur\u00e9 et Chopin regards crois\u00e9s\u00a0\u00bb Un r\u00e9cital original Un programme imagin\u00e9 en 2024, actuel du centenaire de la mort de Gabriel Faur\u00e9. Celui-ci et Chopin appartiennent \u00e0 des \u00e9poques diff\u00e9rentes (Faur\u00e9 a 4 ans quand Chopin dispara\u00eet\u2026), [&hellip;]\" \/>\n<meta property=\"og:url\" content=\"https:\/\/chateauvillarlong.com\/de\/produkt\/concert-et-diner-nicolas-stavy-pianiste\/\" \/>\n<meta property=\"og:site_name\" content=\"Ch\u00e2teau Villarlong - Majestic ch\u00e2teau in the south of France with 13 flats offering unique and enchanting charm\" \/>\n<meta property=\"article:modified_time\" content=\"2025-03-21T14:08:31+00:00\" \/>\n<meta property=\"og:image\" content=\"https:\/\/chateauvillarlong.com\/wp-content\/uploads\/2025\/03\/nicolas_stavi.avif\" \/>\n\t<meta property=\"og:image:width\" content=\"566\" \/>\n\t<meta property=\"og:image:height\" content=\"373\" \/>\n\t<meta property=\"og:image:type\" content=\"image\/jpeg\" \/>\n<meta name=\"twitter:card\" content=\"summary_large_image\" \/>\n<meta name=\"twitter:label1\" content=\"Gesch\u00e4tzte Lesezeit\" \/>\n\t<meta name=\"twitter:data1\" content=\"2\u00a0Minuten\" \/>\n<script type=\"application\/ld+json\" class=\"yoast-schema-graph\">{\"@context\":\"https:\\\/\\\/schema.org\",\"@graph\":[{\"@type\":\"WebPage\",\"@id\":\"https:\\\/\\\/chateauvillarlong.com\\\/product\\\/concert-et-diner-nicolas-stavy-pianiste\\\/\",\"url\":\"https:\\\/\\\/chateauvillarlong.com\\\/product\\\/concert-et-diner-nicolas-stavy-pianiste\\\/\",\"name\":\"Concert et D\u00eener - Nicolas Stavy - Pianiste - Ch\u00e2teau Villarlong - Majestic ch\u00e2teau in the south of France with 13 flats offering unique and enchanting charm\",\"isPartOf\":{\"@id\":\"https:\\\/\\\/chateauvillarlong.com\\\/#website\"},\"primaryImageOfPage\":{\"@id\":\"https:\\\/\\\/chateauvillarlong.com\\\/product\\\/concert-et-diner-nicolas-stavy-pianiste\\\/#primaryimage\"},\"image\":{\"@id\":\"https:\\\/\\\/chateauvillarlong.com\\\/product\\\/concert-et-diner-nicolas-stavy-pianiste\\\/#primaryimage\"},\"thumbnailUrl\":\"https:\\\/\\\/chateauvillarlong.com\\\/wp-content\\\/uploads\\\/2025\\\/03\\\/nicolas_stavi.avif\",\"datePublished\":\"2025-03-21T13:52:54+00:00\",\"dateModified\":\"2025-03-21T14:08:31+00:00\",\"breadcrumb\":{\"@id\":\"https:\\\/\\\/chateauvillarlong.com\\\/product\\\/concert-et-diner-nicolas-stavy-pianiste\\\/#breadcrumb\"},\"inLanguage\":\"de\",\"potentialAction\":[{\"@type\":\"ReadAction\",\"target\":[\"https:\\\/\\\/chateauvillarlong.com\\\/product\\\/concert-et-diner-nicolas-stavy-pianiste\\\/\"]}]},{\"@type\":\"ImageObject\",\"inLanguage\":\"de\",\"@id\":\"https:\\\/\\\/chateauvillarlong.com\\\/product\\\/concert-et-diner-nicolas-stavy-pianiste\\\/#primaryimage\",\"url\":\"https:\\\/\\\/chateauvillarlong.com\\\/wp-content\\\/uploads\\\/2025\\\/03\\\/nicolas_stavi.avif\",\"contentUrl\":\"https:\\\/\\\/chateauvillarlong.com\\\/wp-content\\\/uploads\\\/2025\\\/03\\\/nicolas_stavi.avif\",\"width\":566,\"height\":373},{\"@type\":\"BreadcrumbList\",\"@id\":\"https:\\\/\\\/chateauvillarlong.com\\\/product\\\/concert-et-diner-nicolas-stavy-pianiste\\\/#breadcrumb\",\"itemListElement\":[{\"@type\":\"ListItem\",\"position\":1,\"name\":\"Home\",\"item\":\"https:\\\/\\\/chateauvillarlong.com\\\/\"},{\"@type\":\"ListItem\",\"position\":2,\"name\":\"Shop\",\"item\":\"https:\\\/\\\/chateauvillarlong.com\\\/fr\\\/shop\\\/\"},{\"@type\":\"ListItem\",\"position\":3,\"name\":\"Concert et D\u00eener &#8211; Nicolas Stavy &#8211; Pianiste\"}]},{\"@type\":\"WebSite\",\"@id\":\"https:\\\/\\\/chateauvillarlong.com\\\/#website\",\"url\":\"https:\\\/\\\/chateauvillarlong.com\\\/\",\"name\":\"Ch\u00e2teau Villarlong - Majestic ch\u00e2teau in the south of France with 13 flats offering unique and enchanting charm\",\"description\":\"In Southern France, our 13 stylish holiday apartments provide a genuine sense of belonging, inviting guests to indulge in the magic of this exceptional destination.\",\"potentialAction\":[{\"@type\":\"SearchAction\",\"target\":{\"@type\":\"EntryPoint\",\"urlTemplate\":\"https:\\\/\\\/chateauvillarlong.com\\\/?s={search_term_string}\"},\"query-input\":{\"@type\":\"PropertyValueSpecification\",\"valueRequired\":true,\"valueName\":\"search_term_string\"}}],\"inLanguage\":\"de\"}]}<\/script>\n<!-- \/ Yoast SEO plugin. -->","yoast_head_json":{"title":"Concert et D\u00eener - Nicolas Stavy - Pianiste - Ch\u00e2teau Villarlong - Majestic ch\u00e2teau in the south of France with 13 flats offering unique and enchanting charm","robots":{"index":"index","follow":"follow","max-snippet":"max-snippet:-1","max-image-preview":"max-image-preview:large","max-video-preview":"max-video-preview:-1"},"canonical":"https:\/\/chateauvillarlong.com\/de\/produkt\/concert-et-diner-nicolas-stavy-pianiste\/","og_locale":"de_DE","og_type":"article","og_title":"Concert et D\u00eener - Nicolas Stavy - Pianiste - Ch\u00e2teau Villarlong - Majestic ch\u00e2teau in the south of France with 13 flats offering unique and enchanting charm","og_description":"Nicolas Stavy &#8211; Pianiste Concert \u00e0 St Jacques, suivi d&#8217;un d\u00eener au restaurant du Ch\u00e2teau Villarlong, Le Cast\u00e9l. \u00ab\u00a0Faur\u00e9 et Chopin regards crois\u00e9s\u00a0\u00bb Un r\u00e9cital original Un programme imagin\u00e9 en 2024, actuel du centenaire de la mort de Gabriel Faur\u00e9. Celui-ci et Chopin appartiennent \u00e0 des \u00e9poques diff\u00e9rentes (Faur\u00e9 a 4 ans quand Chopin dispara\u00eet\u2026), [&hellip;]","og_url":"https:\/\/chateauvillarlong.com\/de\/produkt\/concert-et-diner-nicolas-stavy-pianiste\/","og_site_name":"Ch\u00e2teau Villarlong - Majestic ch\u00e2teau in the south of France with 13 flats offering unique and enchanting charm","article_modified_time":"2025-03-21T14:08:31+00:00","og_image":[{"width":566,"height":373,"url":"https:\/\/chateauvillarlong.com\/wp-content\/uploads\/2025\/03\/nicolas_stavi.avif","type":"image\/jpeg"}],"twitter_card":"summary_large_image","twitter_misc":{"Gesch\u00e4tzte Lesezeit":"2\u00a0Minuten"},"schema":{"@context":"https:\/\/schema.org","@graph":[{"@type":"WebPage","@id":"https:\/\/chateauvillarlong.com\/product\/concert-et-diner-nicolas-stavy-pianiste\/","url":"https:\/\/chateauvillarlong.com\/product\/concert-et-diner-nicolas-stavy-pianiste\/","name":"Concert et D\u00eener - Nicolas Stavy - Pianiste - Ch\u00e2teau Villarlong - Majestic ch\u00e2teau in the south of France with 13 flats offering unique and enchanting charm","isPartOf":{"@id":"https:\/\/chateauvillarlong.com\/#website"},"primaryImageOfPage":{"@id":"https:\/\/chateauvillarlong.com\/product\/concert-et-diner-nicolas-stavy-pianiste\/#primaryimage"},"image":{"@id":"https:\/\/chateauvillarlong.com\/product\/concert-et-diner-nicolas-stavy-pianiste\/#primaryimage"},"thumbnailUrl":"https:\/\/chateauvillarlong.com\/wp-content\/uploads\/2025\/03\/nicolas_stavi.avif","datePublished":"2025-03-21T13:52:54+00:00","dateModified":"2025-03-21T14:08:31+00:00","breadcrumb":{"@id":"https:\/\/chateauvillarlong.com\/product\/concert-et-diner-nicolas-stavy-pianiste\/#breadcrumb"},"inLanguage":"de","potentialAction":[{"@type":"ReadAction","target":["https:\/\/chateauvillarlong.com\/product\/concert-et-diner-nicolas-stavy-pianiste\/"]}]},{"@type":"ImageObject","inLanguage":"de","@id":"https:\/\/chateauvillarlong.com\/product\/concert-et-diner-nicolas-stavy-pianiste\/#primaryimage","url":"https:\/\/chateauvillarlong.com\/wp-content\/uploads\/2025\/03\/nicolas_stavi.avif","contentUrl":"https:\/\/chateauvillarlong.com\/wp-content\/uploads\/2025\/03\/nicolas_stavi.avif","width":566,"height":373},{"@type":"BreadcrumbList","@id":"https:\/\/chateauvillarlong.com\/product\/concert-et-diner-nicolas-stavy-pianiste\/#breadcrumb","itemListElement":[{"@type":"ListItem","position":1,"name":"Home","item":"https:\/\/chateauvillarlong.com\/"},{"@type":"ListItem","position":2,"name":"Shop","item":"https:\/\/chateauvillarlong.com\/fr\/shop\/"},{"@type":"ListItem","position":3,"name":"Concert et D\u00eener &#8211; Nicolas Stavy &#8211; Pianiste"}]},{"@type":"WebSite","@id":"https:\/\/chateauvillarlong.com\/#website","url":"https:\/\/chateauvillarlong.com\/","name":"Ch\u00e2teau Villarlong - Majestic ch\u00e2teau in the south of France with 13 flats offering unique and enchanting charm","description":"In Southern France, our 13 stylish holiday apartments provide a genuine sense of belonging, inviting guests to indulge in the magic of this exceptional destination.","potentialAction":[{"@type":"SearchAction","target":{"@type":"EntryPoint","urlTemplate":"https:\/\/chateauvillarlong.com\/?s={search_term_string}"},"query-input":{"@type":"PropertyValueSpecification","valueRequired":true,"valueName":"search_term_string"}}],"inLanguage":"de"}]}},"_links":{"self":[{"href":"https:\/\/chateauvillarlong.com\/de\/wp-json\/wp\/v2\/product\/3907","targetHints":{"allow":["GET"]}}],"collection":[{"href":"https:\/\/chateauvillarlong.com\/de\/wp-json\/wp\/v2\/product"}],"about":[{"href":"https:\/\/chateauvillarlong.com\/de\/wp-json\/wp\/v2\/types\/product"}],"replies":[{"embeddable":true,"href":"https:\/\/chateauvillarlong.com\/de\/wp-json\/wp\/v2\/comments?post=3907"}],"wp:featuredmedia":[{"embeddable":true,"href":"https:\/\/chateauvillarlong.com\/de\/wp-json\/wp\/v2\/media\/3908"}],"wp:attachment":[{"href":"https:\/\/chateauvillarlong.com\/de\/wp-json\/wp\/v2\/media?parent=3907"}],"wp:term":[{"taxonomy":"product_brand","embeddable":true,"href":"https:\/\/chateauvillarlong.com\/de\/wp-json\/wp\/v2\/product_brand?post=3907"},{"taxonomy":"product_cat","embeddable":true,"href":"https:\/\/chateauvillarlong.com\/de\/wp-json\/wp\/v2\/product_cat?post=3907"},{"taxonomy":"product_tag","embeddable":true,"href":"https:\/\/chateauvillarlong.com\/de\/wp-json\/wp\/v2\/product_tag?post=3907"}],"curies":[{"name":"wp","href":"https:\/\/api.w.org\/{rel}","templated":true}]}}