{"id":1590,"date":"2023-12-19T09:22:04","date_gmt":"2023-12-19T09:22:04","guid":{"rendered":"https:\/\/new.chateauvillarlong.com\/?page_id=1590"},"modified":"2025-03-06T11:37:08","modified_gmt":"2025-03-06T11:37:08","slug":"events","status":"publish","type":"page","link":"https:\/\/chateauvillarlong.com\/fr\/events\/","title":{"rendered":"Ev\u00eanements"},"content":{"rendered":"<div data-elementor-type=\"wp-page\" data-elementor-id=\"1590\" class=\"elementor elementor-1590\" data-elementor-post-type=\"page\">\n\t\t\t\t\t\t<section class=\"elementor-section elementor-top-section elementor-element elementor-element-8f5d2e7 elementor-section-stretched elementor-section-boxed elementor-section-height-default elementor-section-height-default\" data-id=\"8f5d2e7\" data-element_type=\"section\" data-e-type=\"section\" data-settings=\"{&quot;stretch_section&quot;:&quot;section-stretched&quot;,&quot;background_background&quot;:&quot;classic&quot;}\">\n\t\t\t\t\t\t<div class=\"elementor-container elementor-column-gap-no\">\n\t\t\t\t\t<div class=\"elementor-column elementor-col-100 elementor-top-column elementor-element elementor-element-404c148 elementor-invisible\" data-id=\"404c148\" data-element_type=\"column\" data-e-type=\"column\" data-settings=\"{&quot;animation&quot;:&quot;fadeIn&quot;}\">\n\t\t\t<div class=\"elementor-widget-wrap elementor-element-populated\">\n\t\t\t\t\t\t<div class=\"elementor-element elementor-element-d445003 elementor-widget elementor-widget-spacer\" data-id=\"d445003\" data-element_type=\"widget\" data-e-type=\"widget\" data-widget_type=\"spacer.default\">\n\t\t\t\t<div class=\"elementor-widget-container\">\n\t\t\t\t\t\t\t<div class=\"elementor-spacer\">\n\t\t\t<div class=\"elementor-spacer-inner\"><\/div>\n\t\t<\/div>\n\t\t\t\t\t\t<\/div>\n\t\t\t\t<\/div>\n\t\t\t\t<div class=\"elementor-element elementor-element-1a01d71 elementor-invisible elementor-widget elementor-widget-heading\" data-id=\"1a01d71\" data-element_type=\"widget\" data-e-type=\"widget\" data-settings=\"{&quot;_animation&quot;:&quot;fadeInUp&quot;}\" data-widget_type=\"heading.default\">\n\t\t\t\t<div class=\"elementor-widget-container\">\n\t\t\t\t\t<h2 class=\"elementor-heading-title elementor-size-default\">Ev\u00eanements<\/h2>\t\t\t\t<\/div>\n\t\t\t\t<\/div>\n\t\t\t\t<div class=\"elementor-element elementor-element-13939db elementor-widget-divider--view-line elementor-invisible elementor-widget elementor-widget-divider\" data-id=\"13939db\" data-element_type=\"widget\" data-e-type=\"widget\" data-settings=\"{&quot;_animation&quot;:&quot;fadeIn&quot;}\" data-widget_type=\"divider.default\">\n\t\t\t\t<div class=\"elementor-widget-container\">\n\t\t\t\t\t\t\t<div class=\"elementor-divider\">\n\t\t\t<span class=\"elementor-divider-separator\">\n\t\t\t\t\t\t<\/span>\n\t\t<\/div>\n\t\t\t\t\t\t<\/div>\n\t\t\t\t<\/div>\n\t\t\t\t<div class=\"elementor-element elementor-element-893730e elementor-invisible elementor-widget elementor-widget-text-editor\" data-id=\"893730e\" data-element_type=\"widget\" data-e-type=\"widget\" data-settings=\"{&quot;_animation&quot;:&quot;fadeInDown&quot;}\" data-widget_type=\"text-editor.default\">\n\t\t\t\t<div class=\"elementor-widget-container\">\n\t\t\t\t\t\t\t\t\t<p style=\"text-align: center;\" class=\"translation-block\">D\u00e9couvrez une palette d'\u00e9v\u00e9nements vari\u00e9s dans notre \u00e9tablissement, des concerts \u00e9lectrisants aux animations captivantes.<br>Venez vivre avec nous des divertissements et des exp\u00e9riences inoubliables<\/p>\t\t\t\t\t\t\t\t<\/div>\n\t\t\t\t<\/div>\n\t\t\t\t<div class=\"elementor-element elementor-element-b97a436 elementor-widget elementor-widget-spacer\" data-id=\"b97a436\" data-element_type=\"widget\" data-e-type=\"widget\" data-widget_type=\"spacer.default\">\n\t\t\t\t<div class=\"elementor-widget-container\">\n\t\t\t\t\t\t\t<div class=\"elementor-spacer\">\n\t\t\t<div class=\"elementor-spacer-inner\"><\/div>\n\t\t<\/div>\n\t\t\t\t\t\t<\/div>\n\t\t\t\t<\/div>\n\t\t\t\t<div class=\"elementor-element elementor-element-1f15836 animated-slow e-transform elementor-view-default elementor-invisible elementor-widget elementor-widget-icon\" data-id=\"1f15836\" data-element_type=\"widget\" data-e-type=\"widget\" data-settings=\"{&quot;_animation&quot;:&quot;fadeIn&quot;,&quot;_transform_scale_effect_hover&quot;:{&quot;unit&quot;:&quot;px&quot;,&quot;size&quot;:1.2,&quot;sizes&quot;:[]},&quot;_transform_scale_effect_hover_tablet&quot;:{&quot;unit&quot;:&quot;px&quot;,&quot;size&quot;:&quot;&quot;,&quot;sizes&quot;:[]},&quot;_transform_scale_effect_hover_mobile&quot;:{&quot;unit&quot;:&quot;px&quot;,&quot;size&quot;:&quot;&quot;,&quot;sizes&quot;:[]}}\" data-widget_type=\"icon.default\">\n\t\t\t\t<div class=\"elementor-widget-container\">\n\t\t\t\t\t\t\t<div class=\"elementor-icon-wrapper\">\n\t\t\t<a class=\"elementor-icon\" href=\"#Events\">\n\t\t\t<svg aria-hidden=\"true\" class=\"e-font-icon-svg e-fas-arrow-alt-circle-down\" viewbox=\"0 0 512 512\" xmlns=\"http:\/\/www.w3.org\/2000\/svg\"><path d=\"M504 256c0 137-111 248-248 248S8 393 8 256 119 8 256 8s248 111 248 248zM212 140v116h-70.9c-10.7 0-16.1 13-8.5 20.5l114.9 114.3c4.7 4.7 12.2 4.7 16.9 0l114.9-114.3c7.6-7.6 2.2-20.5-8.5-20.5H300V140c0-6.6-5.4-12-12-12h-64c-6.6 0-12 5.4-12 12z\"><\/path><\/svg>\t\t\t<\/a>\n\t\t<\/div>\n\t\t\t\t\t\t<\/div>\n\t\t\t\t<\/div>\n\t\t\t\t\t<\/div>\n\t\t<\/div>\n\t\t\t\t\t<\/div>\n\t\t<\/section>\n\t\t\t\t<section class=\"elementor-section elementor-top-section elementor-element elementor-element-9ea2cfd elementor-section-boxed elementor-section-height-default elementor-section-height-default elementor-invisible\" data-id=\"9ea2cfd\" data-element_type=\"section\" data-e-type=\"section\" data-settings=\"{&quot;animation&quot;:&quot;slideInUp&quot;}\">\n\t\t\t\t\t\t<div class=\"elementor-container elementor-column-gap-default\">\n\t\t\t\t\t<div class=\"elementor-column elementor-col-100 elementor-top-column elementor-element elementor-element-5ab540b\" data-id=\"5ab540b\" data-element_type=\"column\" data-e-type=\"column\">\n\t\t\t<div class=\"elementor-widget-wrap elementor-element-populated\">\n\t\t\t\t\t\t<div class=\"elementor-element elementor-element-2a4d49b Events elementor-widget elementor-widget-shortcode\" data-id=\"2a4d49b\" data-element_type=\"widget\" data-e-type=\"widget\" id=\"Events\" data-widget_type=\"shortcode.default\">\n\t\t\t\t<div class=\"elementor-widget-container\">\n\t\t\t\t\t\t\t<div class=\"elementor-shortcode\">\t\t<div class=\"we-grid-shortcode we-grid-column-3 gr-\" id=\"grid-5458\">\r\n        \t<div class=\"ct-grid\">\r\n                <div class=\"grid-container\">\r\n                <div class=\"grid-row\">\r\n                <div class=\"item-post-n\">\r\n\t<figure class=\"ex-modern-blog\">\r\n\t\t<div class=\"image\">\r\n        \t\t\t\t\t\t<span class=\"info-cat\">\r\n\t\t\t\t\t\t<a href=\"https:\/\/chateauvillarlong.com\/fr\/categorie-produit\/events\/\" title=\"Ev\u00eanements\">Ev\u00eanements<\/a>                    <\/span>\r\n                    \t\t\t<a href=\"https:\/\/chateauvillarlong.com\/fr\/produit\/soiree-dj-max-drag-show\/\" class=\"link-more\">\r\n\t\t\t\t<img fetchpriority=\"high\" decoding=\"async\" width=\"460\" height=\"307\" src=\"https:\/\/chateauvillarlong.com\/wp-content\/uploads\/2025\/02\/IMG-20250823-WA0003-460x307.avif\" class=\"attachment-wethumb_460x307 size-wethumb_460x307 wp-post-image\" alt=\"\" \/>            <\/a> \r\n            \t\t<\/div>\r\n\t\t<div class=\"grid-content\">\r\n\t\t\t<figcaption>\r\n            \t\t\t\t\t<div class=\"date\" ><span class=\"day\">04<\/span><span class=\"month\">Sep<\/span><\/div>\r\n                \t\t\t\t<h3>\r\n\t\t\t\t\t\t\t\t\t\t<a href=\"https:\/\/chateauvillarlong.com\/fr\/produit\/soiree-dj-max-drag-show\/\" class=\"link-more\">\r\n\t\t\t\t\tSoir\u00e9e DJ MAX \/ Drag Show                <\/a><\/h3>\r\n\t\t\t\t<div class=\"we-more-meta\">\r\n\t\t\t\t<span><i class=\"fa fa-calendar\"><\/i>septembre 4, 2025<\/span><span class=\"we-ed-gr\"><i class=\"fa fa-calendar-times-o\"><\/i>septembre 5, 2025<\/span>\r\n\t\t\t\t\t\t<span>\r\n\t\t\t\t\t\t\t<i class=\"fa fa-ticket\"><\/i>\r\n\t\t\t\t\t\t\tThis event has passed\r\n\t\t\t\t\t\t<\/span>\t\t\t\t<\/div>\r\n                \t\t\t\t<div class=\"grid-excerpt\"><\/div>\r\n                \t\t\t<\/figcaption>\r\n\t\t\t<div class=\"ex-social-share\"  id=\"ex-social-4047\">\r\n\t\t\t\t\t\t\t<ul class=\"wooevent-social-share\">\r\n\t\t\t\t\t\t\t\t\t<li class=\"facebook\">\r\n\t\t\t\t\t\t<a class=\"trasition-all\" title=\"Share on Facebook\" href=\"#\" target=\"_blank\" rel=\"nofollow\" onclick=\"window.open('https:\/\/www.facebook.com\/sharer\/sharer.php?u='+'https%3A%2F%2Fchateauvillarlong.com%2Ffr%2Fproduit%2Fsoiree-dj-max-drag-show%2F','facebook-share-dialog','width=626,height=436');return false;\"><i class=\"fa fa-facebook\"><\/i>\r\n\t\t\t\t\t\t<\/a>\r\n\t\t\t\t\t<\/li>\r\n\t\t\t\t\t\t\t\t\t<li class=\"twitter\">\r\n\t\t\t\t\t\t<a class=\"trasition-all\" href=\"#\" title=\"Share on Twitter\" rel=\"nofollow\" target=\"_blank\" onclick=\"window.open('http:\/\/twitter.com\/share?text=Soir%C3%A9e+DJ+MAX+%2F+Drag+Show&amp;url=https%3A%2F%2Fchateauvillarlong.com%2Ffr%2Fproduit%2Fsoiree-dj-max-drag-show%2F','twitter-share-dialog','width=626,height=436');return false;\"><i class=\"fa fa-twitter\"><\/i>\r\n\t\t\t\t\t\t<\/a>\r\n\t\t\t\t\t<\/li>\r\n\t\t\t\t\t\t\t\t\t\t<li class=\"linkedin\">\r\n\t\t\t\t\t\t\t<a class=\"trasition-all\" href=\"#\" title=\"Share on LinkedIn\" rel=\"nofollow\" target=\"_blank\" onclick=\"window.open('http:\/\/www.linkedin.com\/shareArticle?mini=true&amp;url=https%3A%2F%2Fchateauvillarlong.com%2Ffr%2Fproduit%2Fsoiree-dj-max-drag-show%2F&amp;title=Soir%C3%A9e+DJ+MAX+%2F+Drag+Show&amp;source=Ch%C3%A2teau+Villarlong+-+Majestic+ch%C3%A2teau+in+the+south+of+France+with+13+flats+offering+unique+and+enchanting+charm','linkedin-share-dialog','width=626,height=436');return false;\"><i class=\"fa fa-linkedin\"><\/i>\r\n\t\t\t\t\t\t\t<\/a>\r\n\t\t\t\t\t\t<\/li>\r\n\t\t\t\t\t\t\t\t\t<li class=\"tumblr\">\r\n\t\t\t\t\t   <a class=\"trasition-all\" href=\"#\" title=\"Share on Tumblr\" rel=\"nofollow\" target=\"_blank\" onclick=\"window.open('http:\/\/www.tumblr.com\/share\/link?url=https%3A%2F%2Fchateauvillarlong.com%2Ffr%2Fproduit%2Fsoiree-dj-max-drag-show%2F&amp;name=Soir%C3%A9e+DJ+MAX+%2F+Drag+Show','tumblr-share-dialog','width=626,height=436');return false;\"><i class=\"fa fa-tumblr\"><\/i>\r\n\t\t\t\t\t   <\/a>\r\n\t\t\t\t\t<\/li>\r\n\t\t\t\t\t\t\t\t\t <li class=\"pinterest\">\r\n\t\t\t\t\t\t<a class=\"trasition-all\" href=\"#\" title=\"Pin this\" rel=\"nofollow\" target=\"_blank\" onclick=\"window.open('\/\/pinterest.com\/pin\/create\/button\/?url=https%3A%2F%2Fchateauvillarlong.com%2Ffr%2Fproduit%2Fsoiree-dj-max-drag-show%2F&amp;media=https%3A%2F%2Fchateauvillarlong.com%2Fwp-content%2Fuploads%2F2025%2F02%2FIMG-20250823-WA0003.avif&amp;description=Soir%C3%A9e+DJ+MAX+%2F+Drag+Show','pin-share-dialog','width=626,height=436');return false;\"><i class=\"fa fa-pinterest\"><\/i>\r\n\t\t\t\t\t\t<\/a>\r\n\t\t\t\t\t <\/li>\r\n\t\t\t\t \t\t\t\t\t <li class=\"vk\">\r\n\t\t\t\t\t\t<a class=\"trasition-all\" href=\"#\" title=\"Share on VK\" rel=\"nofollow\" target=\"_blank\" onclick=\"window.open('\/\/vkontakte.ru\/share.php?url=https%3A%2F%2Fchateauvillarlong.com%2Ffr%2Fproduit%2Fsoiree-dj-max-drag-show%2F','vk-share-dialog','width=626,height=436');return false;\"><i class=\"fa fa-vk\"><\/i>\r\n\t\t\t\t\t\t<\/a>\r\n\t\t\t\t\t <\/li>\r\n\t\t\t\t \t\t\t\t\t<li class=\"email\">\r\n\t\t\t\t\t\t<a class=\"trasition-all\" href=\"mailto:?subject=Soir%C3%A9e+DJ+MAX+%2F+Drag+Show&amp;body=https%3A%2F%2Fchateauvillarlong.com%2Ffr%2Fproduit%2Fsoiree-dj-max-drag-show%2F\" title=\"Email this\"><i class=\"fa fa-envelope\"><\/i>\r\n\t\t\t\t\t\t<\/a>\r\n\t\t\t\t\t<\/li>\r\n\t\t\t\t\t\t\t\t\t<li class=\"whatsapp\">\r\n\t\t\t\t\t\t<a class=\"trasition-all\" href=\"whatsapp:\/\/send?text=Soir%C3%A9e+DJ+MAX+%2F+Drag+Show - https%3A%2F%2Fchateauvillarlong.com%2Ffr%2Fproduit%2Fsoiree-dj-max-drag-show%2F\" data-action=\"share\/whatsapp\/share\" title=\"Share via Whatsapp\"><i class=\"fa fa-whatsapp\"><\/i>\r\n\t\t\t\t\t\t<\/a>\r\n\t\t\t\t\t<\/li>\r\n\t\t\t\t                \r\n\t\t\t<\/ul>\r\n\t\t\t\t\t\t<\/div>\r\n\t\t<\/div>\r\n\t<\/figure>    \r\n<\/div><div class=\"item-post-n\">\r\n\t<figure class=\"ex-modern-blog\">\r\n\t\t<div class=\"image\">\r\n        \t\t\t\t\t\t<span class=\"info-cat\">\r\n\t\t\t\t\t\t<a href=\"https:\/\/chateauvillarlong.com\/fr\/categorie-produit\/events\/\" title=\"Ev\u00eanements\">Ev\u00eanements<\/a>                    <\/span>\r\n                    \t\t\t<a href=\"https:\/\/chateauvillarlong.com\/fr\/produit\/soiree-british-blues-excellence\/\" class=\"link-more\">\r\n\t\t\t\t<img decoding=\"async\" width=\"460\" height=\"307\" src=\"https:\/\/chateauvillarlong.com\/wp-content\/uploads\/2025\/06\/Concert-Paul-et-Dave-09.05-460x307.avif\" class=\"attachment-wethumb_460x307 size-wethumb_460x307 wp-post-image\" alt=\"\" \/>            <\/a> \r\n            \t\t<\/div>\r\n\t\t<div class=\"grid-content\">\r\n\t\t\t<figcaption>\r\n            \t\t\t\t\t<div class=\"date\" ><span class=\"day\">09<\/span><span class=\"month\">Juin<\/span><\/div>\r\n                \t\t\t\t<h3>\r\n\t\t\t\t\t\t\t\t\t\t<a href=\"https:\/\/chateauvillarlong.com\/fr\/produit\/soiree-british-blues-excellence\/\" class=\"link-more\">\r\n\t\t\t\t\tSoir\u00e9e British Blues Excellence                <\/a><\/h3>\r\n\t\t\t\t<div class=\"we-more-meta\">\r\n\t\t\t\t<span><i class=\"fa fa-calendar\"><\/i>juin 9, 2025<\/span>\r\n\t\t\t\t\t\t<span>\r\n\t\t\t\t\t\t\t<i class=\"fa fa-ticket\"><\/i>\r\n\t\t\t\t\t\t\tThis event has passed\r\n\t\t\t\t\t\t<\/span>\t\t\t\t<\/div>\r\n                \t\t\t\t<div class=\"grid-excerpt\"><\/div>\r\n                \t\t\t<\/figcaption>\r\n\t\t\t<div class=\"ex-social-share\"  id=\"ex-social-3954\">\r\n\t\t\t\t\t\t\t<ul class=\"wooevent-social-share\">\r\n\t\t\t\t\t\t\t\t\t<li class=\"facebook\">\r\n\t\t\t\t\t\t<a class=\"trasition-all\" title=\"Share on Facebook\" href=\"#\" target=\"_blank\" rel=\"nofollow\" onclick=\"window.open('https:\/\/www.facebook.com\/sharer\/sharer.php?u='+'https%3A%2F%2Fchateauvillarlong.com%2Ffr%2Fproduit%2Fsoiree-british-blues-excellence%2F','facebook-share-dialog','width=626,height=436');return false;\"><i class=\"fa fa-facebook\"><\/i>\r\n\t\t\t\t\t\t<\/a>\r\n\t\t\t\t\t<\/li>\r\n\t\t\t\t\t\t\t\t\t<li class=\"twitter\">\r\n\t\t\t\t\t\t<a class=\"trasition-all\" href=\"#\" title=\"Share on Twitter\" rel=\"nofollow\" target=\"_blank\" onclick=\"window.open('http:\/\/twitter.com\/share?text=Soir%C3%A9e+British+Blues+Excellence&amp;url=https%3A%2F%2Fchateauvillarlong.com%2Ffr%2Fproduit%2Fsoiree-british-blues-excellence%2F','twitter-share-dialog','width=626,height=436');return false;\"><i class=\"fa fa-twitter\"><\/i>\r\n\t\t\t\t\t\t<\/a>\r\n\t\t\t\t\t<\/li>\r\n\t\t\t\t\t\t\t\t\t\t<li class=\"linkedin\">\r\n\t\t\t\t\t\t\t<a class=\"trasition-all\" href=\"#\" title=\"Share on LinkedIn\" rel=\"nofollow\" target=\"_blank\" onclick=\"window.open('http:\/\/www.linkedin.com\/shareArticle?mini=true&amp;url=https%3A%2F%2Fchateauvillarlong.com%2Ffr%2Fproduit%2Fsoiree-british-blues-excellence%2F&amp;title=Soir%C3%A9e+British+Blues+Excellence&amp;source=Ch%C3%A2teau+Villarlong+-+Majestic+ch%C3%A2teau+in+the+south+of+France+with+13+flats+offering+unique+and+enchanting+charm','linkedin-share-dialog','width=626,height=436');return false;\"><i class=\"fa fa-linkedin\"><\/i>\r\n\t\t\t\t\t\t\t<\/a>\r\n\t\t\t\t\t\t<\/li>\r\n\t\t\t\t\t\t\t\t\t<li class=\"tumblr\">\r\n\t\t\t\t\t   <a class=\"trasition-all\" href=\"#\" title=\"Share on Tumblr\" rel=\"nofollow\" target=\"_blank\" onclick=\"window.open('http:\/\/www.tumblr.com\/share\/link?url=https%3A%2F%2Fchateauvillarlong.com%2Ffr%2Fproduit%2Fsoiree-british-blues-excellence%2F&amp;name=Soir%C3%A9e+British+Blues+Excellence','tumblr-share-dialog','width=626,height=436');return false;\"><i class=\"fa fa-tumblr\"><\/i>\r\n\t\t\t\t\t   <\/a>\r\n\t\t\t\t\t<\/li>\r\n\t\t\t\t\t\t\t\t\t <li class=\"pinterest\">\r\n\t\t\t\t\t\t<a class=\"trasition-all\" href=\"#\" title=\"Pin this\" rel=\"nofollow\" target=\"_blank\" onclick=\"window.open('\/\/pinterest.com\/pin\/create\/button\/?url=https%3A%2F%2Fchateauvillarlong.com%2Ffr%2Fproduit%2Fsoiree-british-blues-excellence%2F&amp;media=https%3A%2F%2Fchateauvillarlong.com%2Fwp-content%2Fuploads%2F2025%2F06%2FConcert-Paul-et-Dave-09.05-scaled.avif&amp;description=Soir%C3%A9e+British+Blues+Excellence','pin-share-dialog','width=626,height=436');return false;\"><i class=\"fa fa-pinterest\"><\/i>\r\n\t\t\t\t\t\t<\/a>\r\n\t\t\t\t\t <\/li>\r\n\t\t\t\t \t\t\t\t\t <li class=\"vk\">\r\n\t\t\t\t\t\t<a class=\"trasition-all\" href=\"#\" title=\"Share on VK\" rel=\"nofollow\" target=\"_blank\" onclick=\"window.open('\/\/vkontakte.ru\/share.php?url=https%3A%2F%2Fchateauvillarlong.com%2Ffr%2Fproduit%2Fsoiree-british-blues-excellence%2F','vk-share-dialog','width=626,height=436');return false;\"><i class=\"fa fa-vk\"><\/i>\r\n\t\t\t\t\t\t<\/a>\r\n\t\t\t\t\t <\/li>\r\n\t\t\t\t \t\t\t\t\t<li class=\"email\">\r\n\t\t\t\t\t\t<a class=\"trasition-all\" href=\"mailto:?subject=Soir%C3%A9e+British+Blues+Excellence&amp;body=https%3A%2F%2Fchateauvillarlong.com%2Ffr%2Fproduit%2Fsoiree-british-blues-excellence%2F\" title=\"Email this\"><i class=\"fa fa-envelope\"><\/i>\r\n\t\t\t\t\t\t<\/a>\r\n\t\t\t\t\t<\/li>\r\n\t\t\t\t\t\t\t\t\t<li class=\"whatsapp\">\r\n\t\t\t\t\t\t<a class=\"trasition-all\" href=\"whatsapp:\/\/send?text=Soir%C3%A9e+British+Blues+Excellence - https%3A%2F%2Fchateauvillarlong.com%2Ffr%2Fproduit%2Fsoiree-british-blues-excellence%2F\" data-action=\"share\/whatsapp\/share\" title=\"Share via Whatsapp\"><i class=\"fa fa-whatsapp\"><\/i>\r\n\t\t\t\t\t\t<\/a>\r\n\t\t\t\t\t<\/li>\r\n\t\t\t\t                \r\n\t\t\t<\/ul>\r\n\t\t\t\t\t\t<\/div>\r\n\t\t<\/div>\r\n\t<\/figure>    \r\n<\/div><div class=\"item-post-n\">\r\n\t<figure class=\"ex-modern-blog\">\r\n\t\t<div class=\"image\">\r\n        \t\t\t\t\t\t<span class=\"info-cat\">\r\n\t\t\t\t\t\t<a href=\"https:\/\/chateauvillarlong.com\/fr\/categorie-produit\/events\/\" title=\"Ev\u00eanements\">Ev\u00eanements<\/a>                    <\/span>\r\n                    \t\t\t<a href=\"https:\/\/chateauvillarlong.com\/fr\/produit\/soiree-rhythm-soul\/\" class=\"link-more\">\r\n\t\t\t\t<img decoding=\"async\" width=\"460\" height=\"307\" src=\"https:\/\/chateauvillarlong.com\/wp-content\/uploads\/2025\/06\/Concert-Axel-Zwingenberger-06.06-460x307.avif\" class=\"attachment-wethumb_460x307 size-wethumb_460x307 wp-post-image\" alt=\"\" \/>            <\/a> \r\n            \t\t<\/div>\r\n\t\t<div class=\"grid-content\">\r\n\t\t\t<figcaption>\r\n            \t\t\t\t\t<div class=\"date\" ><span class=\"day\">06<\/span><span class=\"month\">Juin<\/span><\/div>\r\n                \t\t\t\t<h3>\r\n\t\t\t\t\t\t\t\t\t\t<a href=\"https:\/\/chateauvillarlong.com\/fr\/produit\/soiree-rhythm-soul\/\" class=\"link-more\">\r\n\t\t\t\t\tSoir\u00e9e Rhythm &#038; Soul                <\/a><\/h3>\r\n\t\t\t\t<div class=\"we-more-meta\">\r\n\t\t\t\t<span><i class=\"fa fa-calendar\"><\/i>juin 6, 2025<\/span>\r\n\t\t\t\t\t\t<span>\r\n\t\t\t\t\t\t\t<i class=\"fa fa-ticket\"><\/i>\r\n\t\t\t\t\t\t\tThis event has passed\r\n\t\t\t\t\t\t<\/span>\t\t\t\t<\/div>\r\n                \t\t\t\t<div class=\"grid-excerpt\"><\/div>\r\n                \t\t\t<\/figcaption>\r\n\t\t\t<div class=\"ex-social-share\"  id=\"ex-social-3952\">\r\n\t\t\t\t\t\t\t<ul class=\"wooevent-social-share\">\r\n\t\t\t\t\t\t\t\t\t<li class=\"facebook\">\r\n\t\t\t\t\t\t<a class=\"trasition-all\" title=\"Share on Facebook\" href=\"#\" target=\"_blank\" rel=\"nofollow\" onclick=\"window.open('https:\/\/www.facebook.com\/sharer\/sharer.php?u='+'https%3A%2F%2Fchateauvillarlong.com%2Ffr%2Fproduit%2Fsoiree-rhythm-soul%2F','facebook-share-dialog','width=626,height=436');return false;\"><i class=\"fa fa-facebook\"><\/i>\r\n\t\t\t\t\t\t<\/a>\r\n\t\t\t\t\t<\/li>\r\n\t\t\t\t\t\t\t\t\t<li class=\"twitter\">\r\n\t\t\t\t\t\t<a class=\"trasition-all\" href=\"#\" title=\"Share on Twitter\" rel=\"nofollow\" target=\"_blank\" onclick=\"window.open('http:\/\/twitter.com\/share?text=Soir%C3%A9e+Rhythm+%26+Soul&amp;url=https%3A%2F%2Fchateauvillarlong.com%2Ffr%2Fproduit%2Fsoiree-rhythm-soul%2F','twitter-share-dialog','width=626,height=436');return false;\"><i class=\"fa fa-twitter\"><\/i>\r\n\t\t\t\t\t\t<\/a>\r\n\t\t\t\t\t<\/li>\r\n\t\t\t\t\t\t\t\t\t\t<li class=\"linkedin\">\r\n\t\t\t\t\t\t\t<a class=\"trasition-all\" href=\"#\" title=\"Share on LinkedIn\" rel=\"nofollow\" target=\"_blank\" onclick=\"window.open('http:\/\/www.linkedin.com\/shareArticle?mini=true&amp;url=https%3A%2F%2Fchateauvillarlong.com%2Ffr%2Fproduit%2Fsoiree-rhythm-soul%2F&amp;title=Soir%C3%A9e+Rhythm+%26+Soul&amp;source=Ch%C3%A2teau+Villarlong+-+Majestic+ch%C3%A2teau+in+the+south+of+France+with+13+flats+offering+unique+and+enchanting+charm','linkedin-share-dialog','width=626,height=436');return false;\"><i class=\"fa fa-linkedin\"><\/i>\r\n\t\t\t\t\t\t\t<\/a>\r\n\t\t\t\t\t\t<\/li>\r\n\t\t\t\t\t\t\t\t\t<li class=\"tumblr\">\r\n\t\t\t\t\t   <a class=\"trasition-all\" href=\"#\" title=\"Share on Tumblr\" rel=\"nofollow\" target=\"_blank\" onclick=\"window.open('http:\/\/www.tumblr.com\/share\/link?url=https%3A%2F%2Fchateauvillarlong.com%2Ffr%2Fproduit%2Fsoiree-rhythm-soul%2F&amp;name=Soir%C3%A9e+Rhythm+%26+Soul','tumblr-share-dialog','width=626,height=436');return false;\"><i class=\"fa fa-tumblr\"><\/i>\r\n\t\t\t\t\t   <\/a>\r\n\t\t\t\t\t<\/li>\r\n\t\t\t\t\t\t\t\t\t <li class=\"pinterest\">\r\n\t\t\t\t\t\t<a class=\"trasition-all\" href=\"#\" title=\"Pin this\" rel=\"nofollow\" target=\"_blank\" onclick=\"window.open('\/\/pinterest.com\/pin\/create\/button\/?url=https%3A%2F%2Fchateauvillarlong.com%2Ffr%2Fproduit%2Fsoiree-rhythm-soul%2F&amp;media=https%3A%2F%2Fchateauvillarlong.com%2Fwp-content%2Fuploads%2F2025%2F06%2FConcert-Axel-Zwingenberger-06.06-scaled.avif&amp;description=Soir%C3%A9e+Rhythm+%26+Soul','pin-share-dialog','width=626,height=436');return false;\"><i class=\"fa fa-pinterest\"><\/i>\r\n\t\t\t\t\t\t<\/a>\r\n\t\t\t\t\t <\/li>\r\n\t\t\t\t \t\t\t\t\t <li class=\"vk\">\r\n\t\t\t\t\t\t<a class=\"trasition-all\" href=\"#\" title=\"Share on VK\" rel=\"nofollow\" target=\"_blank\" onclick=\"window.open('\/\/vkontakte.ru\/share.php?url=https%3A%2F%2Fchateauvillarlong.com%2Ffr%2Fproduit%2Fsoiree-rhythm-soul%2F','vk-share-dialog','width=626,height=436');return false;\"><i class=\"fa fa-vk\"><\/i>\r\n\t\t\t\t\t\t<\/a>\r\n\t\t\t\t\t <\/li>\r\n\t\t\t\t \t\t\t\t\t<li class=\"email\">\r\n\t\t\t\t\t\t<a class=\"trasition-all\" href=\"mailto:?subject=Soir%C3%A9e+Rhythm+%26+Soul&amp;body=https%3A%2F%2Fchateauvillarlong.com%2Ffr%2Fproduit%2Fsoiree-rhythm-soul%2F\" title=\"Email this\"><i class=\"fa fa-envelope\"><\/i>\r\n\t\t\t\t\t\t<\/a>\r\n\t\t\t\t\t<\/li>\r\n\t\t\t\t\t\t\t\t\t<li class=\"whatsapp\">\r\n\t\t\t\t\t\t<a class=\"trasition-all\" href=\"whatsapp:\/\/send?text=Soir%C3%A9e+Rhythm+%26+Soul - https%3A%2F%2Fchateauvillarlong.com%2Ffr%2Fproduit%2Fsoiree-rhythm-soul%2F\" data-action=\"share\/whatsapp\/share\" title=\"Share via Whatsapp\"><i class=\"fa fa-whatsapp\"><\/i>\r\n\t\t\t\t\t\t<\/a>\r\n\t\t\t\t\t<\/li>\r\n\t\t\t\t                \r\n\t\t\t<\/ul>\r\n\t\t\t\t\t\t<\/div>\r\n\t\t<\/div>\r\n\t<\/figure>    \r\n<\/div>                        <\/div>\r\n                        <div class=\"grid-row\">\r\n                        <div class=\"item-post-n\">\r\n\t<figure class=\"ex-modern-blog\">\r\n\t\t<div class=\"image\">\r\n        \t\t\t\t\t\t<span class=\"info-cat\">\r\n\t\t\t\t\t\t<a href=\"https:\/\/chateauvillarlong.com\/fr\/categorie-produit\/events\/\" title=\"Ev\u00eanements\">Ev\u00eanements<\/a>                    <\/span>\r\n                    \t\t\t<a href=\"https:\/\/chateauvillarlong.com\/fr\/produit\/concert-et-diner-nicolas-stavy-pianiste\/\" class=\"link-more\">\r\n\t\t\t\t<img loading=\"lazy\" decoding=\"async\" width=\"460\" height=\"307\" src=\"https:\/\/chateauvillarlong.com\/wp-content\/uploads\/2025\/03\/nicolas_stavi-460x307.avif\" class=\"attachment-wethumb_460x307 size-wethumb_460x307 wp-post-image\" alt=\"\" srcset=\"https:\/\/chateauvillarlong.com\/wp-content\/uploads\/2025\/03\/nicolas_stavi-460x307.avif 460w, https:\/\/chateauvillarlong.com\/wp-content\/uploads\/2025\/03\/nicolas_stavi-18x12.avif 18w\" sizes=\"(max-width: 460px) 100vw, 460px\" \/>            <\/a> \r\n            \t\t<\/div>\r\n\t\t<div class=\"grid-content\">\r\n\t\t\t<figcaption>\r\n            \t\t\t\t\t<div class=\"date\" style=\"background-color:#81d742\"><span class=\"day\">12<\/span><span class=\"month\">Avr<\/span><\/div>\r\n                \t\t\t\t<h3>\r\n\t\t\t\t\t\t\t\t\t\t<a href=\"https:\/\/chateauvillarlong.com\/fr\/produit\/concert-et-diner-nicolas-stavy-pianiste\/\" class=\"link-more\">\r\n\t\t\t\t\tConcert et D\u00eener &#8211; Nicolas Stavy &#8211; Pianiste                <\/a><\/h3>\r\n\t\t\t\t<div class=\"we-more-meta\">\r\n\t\t\t\t<span><i class=\"fa fa-calendar\"><\/i>avril 12, 2025<\/span>\r\n\t\t\t\t\t\t<span>\r\n\t\t\t\t\t\t\t<i class=\"fa fa-ticket\"><\/i>\r\n\t\t\t\t\t\t\tThis event has passed\r\n\t\t\t\t\t\t<\/span>\t\t\t\t<\/div>\r\n                \t\t\t\t<div class=\"grid-excerpt\">Nicolas Stavy &#8211; Pianiste Concert \u00e0 St Jacques, suivi d&#8217;un...<\/div>\r\n                \t\t\t<\/figcaption>\r\n\t\t\t<div class=\"ex-social-share\" style=\"background-color:#81d742\" id=\"ex-social-3907\">\r\n\t\t\t\t\t\t\t<ul class=\"wooevent-social-share\">\r\n\t\t\t\t\t\t\t\t\t<li class=\"facebook\">\r\n\t\t\t\t\t\t<a class=\"trasition-all\" title=\"Share on Facebook\" href=\"#\" target=\"_blank\" rel=\"nofollow\" onclick=\"window.open('https:\/\/www.facebook.com\/sharer\/sharer.php?u='+'https%3A%2F%2Fchateauvillarlong.com%2Ffr%2Fproduit%2Fconcert-et-diner-nicolas-stavy-pianiste%2F','facebook-share-dialog','width=626,height=436');return false;\"><i class=\"fa fa-facebook\"><\/i>\r\n\t\t\t\t\t\t<\/a>\r\n\t\t\t\t\t<\/li>\r\n\t\t\t\t\t\t\t\t\t<li class=\"twitter\">\r\n\t\t\t\t\t\t<a class=\"trasition-all\" href=\"#\" title=\"Share on Twitter\" rel=\"nofollow\" target=\"_blank\" onclick=\"window.open('http:\/\/twitter.com\/share?text=Concert+et+D%C3%AEner+%E2%80%93+Nicolas+Stavy+%E2%80%93+Pianiste&amp;url=https%3A%2F%2Fchateauvillarlong.com%2Ffr%2Fproduit%2Fconcert-et-diner-nicolas-stavy-pianiste%2F','twitter-share-dialog','width=626,height=436');return false;\"><i class=\"fa fa-twitter\"><\/i>\r\n\t\t\t\t\t\t<\/a>\r\n\t\t\t\t\t<\/li>\r\n\t\t\t\t\t\t\t\t\t\t<li class=\"linkedin\">\r\n\t\t\t\t\t\t\t<a class=\"trasition-all\" href=\"#\" title=\"Share on LinkedIn\" rel=\"nofollow\" target=\"_blank\" onclick=\"window.open('http:\/\/www.linkedin.com\/shareArticle?mini=true&amp;url=https%3A%2F%2Fchateauvillarlong.com%2Ffr%2Fproduit%2Fconcert-et-diner-nicolas-stavy-pianiste%2F&amp;title=Concert+et+D%C3%AEner+%E2%80%93+Nicolas+Stavy+%E2%80%93+Pianiste&amp;source=Ch%C3%A2teau+Villarlong+-+Majestic+ch%C3%A2teau+in+the+south+of+France+with+13+flats+offering+unique+and+enchanting+charm','linkedin-share-dialog','width=626,height=436');return false;\"><i class=\"fa fa-linkedin\"><\/i>\r\n\t\t\t\t\t\t\t<\/a>\r\n\t\t\t\t\t\t<\/li>\r\n\t\t\t\t\t\t\t\t\t<li class=\"tumblr\">\r\n\t\t\t\t\t   <a class=\"trasition-all\" href=\"#\" title=\"Share on Tumblr\" rel=\"nofollow\" target=\"_blank\" onclick=\"window.open('http:\/\/www.tumblr.com\/share\/link?url=https%3A%2F%2Fchateauvillarlong.com%2Ffr%2Fproduit%2Fconcert-et-diner-nicolas-stavy-pianiste%2F&amp;name=Concert+et+D%C3%AEner+%E2%80%93+Nicolas+Stavy+%E2%80%93+Pianiste','tumblr-share-dialog','width=626,height=436');return false;\"><i class=\"fa fa-tumblr\"><\/i>\r\n\t\t\t\t\t   <\/a>\r\n\t\t\t\t\t<\/li>\r\n\t\t\t\t\t\t\t\t\t <li class=\"pinterest\">\r\n\t\t\t\t\t\t<a class=\"trasition-all\" href=\"#\" title=\"Pin this\" rel=\"nofollow\" target=\"_blank\" onclick=\"window.open('\/\/pinterest.com\/pin\/create\/button\/?url=https%3A%2F%2Fchateauvillarlong.com%2Ffr%2Fproduit%2Fconcert-et-diner-nicolas-stavy-pianiste%2F&amp;media=https%3A%2F%2Fchateauvillarlong.com%2Fwp-content%2Fuploads%2F2025%2F03%2Fnicolas_stavi.avif&amp;description=Concert+et+D%C3%AEner+%E2%80%93+Nicolas+Stavy+%E2%80%93+Pianiste','pin-share-dialog','width=626,height=436');return false;\"><i class=\"fa fa-pinterest\"><\/i>\r\n\t\t\t\t\t\t<\/a>\r\n\t\t\t\t\t <\/li>\r\n\t\t\t\t \t\t\t\t\t <li class=\"vk\">\r\n\t\t\t\t\t\t<a class=\"trasition-all\" href=\"#\" title=\"Share on VK\" rel=\"nofollow\" target=\"_blank\" onclick=\"window.open('\/\/vkontakte.ru\/share.php?url=https%3A%2F%2Fchateauvillarlong.com%2Ffr%2Fproduit%2Fconcert-et-diner-nicolas-stavy-pianiste%2F','vk-share-dialog','width=626,height=436');return false;\"><i class=\"fa fa-vk\"><\/i>\r\n\t\t\t\t\t\t<\/a>\r\n\t\t\t\t\t <\/li>\r\n\t\t\t\t \t\t\t\t\t<li class=\"email\">\r\n\t\t\t\t\t\t<a class=\"trasition-all\" href=\"mailto:?subject=Concert+et+D%C3%AEner+%E2%80%93+Nicolas+Stavy+%E2%80%93+Pianiste&amp;body=https%3A%2F%2Fchateauvillarlong.com%2Ffr%2Fproduit%2Fconcert-et-diner-nicolas-stavy-pianiste%2F\" title=\"Email this\"><i class=\"fa fa-envelope\"><\/i>\r\n\t\t\t\t\t\t<\/a>\r\n\t\t\t\t\t<\/li>\r\n\t\t\t\t\t\t\t\t\t<li class=\"whatsapp\">\r\n\t\t\t\t\t\t<a class=\"trasition-all\" href=\"whatsapp:\/\/send?text=Concert+et+D%C3%AEner+%E2%80%93+Nicolas+Stavy+%E2%80%93+Pianiste - https%3A%2F%2Fchateauvillarlong.com%2Ffr%2Fproduit%2Fconcert-et-diner-nicolas-stavy-pianiste%2F\" data-action=\"share\/whatsapp\/share\" title=\"Share via Whatsapp\"><i class=\"fa fa-whatsapp\"><\/i>\r\n\t\t\t\t\t\t<\/a>\r\n\t\t\t\t\t<\/li>\r\n\t\t\t\t                \r\n\t\t\t<\/ul>\r\n\t\t\t\t\t\t<\/div>\r\n\t\t<\/div>\r\n\t<\/figure>    \r\n<\/div><div class=\"item-post-n\">\r\n\t<figure class=\"ex-modern-blog\">\r\n\t\t<div class=\"image\">\r\n        \t\t\t\t\t\t<span class=\"info-cat\">\r\n\t\t\t\t\t\t<a href=\"https:\/\/chateauvillarlong.com\/fr\/categorie-produit\/events\/\" title=\"Ev\u00eanements\">Ev\u00eanements<\/a>                    <\/span>\r\n                    \t\t\t<a href=\"https:\/\/chateauvillarlong.com\/fr\/produit\/diner-et-spectacle-avec-lord-sax\/\" class=\"link-more\">\r\n\t\t\t\t<img loading=\"lazy\" decoding=\"async\" width=\"460\" height=\"307\" src=\"https:\/\/chateauvillarlong.com\/wp-content\/uploads\/2024\/07\/sax-460x307.avif\" class=\"attachment-wethumb_460x307 size-wethumb_460x307 wp-post-image\" alt=\"\" \/>            <\/a> \r\n            \t\t<\/div>\r\n\t\t<div class=\"grid-content\">\r\n\t\t\t<figcaption>\r\n            \t\t\t\t\t<div class=\"date\" style=\"background-color:#1e73be\"><span class=\"day\">12<\/span><span class=\"month\">Ao\u00fbt<\/span><\/div>\r\n                \t\t\t\t<h3>\r\n\t\t\t\t\t\t\t\t\t\t<a href=\"https:\/\/chateauvillarlong.com\/fr\/produit\/diner-et-spectacle-avec-lord-sax\/\" class=\"link-more\">\r\n\t\t\t\t\tD\u00eener et spectacle avec LORD SAX                <\/a><\/h3>\r\n\t\t\t\t<div class=\"we-more-meta\">\r\n\t\t\t\t<span><i class=\"fa fa-calendar\"><\/i>ao\u00fbt 12, 2024<\/span><span><i class=\"fa fa-shopping-basket\"><\/i><span class=\"woocommerce-Price-amount amount\"><bdi>55.00<span class=\"woocommerce-Price-currencySymbol\">&euro;<\/span><\/bdi><\/span><\/span>\r\n\t\t\t\t\t\t<span>\r\n\t\t\t\t\t\t\t<i class=\"fa fa-ticket\"><\/i>\r\n\t\t\t\t\t\t\tThis event has passed\r\n\t\t\t\t\t\t<\/span>\t\t\t\t<\/div>\r\n                \t\t\t\t<div class=\"grid-excerpt\">D\u00eener et spectacle avec LORD SAX Le 12 ao\u00fbt, nous...<\/div>\r\n                \t\t\t<\/figcaption>\r\n\t\t\t<div class=\"ex-social-share\" style=\"background-color:#1e73be\" id=\"ex-social-3127\">\r\n\t\t\t\t\t\t\t<ul class=\"wooevent-social-share\">\r\n\t\t\t\t\t\t\t\t\t<li class=\"facebook\">\r\n\t\t\t\t\t\t<a class=\"trasition-all\" title=\"Share on Facebook\" href=\"#\" target=\"_blank\" rel=\"nofollow\" onclick=\"window.open('https:\/\/www.facebook.com\/sharer\/sharer.php?u='+'https%3A%2F%2Fchateauvillarlong.com%2Ffr%2Fproduit%2Fdiner-et-spectacle-avec-lord-sax%2F','facebook-share-dialog','width=626,height=436');return false;\"><i class=\"fa fa-facebook\"><\/i>\r\n\t\t\t\t\t\t<\/a>\r\n\t\t\t\t\t<\/li>\r\n\t\t\t\t\t\t\t\t\t<li class=\"twitter\">\r\n\t\t\t\t\t\t<a class=\"trasition-all\" href=\"#\" title=\"Share on Twitter\" rel=\"nofollow\" target=\"_blank\" onclick=\"window.open('http:\/\/twitter.com\/share?text=D%C3%AEner+et+spectacle+avec+LORD+SAX&amp;url=https%3A%2F%2Fchateauvillarlong.com%2Ffr%2Fproduit%2Fdiner-et-spectacle-avec-lord-sax%2F','twitter-share-dialog','width=626,height=436');return false;\"><i class=\"fa fa-twitter\"><\/i>\r\n\t\t\t\t\t\t<\/a>\r\n\t\t\t\t\t<\/li>\r\n\t\t\t\t\t\t\t\t\t\t<li class=\"linkedin\">\r\n\t\t\t\t\t\t\t<a class=\"trasition-all\" href=\"#\" title=\"Share on LinkedIn\" rel=\"nofollow\" target=\"_blank\" onclick=\"window.open('http:\/\/www.linkedin.com\/shareArticle?mini=true&amp;url=https%3A%2F%2Fchateauvillarlong.com%2Ffr%2Fproduit%2Fdiner-et-spectacle-avec-lord-sax%2F&amp;title=D%C3%AEner+et+spectacle+avec+LORD+SAX&amp;source=Ch%C3%A2teau+Villarlong+-+Majestic+ch%C3%A2teau+in+the+south+of+France+with+13+flats+offering+unique+and+enchanting+charm','linkedin-share-dialog','width=626,height=436');return false;\"><i class=\"fa fa-linkedin\"><\/i>\r\n\t\t\t\t\t\t\t<\/a>\r\n\t\t\t\t\t\t<\/li>\r\n\t\t\t\t\t\t\t\t\t<li class=\"tumblr\">\r\n\t\t\t\t\t   <a class=\"trasition-all\" href=\"#\" title=\"Share on Tumblr\" rel=\"nofollow\" target=\"_blank\" onclick=\"window.open('http:\/\/www.tumblr.com\/share\/link?url=https%3A%2F%2Fchateauvillarlong.com%2Ffr%2Fproduit%2Fdiner-et-spectacle-avec-lord-sax%2F&amp;name=D%C3%AEner+et+spectacle+avec+LORD+SAX','tumblr-share-dialog','width=626,height=436');return false;\"><i class=\"fa fa-tumblr\"><\/i>\r\n\t\t\t\t\t   <\/a>\r\n\t\t\t\t\t<\/li>\r\n\t\t\t\t\t\t\t\t\t <li class=\"pinterest\">\r\n\t\t\t\t\t\t<a class=\"trasition-all\" href=\"#\" title=\"Pin this\" rel=\"nofollow\" target=\"_blank\" onclick=\"window.open('\/\/pinterest.com\/pin\/create\/button\/?url=https%3A%2F%2Fchateauvillarlong.com%2Ffr%2Fproduit%2Fdiner-et-spectacle-avec-lord-sax%2F&amp;media=https%3A%2F%2Fchateauvillarlong.com%2Fwp-content%2Fuploads%2F2024%2F07%2Fsax-jpg.avif&amp;description=D%C3%AEner+et+spectacle+avec+LORD+SAX','pin-share-dialog','width=626,height=436');return false;\"><i class=\"fa fa-pinterest\"><\/i>\r\n\t\t\t\t\t\t<\/a>\r\n\t\t\t\t\t <\/li>\r\n\t\t\t\t \t\t\t\t\t <li class=\"vk\">\r\n\t\t\t\t\t\t<a class=\"trasition-all\" href=\"#\" title=\"Share on VK\" rel=\"nofollow\" target=\"_blank\" onclick=\"window.open('\/\/vkontakte.ru\/share.php?url=https%3A%2F%2Fchateauvillarlong.com%2Ffr%2Fproduit%2Fdiner-et-spectacle-avec-lord-sax%2F','vk-share-dialog','width=626,height=436');return false;\"><i class=\"fa fa-vk\"><\/i>\r\n\t\t\t\t\t\t<\/a>\r\n\t\t\t\t\t <\/li>\r\n\t\t\t\t \t\t\t\t\t<li class=\"email\">\r\n\t\t\t\t\t\t<a class=\"trasition-all\" href=\"mailto:?subject=D%C3%AEner+et+spectacle+avec+LORD+SAX&amp;body=https%3A%2F%2Fchateauvillarlong.com%2Ffr%2Fproduit%2Fdiner-et-spectacle-avec-lord-sax%2F\" title=\"Email this\"><i class=\"fa fa-envelope\"><\/i>\r\n\t\t\t\t\t\t<\/a>\r\n\t\t\t\t\t<\/li>\r\n\t\t\t\t\t\t\t\t\t<li class=\"whatsapp\">\r\n\t\t\t\t\t\t<a class=\"trasition-all\" href=\"whatsapp:\/\/send?text=D%C3%AEner+et+spectacle+avec+LORD+SAX - https%3A%2F%2Fchateauvillarlong.com%2Ffr%2Fproduit%2Fdiner-et-spectacle-avec-lord-sax%2F\" data-action=\"share\/whatsapp\/share\" title=\"Share via Whatsapp\"><i class=\"fa fa-whatsapp\"><\/i>\r\n\t\t\t\t\t\t<\/a>\r\n\t\t\t\t\t<\/li>\r\n\t\t\t\t                \r\n\t\t\t<\/ul>\r\n\t\t\t\t\t\t<\/div>\r\n\t\t<\/div>\r\n\t<\/figure>    \r\n<\/div><div class=\"item-post-n\">\r\n\t<figure class=\"ex-modern-blog\">\r\n\t\t<div class=\"image\">\r\n        \t\t\t\t\t\t<span class=\"info-cat\">\r\n\t\t\t\t\t\t<a href=\"https:\/\/chateauvillarlong.com\/fr\/categorie-produit\/events\/\" title=\"Ev\u00eanements\">Ev\u00eanements<\/a>                    <\/span>\r\n                    \t\t\t<a href=\"https:\/\/chateauvillarlong.com\/fr\/produit\/james-pearson-trio-a-chateau-st-jacques-dalbas\/\" class=\"link-more\">\r\n\t\t\t\t<img loading=\"lazy\" decoding=\"async\" width=\"460\" height=\"307\" src=\"https:\/\/chateauvillarlong.com\/wp-content\/uploads\/2024\/07\/d8f2fb216b2b4093945d946eb6107d68.base_.image_-460x307.avif\" class=\"attachment-wethumb_460x307 size-wethumb_460x307 wp-post-image\" alt=\"\" \/>            <\/a> \r\n            \t\t<\/div>\r\n\t\t<div class=\"grid-content\">\r\n\t\t\t<figcaption>\r\n            \t\t\t\t\t<div class=\"date\" style=\"background-color:#81d742\"><span class=\"day\">06<\/span><span class=\"month\">Ao\u00fbt<\/span><\/div>\r\n                \t\t\t\t<h3>\r\n\t\t\t\t\t\t\t\t\t\t<a href=\"https:\/\/chateauvillarlong.com\/fr\/produit\/james-pearson-trio-a-chateau-st-jacques-dalbas\/\" class=\"link-more\">\r\n\t\t\t\t\tJAMES PEARSON TRIO \u00c0 CH\u00c2TEAU ST JACQUES D&#8217;ALBAS                <\/a><\/h3>\r\n\t\t\t\t<div class=\"we-more-meta\">\r\n\t\t\t\t<span><i class=\"fa fa-calendar\"><\/i>ao\u00fbt 6, 2024<\/span><span class=\"we-ed-gr\"><i class=\"fa fa-calendar-times-o\"><\/i>ao\u00fbt 7, 2024<\/span>\r\n\t\t\t\t\t\t<span>\r\n\t\t\t\t\t\t\t<i class=\"fa fa-ticket\"><\/i>\r\n\t\t\t\t\t\t\tThis event has passed\r\n\t\t\t\t\t\t<\/span>\t\t\t\t<\/div>\r\n                \t\t\t\t<div class=\"grid-excerpt\">Une excellente soir\u00e9e pour \u00e9couter cet incroyable trio, de retour...<\/div>\r\n                \t\t\t<\/figcaption>\r\n\t\t\t<div class=\"ex-social-share\" style=\"background-color:#81d742\" id=\"ex-social-3118\">\r\n\t\t\t\t\t\t\t<ul class=\"wooevent-social-share\">\r\n\t\t\t\t\t\t\t\t\t<li class=\"facebook\">\r\n\t\t\t\t\t\t<a class=\"trasition-all\" title=\"Share on Facebook\" href=\"#\" target=\"_blank\" rel=\"nofollow\" onclick=\"window.open('https:\/\/www.facebook.com\/sharer\/sharer.php?u='+'https%3A%2F%2Fchateauvillarlong.com%2Ffr%2Fproduit%2Fjames-pearson-trio-a-chateau-st-jacques-dalbas%2F','facebook-share-dialog','width=626,height=436');return false;\"><i class=\"fa fa-facebook\"><\/i>\r\n\t\t\t\t\t\t<\/a>\r\n\t\t\t\t\t<\/li>\r\n\t\t\t\t\t\t\t\t\t<li class=\"twitter\">\r\n\t\t\t\t\t\t<a class=\"trasition-all\" href=\"#\" title=\"Share on Twitter\" rel=\"nofollow\" target=\"_blank\" onclick=\"window.open('http:\/\/twitter.com\/share?text=JAMES+PEARSON+TRIO+%C3%80+CH%C3%82TEAU+ST+JACQUES+D%E2%80%99ALBAS&amp;url=https%3A%2F%2Fchateauvillarlong.com%2Ffr%2Fproduit%2Fjames-pearson-trio-a-chateau-st-jacques-dalbas%2F','twitter-share-dialog','width=626,height=436');return false;\"><i class=\"fa fa-twitter\"><\/i>\r\n\t\t\t\t\t\t<\/a>\r\n\t\t\t\t\t<\/li>\r\n\t\t\t\t\t\t\t\t\t\t<li class=\"linkedin\">\r\n\t\t\t\t\t\t\t<a class=\"trasition-all\" href=\"#\" title=\"Share on LinkedIn\" rel=\"nofollow\" target=\"_blank\" onclick=\"window.open('http:\/\/www.linkedin.com\/shareArticle?mini=true&amp;url=https%3A%2F%2Fchateauvillarlong.com%2Ffr%2Fproduit%2Fjames-pearson-trio-a-chateau-st-jacques-dalbas%2F&amp;title=JAMES+PEARSON+TRIO+%C3%80+CH%C3%82TEAU+ST+JACQUES+D%E2%80%99ALBAS&amp;source=Ch%C3%A2teau+Villarlong+-+Majestic+ch%C3%A2teau+in+the+south+of+France+with+13+flats+offering+unique+and+enchanting+charm','linkedin-share-dialog','width=626,height=436');return false;\"><i class=\"fa fa-linkedin\"><\/i>\r\n\t\t\t\t\t\t\t<\/a>\r\n\t\t\t\t\t\t<\/li>\r\n\t\t\t\t\t\t\t\t\t<li class=\"tumblr\">\r\n\t\t\t\t\t   <a class=\"trasition-all\" href=\"#\" title=\"Share on Tumblr\" rel=\"nofollow\" target=\"_blank\" onclick=\"window.open('http:\/\/www.tumblr.com\/share\/link?url=https%3A%2F%2Fchateauvillarlong.com%2Ffr%2Fproduit%2Fjames-pearson-trio-a-chateau-st-jacques-dalbas%2F&amp;name=JAMES+PEARSON+TRIO+%C3%80+CH%C3%82TEAU+ST+JACQUES+D%E2%80%99ALBAS','tumblr-share-dialog','width=626,height=436');return false;\"><i class=\"fa fa-tumblr\"><\/i>\r\n\t\t\t\t\t   <\/a>\r\n\t\t\t\t\t<\/li>\r\n\t\t\t\t\t\t\t\t\t <li class=\"pinterest\">\r\n\t\t\t\t\t\t<a class=\"trasition-all\" href=\"#\" title=\"Pin this\" rel=\"nofollow\" target=\"_blank\" onclick=\"window.open('\/\/pinterest.com\/pin\/create\/button\/?url=https%3A%2F%2Fchateauvillarlong.com%2Ffr%2Fproduit%2Fjames-pearson-trio-a-chateau-st-jacques-dalbas%2F&amp;media=https%3A%2F%2Fchateauvillarlong.com%2Fwp-content%2Fuploads%2F2024%2F07%2Fd8f2fb216b2b4093945d946eb6107d68.base_.image_-jpg.avif&amp;description=JAMES+PEARSON+TRIO+%C3%80+CH%C3%82TEAU+ST+JACQUES+D%E2%80%99ALBAS','pin-share-dialog','width=626,height=436');return false;\"><i class=\"fa fa-pinterest\"><\/i>\r\n\t\t\t\t\t\t<\/a>\r\n\t\t\t\t\t <\/li>\r\n\t\t\t\t \t\t\t\t\t <li class=\"vk\">\r\n\t\t\t\t\t\t<a class=\"trasition-all\" href=\"#\" title=\"Share on VK\" rel=\"nofollow\" target=\"_blank\" onclick=\"window.open('\/\/vkontakte.ru\/share.php?url=https%3A%2F%2Fchateauvillarlong.com%2Ffr%2Fproduit%2Fjames-pearson-trio-a-chateau-st-jacques-dalbas%2F','vk-share-dialog','width=626,height=436');return false;\"><i class=\"fa fa-vk\"><\/i>\r\n\t\t\t\t\t\t<\/a>\r\n\t\t\t\t\t <\/li>\r\n\t\t\t\t \t\t\t\t\t<li class=\"email\">\r\n\t\t\t\t\t\t<a class=\"trasition-all\" href=\"mailto:?subject=JAMES+PEARSON+TRIO+%C3%80+CH%C3%82TEAU+ST+JACQUES+D%E2%80%99ALBAS&amp;body=https%3A%2F%2Fchateauvillarlong.com%2Ffr%2Fproduit%2Fjames-pearson-trio-a-chateau-st-jacques-dalbas%2F\" title=\"Email this\"><i class=\"fa fa-envelope\"><\/i>\r\n\t\t\t\t\t\t<\/a>\r\n\t\t\t\t\t<\/li>\r\n\t\t\t\t\t\t\t\t\t<li class=\"whatsapp\">\r\n\t\t\t\t\t\t<a class=\"trasition-all\" href=\"whatsapp:\/\/send?text=JAMES+PEARSON+TRIO+%C3%80+CH%C3%82TEAU+ST+JACQUES+D%E2%80%99ALBAS - https%3A%2F%2Fchateauvillarlong.com%2Ffr%2Fproduit%2Fjames-pearson-trio-a-chateau-st-jacques-dalbas%2F\" data-action=\"share\/whatsapp\/share\" title=\"Share via Whatsapp\"><i class=\"fa fa-whatsapp\"><\/i>\r\n\t\t\t\t\t\t<\/a>\r\n\t\t\t\t\t<\/li>\r\n\t\t\t\t                \r\n\t\t\t<\/ul>\r\n\t\t\t\t\t\t<\/div>\r\n\t\t<\/div>\r\n\t<\/figure>    \r\n<\/div>                        <\/div>\r\n                        <div class=\"grid-row\">\r\n                        <div class=\"item-post-n\">\r\n\t<figure class=\"ex-modern-blog\">\r\n\t\t<div class=\"image\">\r\n        \t\t\t\t\t\t<span class=\"info-cat\">\r\n\t\t\t\t\t\t<a href=\"https:\/\/chateauvillarlong.com\/fr\/categorie-produit\/events\/\" title=\"Ev\u00eanements\">Ev\u00eanements<\/a>                    <\/span>\r\n                    \t\t\t<a href=\"https:\/\/chateauvillarlong.com\/fr\/produit\/soiree-de-cloture-classic-3-grande-finale\/\" class=\"link-more\">\r\n\t\t\t\t<img loading=\"lazy\" decoding=\"async\" width=\"460\" height=\"307\" src=\"https:\/\/chateauvillarlong.com\/wp-content\/uploads\/2024\/05\/grande-finale-31-aout-2024-festival-caunes-minervois-460x307.webp\" class=\"attachment-wethumb_460x307 size-wethumb_460x307 wp-post-image\" alt=\"\" srcset=\"https:\/\/chateauvillarlong.com\/wp-content\/uploads\/2024\/05\/grande-finale-31-aout-2024-festival-caunes-minervois-460x307.webp 460w, https:\/\/chateauvillarlong.com\/wp-content\/uploads\/2024\/05\/grande-finale-31-aout-2024-festival-caunes-minervois-16x12.webp 16w\" sizes=\"(max-width: 460px) 100vw, 460px\" \/>            <\/a> \r\n            \t\t<\/div>\r\n\t\t<div class=\"grid-content\">\r\n\t\t\t<figcaption>\r\n            \t\t\t\t\t<div class=\"date\" style=\"background-color:#dd3333\"><span class=\"day\">31<\/span><span class=\"month\">Ao\u00fbt<\/span><\/div>\r\n                \t\t\t\t<h3>\r\n\t\t\t\t\t\t\t\t\t\t<a href=\"https:\/\/chateauvillarlong.com\/fr\/produit\/soiree-de-cloture-classic-3-grande-finale\/\" class=\"link-more\">\r\n\t\t\t\t\tSOIR\u00c9E DE CL\u00d4TURE &#8211; CLASSIC.3 &#8211;  GRANDE FINALE                <\/a><\/h3>\r\n\t\t\t\t<div class=\"we-more-meta\">\r\n\t\t\t\t<span><i class=\"fa fa-calendar\"><\/i>ao\u00fbt 31, 2024<\/span>\r\n\t\t\t\t\t\t<span>\r\n\t\t\t\t\t\t\t<i class=\"fa fa-ticket\"><\/i>\r\n\t\t\t\t\t\t\tThis event has passed\r\n\t\t\t\t\t\t<\/span>\t\t\t\t<\/div>\r\n                \t\t\t\t<div class=\"grid-excerpt\">Abbaye de Caunes-Minervois &#8211; Au clo\u00eetre &#8211; Johannes Brahms :\u00a0Sextuor...<\/div>\r\n                \t\t\t<\/figcaption>\r\n\t\t\t<div class=\"ex-social-share\" style=\"background-color:#dd3333\" id=\"ex-social-3030\">\r\n\t\t\t\t\t\t\t<ul class=\"wooevent-social-share\">\r\n\t\t\t\t\t\t\t\t\t<li class=\"facebook\">\r\n\t\t\t\t\t\t<a class=\"trasition-all\" title=\"Share on Facebook\" href=\"#\" target=\"_blank\" rel=\"nofollow\" onclick=\"window.open('https:\/\/www.facebook.com\/sharer\/sharer.php?u='+'https%3A%2F%2Fchateauvillarlong.com%2Ffr%2Fproduit%2Fsoiree-de-cloture-classic-3-grande-finale%2F','facebook-share-dialog','width=626,height=436');return false;\"><i class=\"fa fa-facebook\"><\/i>\r\n\t\t\t\t\t\t<\/a>\r\n\t\t\t\t\t<\/li>\r\n\t\t\t\t\t\t\t\t\t<li class=\"twitter\">\r\n\t\t\t\t\t\t<a class=\"trasition-all\" href=\"#\" title=\"Share on Twitter\" rel=\"nofollow\" target=\"_blank\" onclick=\"window.open('http:\/\/twitter.com\/share?text=SOIR%C3%89E+DE+CL%C3%94TURE+%E2%80%93+CLASSIC.3+%E2%80%93++GRANDE+FINALE&amp;url=https%3A%2F%2Fchateauvillarlong.com%2Ffr%2Fproduit%2Fsoiree-de-cloture-classic-3-grande-finale%2F','twitter-share-dialog','width=626,height=436');return false;\"><i class=\"fa fa-twitter\"><\/i>\r\n\t\t\t\t\t\t<\/a>\r\n\t\t\t\t\t<\/li>\r\n\t\t\t\t\t\t\t\t\t\t<li class=\"linkedin\">\r\n\t\t\t\t\t\t\t<a class=\"trasition-all\" href=\"#\" title=\"Share on LinkedIn\" rel=\"nofollow\" target=\"_blank\" onclick=\"window.open('http:\/\/www.linkedin.com\/shareArticle?mini=true&amp;url=https%3A%2F%2Fchateauvillarlong.com%2Ffr%2Fproduit%2Fsoiree-de-cloture-classic-3-grande-finale%2F&amp;title=SOIR%C3%89E+DE+CL%C3%94TURE+%E2%80%93+CLASSIC.3+%E2%80%93++GRANDE+FINALE&amp;source=Ch%C3%A2teau+Villarlong+-+Majestic+ch%C3%A2teau+in+the+south+of+France+with+13+flats+offering+unique+and+enchanting+charm','linkedin-share-dialog','width=626,height=436');return false;\"><i class=\"fa fa-linkedin\"><\/i>\r\n\t\t\t\t\t\t\t<\/a>\r\n\t\t\t\t\t\t<\/li>\r\n\t\t\t\t\t\t\t\t\t<li class=\"tumblr\">\r\n\t\t\t\t\t   <a class=\"trasition-all\" href=\"#\" title=\"Share on Tumblr\" rel=\"nofollow\" target=\"_blank\" onclick=\"window.open('http:\/\/www.tumblr.com\/share\/link?url=https%3A%2F%2Fchateauvillarlong.com%2Ffr%2Fproduit%2Fsoiree-de-cloture-classic-3-grande-finale%2F&amp;name=SOIR%C3%89E+DE+CL%C3%94TURE+%E2%80%93+CLASSIC.3+%E2%80%93++GRANDE+FINALE','tumblr-share-dialog','width=626,height=436');return false;\"><i class=\"fa fa-tumblr\"><\/i>\r\n\t\t\t\t\t   <\/a>\r\n\t\t\t\t\t<\/li>\r\n\t\t\t\t\t\t\t\t\t <li class=\"pinterest\">\r\n\t\t\t\t\t\t<a class=\"trasition-all\" href=\"#\" title=\"Pin this\" rel=\"nofollow\" target=\"_blank\" onclick=\"window.open('\/\/pinterest.com\/pin\/create\/button\/?url=https%3A%2F%2Fchateauvillarlong.com%2Ffr%2Fproduit%2Fsoiree-de-cloture-classic-3-grande-finale%2F&amp;media=https%3A%2F%2Fchateauvillarlong.com%2Fwp-content%2Fuploads%2F2024%2F05%2Fgrande-finale-31-aout-2024-festival-caunes-minervois.webp&amp;description=SOIR%C3%89E+DE+CL%C3%94TURE+%E2%80%93+CLASSIC.3+%E2%80%93++GRANDE+FINALE','pin-share-dialog','width=626,height=436');return false;\"><i class=\"fa fa-pinterest\"><\/i>\r\n\t\t\t\t\t\t<\/a>\r\n\t\t\t\t\t <\/li>\r\n\t\t\t\t \t\t\t\t\t <li class=\"vk\">\r\n\t\t\t\t\t\t<a class=\"trasition-all\" href=\"#\" title=\"Share on VK\" rel=\"nofollow\" target=\"_blank\" onclick=\"window.open('\/\/vkontakte.ru\/share.php?url=https%3A%2F%2Fchateauvillarlong.com%2Ffr%2Fproduit%2Fsoiree-de-cloture-classic-3-grande-finale%2F','vk-share-dialog','width=626,height=436');return false;\"><i class=\"fa fa-vk\"><\/i>\r\n\t\t\t\t\t\t<\/a>\r\n\t\t\t\t\t <\/li>\r\n\t\t\t\t \t\t\t\t\t<li class=\"email\">\r\n\t\t\t\t\t\t<a class=\"trasition-all\" href=\"mailto:?subject=SOIR%C3%89E+DE+CL%C3%94TURE+%E2%80%93+CLASSIC.3+%E2%80%93++GRANDE+FINALE&amp;body=https%3A%2F%2Fchateauvillarlong.com%2Ffr%2Fproduit%2Fsoiree-de-cloture-classic-3-grande-finale%2F\" title=\"Email this\"><i class=\"fa fa-envelope\"><\/i>\r\n\t\t\t\t\t\t<\/a>\r\n\t\t\t\t\t<\/li>\r\n\t\t\t\t\t\t\t\t\t<li class=\"whatsapp\">\r\n\t\t\t\t\t\t<a class=\"trasition-all\" href=\"whatsapp:\/\/send?text=SOIR%C3%89E+DE+CL%C3%94TURE+%E2%80%93+CLASSIC.3+%E2%80%93++GRANDE+FINALE - https%3A%2F%2Fchateauvillarlong.com%2Ffr%2Fproduit%2Fsoiree-de-cloture-classic-3-grande-finale%2F\" data-action=\"share\/whatsapp\/share\" title=\"Share via Whatsapp\"><i class=\"fa fa-whatsapp\"><\/i>\r\n\t\t\t\t\t\t<\/a>\r\n\t\t\t\t\t<\/li>\r\n\t\t\t\t                \r\n\t\t\t<\/ul>\r\n\t\t\t\t\t\t<\/div>\r\n\t\t<\/div>\r\n\t<\/figure>    \r\n<\/div><div class=\"item-post-n\">\r\n\t<figure class=\"ex-modern-blog\">\r\n\t\t<div class=\"image\">\r\n        \t\t\t\t\t\t<span class=\"info-cat\">\r\n\t\t\t\t\t\t<a href=\"https:\/\/chateauvillarlong.com\/fr\/categorie-produit\/events\/\" title=\"Ev\u00eanements\">Ev\u00eanements<\/a>                    <\/span>\r\n                    \t\t\t<a href=\"https:\/\/chateauvillarlong.com\/fr\/produit\/classic-2-hommage-a-maurice-ravel\/\" class=\"link-more\">\r\n\t\t\t\t<img loading=\"lazy\" decoding=\"async\" width=\"460\" height=\"307\" src=\"https:\/\/chateauvillarlong.com\/wp-content\/uploads\/2024\/05\/philippe-bianconi-clement-lefebvre-31-aout-2024-21h00-festival-caunes-minervois-460x307.webp\" class=\"attachment-wethumb_460x307 size-wethumb_460x307 wp-post-image\" alt=\"\" srcset=\"https:\/\/chateauvillarlong.com\/wp-content\/uploads\/2024\/05\/philippe-bianconi-clement-lefebvre-31-aout-2024-21h00-festival-caunes-minervois-460x307.webp 460w, https:\/\/chateauvillarlong.com\/wp-content\/uploads\/2024\/05\/philippe-bianconi-clement-lefebvre-31-aout-2024-21h00-festival-caunes-minervois-16x12.webp 16w\" sizes=\"(max-width: 460px) 100vw, 460px\" \/>            <\/a> \r\n            \t\t<\/div>\r\n\t\t<div class=\"grid-content\">\r\n\t\t\t<figcaption>\r\n            \t\t\t\t\t<div class=\"date\" style=\"background-color:#dd3333\"><span class=\"day\">30<\/span><span class=\"month\">Ao\u00fbt<\/span><\/div>\r\n                \t\t\t\t<h3>\r\n\t\t\t\t\t\t\t\t\t\t<a href=\"https:\/\/chateauvillarlong.com\/fr\/produit\/classic-2-hommage-a-maurice-ravel\/\" class=\"link-more\">\r\n\t\t\t\t\tCLASSIC.2 &#8211; HOMMAGE \u00c0 MAURICE RAVEL                <\/a><\/h3>\r\n\t\t\t\t<div class=\"we-more-meta\">\r\n\t\t\t\t<span><i class=\"fa fa-calendar\"><\/i>ao\u00fbt 30, 2024<\/span>\r\n\t\t\t\t\t\t<span>\r\n\t\t\t\t\t\t\t<i class=\"fa fa-ticket\"><\/i>\r\n\t\t\t\t\t\t\tThis event has passed\r\n\t\t\t\t\t\t<\/span>\t\t\t\t<\/div>\r\n                \t\t\t\t<div class=\"grid-excerpt\">Abbaye de Caunes-Minervois &#8211; Au clo\u00eetre &#8211; L. Lefran\u00e7ois :\u00a0\u00ab...<\/div>\r\n                \t\t\t<\/figcaption>\r\n\t\t\t<div class=\"ex-social-share\" style=\"background-color:#dd3333\" id=\"ex-social-3028\">\r\n\t\t\t\t\t\t\t<ul class=\"wooevent-social-share\">\r\n\t\t\t\t\t\t\t\t\t<li class=\"facebook\">\r\n\t\t\t\t\t\t<a class=\"trasition-all\" title=\"Share on Facebook\" href=\"#\" target=\"_blank\" rel=\"nofollow\" onclick=\"window.open('https:\/\/www.facebook.com\/sharer\/sharer.php?u='+'https%3A%2F%2Fchateauvillarlong.com%2Ffr%2Fproduit%2Fclassic-2-hommage-a-maurice-ravel%2F','facebook-share-dialog','width=626,height=436');return false;\"><i class=\"fa fa-facebook\"><\/i>\r\n\t\t\t\t\t\t<\/a>\r\n\t\t\t\t\t<\/li>\r\n\t\t\t\t\t\t\t\t\t<li class=\"twitter\">\r\n\t\t\t\t\t\t<a class=\"trasition-all\" href=\"#\" title=\"Share on Twitter\" rel=\"nofollow\" target=\"_blank\" onclick=\"window.open('http:\/\/twitter.com\/share?text=CLASSIC.2+%E2%80%93+HOMMAGE+%C3%80+MAURICE+RAVEL&amp;url=https%3A%2F%2Fchateauvillarlong.com%2Ffr%2Fproduit%2Fclassic-2-hommage-a-maurice-ravel%2F','twitter-share-dialog','width=626,height=436');return false;\"><i class=\"fa fa-twitter\"><\/i>\r\n\t\t\t\t\t\t<\/a>\r\n\t\t\t\t\t<\/li>\r\n\t\t\t\t\t\t\t\t\t\t<li class=\"linkedin\">\r\n\t\t\t\t\t\t\t<a class=\"trasition-all\" href=\"#\" title=\"Share on LinkedIn\" rel=\"nofollow\" target=\"_blank\" onclick=\"window.open('http:\/\/www.linkedin.com\/shareArticle?mini=true&amp;url=https%3A%2F%2Fchateauvillarlong.com%2Ffr%2Fproduit%2Fclassic-2-hommage-a-maurice-ravel%2F&amp;title=CLASSIC.2+%E2%80%93+HOMMAGE+%C3%80+MAURICE+RAVEL&amp;source=Ch%C3%A2teau+Villarlong+-+Majestic+ch%C3%A2teau+in+the+south+of+France+with+13+flats+offering+unique+and+enchanting+charm','linkedin-share-dialog','width=626,height=436');return false;\"><i class=\"fa fa-linkedin\"><\/i>\r\n\t\t\t\t\t\t\t<\/a>\r\n\t\t\t\t\t\t<\/li>\r\n\t\t\t\t\t\t\t\t\t<li class=\"tumblr\">\r\n\t\t\t\t\t   <a class=\"trasition-all\" href=\"#\" title=\"Share on Tumblr\" rel=\"nofollow\" target=\"_blank\" onclick=\"window.open('http:\/\/www.tumblr.com\/share\/link?url=https%3A%2F%2Fchateauvillarlong.com%2Ffr%2Fproduit%2Fclassic-2-hommage-a-maurice-ravel%2F&amp;name=CLASSIC.2+%E2%80%93+HOMMAGE+%C3%80+MAURICE+RAVEL','tumblr-share-dialog','width=626,height=436');return false;\"><i class=\"fa fa-tumblr\"><\/i>\r\n\t\t\t\t\t   <\/a>\r\n\t\t\t\t\t<\/li>\r\n\t\t\t\t\t\t\t\t\t <li class=\"pinterest\">\r\n\t\t\t\t\t\t<a class=\"trasition-all\" href=\"#\" title=\"Pin this\" rel=\"nofollow\" target=\"_blank\" onclick=\"window.open('\/\/pinterest.com\/pin\/create\/button\/?url=https%3A%2F%2Fchateauvillarlong.com%2Ffr%2Fproduit%2Fclassic-2-hommage-a-maurice-ravel%2F&amp;media=https%3A%2F%2Fchateauvillarlong.com%2Fwp-content%2Fuploads%2F2024%2F05%2Fphilippe-bianconi-clement-lefebvre-31-aout-2024-21h00-festival-caunes-minervois-jpg.webp&amp;description=CLASSIC.2+%E2%80%93+HOMMAGE+%C3%80+MAURICE+RAVEL','pin-share-dialog','width=626,height=436');return false;\"><i class=\"fa fa-pinterest\"><\/i>\r\n\t\t\t\t\t\t<\/a>\r\n\t\t\t\t\t <\/li>\r\n\t\t\t\t \t\t\t\t\t <li class=\"vk\">\r\n\t\t\t\t\t\t<a class=\"trasition-all\" href=\"#\" title=\"Share on VK\" rel=\"nofollow\" target=\"_blank\" onclick=\"window.open('\/\/vkontakte.ru\/share.php?url=https%3A%2F%2Fchateauvillarlong.com%2Ffr%2Fproduit%2Fclassic-2-hommage-a-maurice-ravel%2F','vk-share-dialog','width=626,height=436');return false;\"><i class=\"fa fa-vk\"><\/i>\r\n\t\t\t\t\t\t<\/a>\r\n\t\t\t\t\t <\/li>\r\n\t\t\t\t \t\t\t\t\t<li class=\"email\">\r\n\t\t\t\t\t\t<a class=\"trasition-all\" href=\"mailto:?subject=CLASSIC.2+%E2%80%93+HOMMAGE+%C3%80+MAURICE+RAVEL&amp;body=https%3A%2F%2Fchateauvillarlong.com%2Ffr%2Fproduit%2Fclassic-2-hommage-a-maurice-ravel%2F\" title=\"Email this\"><i class=\"fa fa-envelope\"><\/i>\r\n\t\t\t\t\t\t<\/a>\r\n\t\t\t\t\t<\/li>\r\n\t\t\t\t\t\t\t\t\t<li class=\"whatsapp\">\r\n\t\t\t\t\t\t<a class=\"trasition-all\" href=\"whatsapp:\/\/send?text=CLASSIC.2+%E2%80%93+HOMMAGE+%C3%80+MAURICE+RAVEL - https%3A%2F%2Fchateauvillarlong.com%2Ffr%2Fproduit%2Fclassic-2-hommage-a-maurice-ravel%2F\" data-action=\"share\/whatsapp\/share\" title=\"Share via Whatsapp\"><i class=\"fa fa-whatsapp\"><\/i>\r\n\t\t\t\t\t\t<\/a>\r\n\t\t\t\t\t<\/li>\r\n\t\t\t\t                \r\n\t\t\t<\/ul>\r\n\t\t\t\t\t\t<\/div>\r\n\t\t<\/div>\r\n\t<\/figure>    \r\n<\/div><div class=\"item-post-n\">\r\n\t<figure class=\"ex-modern-blog\">\r\n\t\t<div class=\"image\">\r\n        \t\t\t\t\t\t<span class=\"info-cat\">\r\n\t\t\t\t\t\t<a href=\"https:\/\/chateauvillarlong.com\/fr\/categorie-produit\/events\/\" title=\"Ev\u00eanements\">Ev\u00eanements<\/a>                    <\/span>\r\n                    \t\t\t<a href=\"https:\/\/chateauvillarlong.com\/fr\/produit\/journee-decouverte-evenements-gratuits\/\" class=\"link-more\">\r\n\t\t\t\t<img loading=\"lazy\" decoding=\"async\" width=\"460\" height=\"307\" src=\"https:\/\/chateauvillarlong.com\/wp-content\/uploads\/2024\/05\/journee-decouverte-29-aout-2024-festival-caunes-minervois-460x307.webp\" class=\"attachment-wethumb_460x307 size-wethumb_460x307 wp-post-image\" alt=\"\" srcset=\"https:\/\/chateauvillarlong.com\/wp-content\/uploads\/2024\/05\/journee-decouverte-29-aout-2024-festival-caunes-minervois-460x307.webp 460w, https:\/\/chateauvillarlong.com\/wp-content\/uploads\/2024\/05\/journee-decouverte-29-aout-2024-festival-caunes-minervois-16x12.webp 16w\" sizes=\"(max-width: 460px) 100vw, 460px\" \/>            <\/a> \r\n            \t\t<\/div>\r\n\t\t<div class=\"grid-content\">\r\n\t\t\t<figcaption>\r\n            \t\t\t\t\t<div class=\"date\" style=\"background-color:#dd3333\"><span class=\"day\">29<\/span><span class=\"month\">Ao\u00fbt<\/span><\/div>\r\n                \t\t\t\t<h3>\r\n\t\t\t\t\t\t\t\t\t\t<a href=\"https:\/\/chateauvillarlong.com\/fr\/produit\/journee-decouverte-evenements-gratuits\/\" class=\"link-more\">\r\n\t\t\t\t\tJOURN\u00c9E D\u00c9COUVERTE (Ev\u00e8nements gratuits)                <\/a><\/h3>\r\n\t\t\t\t<div class=\"we-more-meta\">\r\n\t\t\t\t<span><i class=\"fa fa-calendar\"><\/i>ao\u00fbt 29, 2024<\/span>\r\n\t\t\t\t\t\t<span>\r\n\t\t\t\t\t\t\t<i class=\"fa fa-ticket\"><\/i>\r\n\t\t\t\t\t\t\tThis event has passed\r\n\t\t\t\t\t\t<\/span>\t\t\t\t<\/div>\r\n                \t\t\t\t<div class=\"grid-excerpt\">11h00 :\u00a0Place de la Mairie &#8211; Concert avec les musiciens...<\/div>\r\n                \t\t\t<\/figcaption>\r\n\t\t\t<div class=\"ex-social-share\" style=\"background-color:#dd3333\" id=\"ex-social-3026\">\r\n\t\t\t\t\t\t\t<ul class=\"wooevent-social-share\">\r\n\t\t\t\t\t\t\t\t\t<li class=\"facebook\">\r\n\t\t\t\t\t\t<a class=\"trasition-all\" title=\"Share on Facebook\" href=\"#\" target=\"_blank\" rel=\"nofollow\" onclick=\"window.open('https:\/\/www.facebook.com\/sharer\/sharer.php?u='+'https%3A%2F%2Fchateauvillarlong.com%2Ffr%2Fproduit%2Fjournee-decouverte-evenements-gratuits%2F','facebook-share-dialog','width=626,height=436');return false;\"><i class=\"fa fa-facebook\"><\/i>\r\n\t\t\t\t\t\t<\/a>\r\n\t\t\t\t\t<\/li>\r\n\t\t\t\t\t\t\t\t\t<li class=\"twitter\">\r\n\t\t\t\t\t\t<a class=\"trasition-all\" href=\"#\" title=\"Share on Twitter\" rel=\"nofollow\" target=\"_blank\" onclick=\"window.open('http:\/\/twitter.com\/share?text=JOURN%C3%89E+D%C3%89COUVERTE+%28Ev%C3%A8nements+gratuits%29&amp;url=https%3A%2F%2Fchateauvillarlong.com%2Ffr%2Fproduit%2Fjournee-decouverte-evenements-gratuits%2F','twitter-share-dialog','width=626,height=436');return false;\"><i class=\"fa fa-twitter\"><\/i>\r\n\t\t\t\t\t\t<\/a>\r\n\t\t\t\t\t<\/li>\r\n\t\t\t\t\t\t\t\t\t\t<li class=\"linkedin\">\r\n\t\t\t\t\t\t\t<a class=\"trasition-all\" href=\"#\" title=\"Share on LinkedIn\" rel=\"nofollow\" target=\"_blank\" onclick=\"window.open('http:\/\/www.linkedin.com\/shareArticle?mini=true&amp;url=https%3A%2F%2Fchateauvillarlong.com%2Ffr%2Fproduit%2Fjournee-decouverte-evenements-gratuits%2F&amp;title=JOURN%C3%89E+D%C3%89COUVERTE+%28Ev%C3%A8nements+gratuits%29&amp;source=Ch%C3%A2teau+Villarlong+-+Majestic+ch%C3%A2teau+in+the+south+of+France+with+13+flats+offering+unique+and+enchanting+charm','linkedin-share-dialog','width=626,height=436');return false;\"><i class=\"fa fa-linkedin\"><\/i>\r\n\t\t\t\t\t\t\t<\/a>\r\n\t\t\t\t\t\t<\/li>\r\n\t\t\t\t\t\t\t\t\t<li class=\"tumblr\">\r\n\t\t\t\t\t   <a class=\"trasition-all\" href=\"#\" title=\"Share on Tumblr\" rel=\"nofollow\" target=\"_blank\" onclick=\"window.open('http:\/\/www.tumblr.com\/share\/link?url=https%3A%2F%2Fchateauvillarlong.com%2Ffr%2Fproduit%2Fjournee-decouverte-evenements-gratuits%2F&amp;name=JOURN%C3%89E+D%C3%89COUVERTE+%28Ev%C3%A8nements+gratuits%29','tumblr-share-dialog','width=626,height=436');return false;\"><i class=\"fa fa-tumblr\"><\/i>\r\n\t\t\t\t\t   <\/a>\r\n\t\t\t\t\t<\/li>\r\n\t\t\t\t\t\t\t\t\t <li class=\"pinterest\">\r\n\t\t\t\t\t\t<a class=\"trasition-all\" href=\"#\" title=\"Pin this\" rel=\"nofollow\" target=\"_blank\" onclick=\"window.open('\/\/pinterest.com\/pin\/create\/button\/?url=https%3A%2F%2Fchateauvillarlong.com%2Ffr%2Fproduit%2Fjournee-decouverte-evenements-gratuits%2F&amp;media=https%3A%2F%2Fchateauvillarlong.com%2Fwp-content%2Fuploads%2F2024%2F05%2Fjournee-decouverte-29-aout-2024-festival-caunes-minervois.webp&amp;description=JOURN%C3%89E+D%C3%89COUVERTE+%28Ev%C3%A8nements+gratuits%29','pin-share-dialog','width=626,height=436');return false;\"><i class=\"fa fa-pinterest\"><\/i>\r\n\t\t\t\t\t\t<\/a>\r\n\t\t\t\t\t <\/li>\r\n\t\t\t\t \t\t\t\t\t <li class=\"vk\">\r\n\t\t\t\t\t\t<a class=\"trasition-all\" href=\"#\" title=\"Share on VK\" rel=\"nofollow\" target=\"_blank\" onclick=\"window.open('\/\/vkontakte.ru\/share.php?url=https%3A%2F%2Fchateauvillarlong.com%2Ffr%2Fproduit%2Fjournee-decouverte-evenements-gratuits%2F','vk-share-dialog','width=626,height=436');return false;\"><i class=\"fa fa-vk\"><\/i>\r\n\t\t\t\t\t\t<\/a>\r\n\t\t\t\t\t <\/li>\r\n\t\t\t\t \t\t\t\t\t<li class=\"email\">\r\n\t\t\t\t\t\t<a class=\"trasition-all\" href=\"mailto:?subject=JOURN%C3%89E+D%C3%89COUVERTE+%28Ev%C3%A8nements+gratuits%29&amp;body=https%3A%2F%2Fchateauvillarlong.com%2Ffr%2Fproduit%2Fjournee-decouverte-evenements-gratuits%2F\" title=\"Email this\"><i class=\"fa fa-envelope\"><\/i>\r\n\t\t\t\t\t\t<\/a>\r\n\t\t\t\t\t<\/li>\r\n\t\t\t\t\t\t\t\t\t<li class=\"whatsapp\">\r\n\t\t\t\t\t\t<a class=\"trasition-all\" href=\"whatsapp:\/\/send?text=JOURN%C3%89E+D%C3%89COUVERTE+%28Ev%C3%A8nements+gratuits%29 - https%3A%2F%2Fchateauvillarlong.com%2Ffr%2Fproduit%2Fjournee-decouverte-evenements-gratuits%2F\" data-action=\"share\/whatsapp\/share\" title=\"Share via Whatsapp\"><i class=\"fa fa-whatsapp\"><\/i>\r\n\t\t\t\t\t\t<\/a>\r\n\t\t\t\t\t<\/li>\r\n\t\t\t\t                \r\n\t\t\t<\/ul>\r\n\t\t\t\t\t\t<\/div>\r\n\t\t<\/div>\r\n\t<\/figure>    \r\n<\/div>                        <\/div>\r\n                        <div class=\"grid-row\">\r\n                        <div class=\"item-post-n\">\r\n\t<figure class=\"ex-modern-blog\">\r\n\t\t<div class=\"image\">\r\n        \t\t\t\t\t\t<span class=\"info-cat\">\r\n\t\t\t\t\t\t<a href=\"https:\/\/chateauvillarlong.com\/fr\/categorie-produit\/events\/\" title=\"Ev\u00eanements\">Ev\u00eanements<\/a>                    <\/span>\r\n                    \t\t\t<a href=\"https:\/\/chateauvillarlong.com\/fr\/produit\/classic-1-jeunes-talents\/\" class=\"link-more\">\r\n\t\t\t\t<img loading=\"lazy\" decoding=\"async\" width=\"460\" height=\"307\" src=\"https:\/\/chateauvillarlong.com\/wp-content\/uploads\/2024\/05\/28-aout-2024-festival-caunes-minervois-460x307.gif\" class=\"attachment-wethumb_460x307 size-wethumb_460x307 wp-post-image\" alt=\"\" srcset=\"https:\/\/chateauvillarlong.com\/wp-content\/uploads\/2024\/05\/28-aout-2024-festival-caunes-minervois-460x307.gif 460w, https:\/\/chateauvillarlong.com\/wp-content\/uploads\/2024\/05\/28-aout-2024-festival-caunes-minervois-16x12.gif 16w\" sizes=\"(max-width: 460px) 100vw, 460px\" \/>            <\/a> \r\n            \t\t<\/div>\r\n\t\t<div class=\"grid-content\">\r\n\t\t\t<figcaption>\r\n            \t\t\t\t\t<div class=\"date\" style=\"background-color:#dd3333\"><span class=\"day\">28<\/span><span class=\"month\">Ao\u00fbt<\/span><\/div>\r\n                \t\t\t\t<h3>\r\n\t\t\t\t\t\t\t\t\t\t<a href=\"https:\/\/chateauvillarlong.com\/fr\/produit\/classic-1-jeunes-talents\/\" class=\"link-more\">\r\n\t\t\t\t\tCLASSIC.1 &#8211; JEUNES TALENTS                <\/a><\/h3>\r\n\t\t\t\t<div class=\"we-more-meta\">\r\n\t\t\t\t<span><i class=\"fa fa-calendar\"><\/i>ao\u00fbt 28, 2024<\/span>\r\n\t\t\t\t\t\t<span>\r\n\t\t\t\t\t\t\t<i class=\"fa fa-ticket\"><\/i>\r\n\t\t\t\t\t\t\tThis event has passed\r\n\t\t\t\t\t\t<\/span>\t\t\t\t<\/div>\r\n                \t\t\t\t<div class=\"grid-excerpt\">Abbaye de Caunes-Minervois &#8211; Au clo\u00eetre &#8211; Tom Carr\u00e9, piano...<\/div>\r\n                \t\t\t<\/figcaption>\r\n\t\t\t<div class=\"ex-social-share\" style=\"background-color:#dd3333\" id=\"ex-social-3024\">\r\n\t\t\t\t\t\t\t<ul class=\"wooevent-social-share\">\r\n\t\t\t\t\t\t\t\t\t<li class=\"facebook\">\r\n\t\t\t\t\t\t<a class=\"trasition-all\" title=\"Share on Facebook\" href=\"#\" target=\"_blank\" rel=\"nofollow\" onclick=\"window.open('https:\/\/www.facebook.com\/sharer\/sharer.php?u='+'https%3A%2F%2Fchateauvillarlong.com%2Ffr%2Fproduit%2Fclassic-1-jeunes-talents%2F','facebook-share-dialog','width=626,height=436');return false;\"><i class=\"fa fa-facebook\"><\/i>\r\n\t\t\t\t\t\t<\/a>\r\n\t\t\t\t\t<\/li>\r\n\t\t\t\t\t\t\t\t\t<li class=\"twitter\">\r\n\t\t\t\t\t\t<a class=\"trasition-all\" href=\"#\" title=\"Share on Twitter\" rel=\"nofollow\" target=\"_blank\" onclick=\"window.open('http:\/\/twitter.com\/share?text=CLASSIC.1+%E2%80%93+JEUNES+TALENTS&amp;url=https%3A%2F%2Fchateauvillarlong.com%2Ffr%2Fproduit%2Fclassic-1-jeunes-talents%2F','twitter-share-dialog','width=626,height=436');return false;\"><i class=\"fa fa-twitter\"><\/i>\r\n\t\t\t\t\t\t<\/a>\r\n\t\t\t\t\t<\/li>\r\n\t\t\t\t\t\t\t\t\t\t<li class=\"linkedin\">\r\n\t\t\t\t\t\t\t<a class=\"trasition-all\" href=\"#\" title=\"Share on LinkedIn\" rel=\"nofollow\" target=\"_blank\" onclick=\"window.open('http:\/\/www.linkedin.com\/shareArticle?mini=true&amp;url=https%3A%2F%2Fchateauvillarlong.com%2Ffr%2Fproduit%2Fclassic-1-jeunes-talents%2F&amp;title=CLASSIC.1+%E2%80%93+JEUNES+TALENTS&amp;source=Ch%C3%A2teau+Villarlong+-+Majestic+ch%C3%A2teau+in+the+south+of+France+with+13+flats+offering+unique+and+enchanting+charm','linkedin-share-dialog','width=626,height=436');return false;\"><i class=\"fa fa-linkedin\"><\/i>\r\n\t\t\t\t\t\t\t<\/a>\r\n\t\t\t\t\t\t<\/li>\r\n\t\t\t\t\t\t\t\t\t<li class=\"tumblr\">\r\n\t\t\t\t\t   <a class=\"trasition-all\" href=\"#\" title=\"Share on Tumblr\" rel=\"nofollow\" target=\"_blank\" onclick=\"window.open('http:\/\/www.tumblr.com\/share\/link?url=https%3A%2F%2Fchateauvillarlong.com%2Ffr%2Fproduit%2Fclassic-1-jeunes-talents%2F&amp;name=CLASSIC.1+%E2%80%93+JEUNES+TALENTS','tumblr-share-dialog','width=626,height=436');return false;\"><i class=\"fa fa-tumblr\"><\/i>\r\n\t\t\t\t\t   <\/a>\r\n\t\t\t\t\t<\/li>\r\n\t\t\t\t\t\t\t\t\t <li class=\"pinterest\">\r\n\t\t\t\t\t\t<a class=\"trasition-all\" href=\"#\" title=\"Pin this\" rel=\"nofollow\" target=\"_blank\" onclick=\"window.open('\/\/pinterest.com\/pin\/create\/button\/?url=https%3A%2F%2Fchateauvillarlong.com%2Ffr%2Fproduit%2Fclassic-1-jeunes-talents%2F&amp;media=https%3A%2F%2Fchateauvillarlong.com%2Fwp-content%2Fuploads%2F2024%2F05%2F28-aout-2024-festival-caunes-minervois.gif&amp;description=CLASSIC.1+%E2%80%93+JEUNES+TALENTS','pin-share-dialog','width=626,height=436');return false;\"><i class=\"fa fa-pinterest\"><\/i>\r\n\t\t\t\t\t\t<\/a>\r\n\t\t\t\t\t <\/li>\r\n\t\t\t\t \t\t\t\t\t <li class=\"vk\">\r\n\t\t\t\t\t\t<a class=\"trasition-all\" href=\"#\" title=\"Share on VK\" rel=\"nofollow\" target=\"_blank\" onclick=\"window.open('\/\/vkontakte.ru\/share.php?url=https%3A%2F%2Fchateauvillarlong.com%2Ffr%2Fproduit%2Fclassic-1-jeunes-talents%2F','vk-share-dialog','width=626,height=436');return false;\"><i class=\"fa fa-vk\"><\/i>\r\n\t\t\t\t\t\t<\/a>\r\n\t\t\t\t\t <\/li>\r\n\t\t\t\t \t\t\t\t\t<li class=\"email\">\r\n\t\t\t\t\t\t<a class=\"trasition-all\" href=\"mailto:?subject=CLASSIC.1+%E2%80%93+JEUNES+TALENTS&amp;body=https%3A%2F%2Fchateauvillarlong.com%2Ffr%2Fproduit%2Fclassic-1-jeunes-talents%2F\" title=\"Email this\"><i class=\"fa fa-envelope\"><\/i>\r\n\t\t\t\t\t\t<\/a>\r\n\t\t\t\t\t<\/li>\r\n\t\t\t\t\t\t\t\t\t<li class=\"whatsapp\">\r\n\t\t\t\t\t\t<a class=\"trasition-all\" href=\"whatsapp:\/\/send?text=CLASSIC.1+%E2%80%93+JEUNES+TALENTS - https%3A%2F%2Fchateauvillarlong.com%2Ffr%2Fproduit%2Fclassic-1-jeunes-talents%2F\" data-action=\"share\/whatsapp\/share\" title=\"Share via Whatsapp\"><i class=\"fa fa-whatsapp\"><\/i>\r\n\t\t\t\t\t\t<\/a>\r\n\t\t\t\t\t<\/li>\r\n\t\t\t\t                \r\n\t\t\t<\/ul>\r\n\t\t\t\t\t\t<\/div>\r\n\t\t<\/div>\r\n\t<\/figure>    \r\n<\/div>                <\/div>\r\n                <\/div>\r\n                <div class=\"clearfix\"><\/div>\r\n            <\/div>\r\n                    <\/div>\r\n        <div class=\"clearfix\"><\/div>\r\n\t\t\n\n    <div class=\"we-calendar -style\" data-id =\"3027\" id=\"3027\">\r\n        <div class=\"we-loading\">\r\n            <div class=\"wpex-spinner\">\r\n                <div class=\"rect1\"><\/div>\r\n                <div class=\"rect2\"><\/div>\r\n                <div class=\"rect3\"><\/div>\r\n                <div class=\"rect4\"><\/div>\r\n                <div class=\"rect5\"><\/div>\r\n            <\/div>\r\n        <\/div>\r\n        <div class=\"alert alert-warning tour-mes-info calendar-info hidden\"><i class=\"fa fa-exclamation-triangle\"><\/i>No Events Found<\/div>            \t<input type=\"hidden\"  name=\"calendar_view\" value=\"month\">\r\n                        \r\n            <input type=\"hidden\"  name=\"calendar_language\" value=\"en\">\r\n            <input type=\"hidden\"  name=\"calendar_wpml\" value=\"\">\r\n            <input type=\"hidden\"  name=\"calendar_defaultDate\" value=\"2026-04-29\">\r\n            <input type=\"hidden\"  name=\"calendar_firstDay\" value=\"1\">\r\n            <input type=\"hidden\"  name=\"calendar_orderby\" value=\"upcoming\">\r\n            <input type=\"hidden\"  name=\"calendar_cat\" value=\"\">\r\n            <input type=\"hidden\" name=\"param_shortcode\" value=\"{&quot;defaultdate&quot;:&quot;&quot;,&quot;cat&quot;:&quot;&quot;,&quot;view&quot;:&quot;&quot;,&quot;viewas_button&quot;:&quot;month,agendaWeek,basicDay,listYear&quot;,&quot;style&quot;:&quot;&quot;,&quot;firstday&quot;:&quot;&quot;,&quot;orderby&quot;:&quot;upcoming&quot;,&quot;show_ical&quot;:&quot;&quot;,&quot;cat_list&quot;:&quot;&quot;,&quot;tag_list&quot;:&quot;&quot;,&quot;loc_list&quot;:&quot;&quot;,&quot;spk_list&quot;:&quot;&quot;}\">\r\n            <input type=\"hidden\"  name=\"taxonomy\" value=\"\">\r\n            <input type=\"hidden\"  name=\"terms\" value=\"\">\r\n            <input type=\"hidden\"  name=\"speaker_id\" value=\"\">\r\n            <input type=\"hidden\"  name=\"current_url\" value=\"https:\/\/chateauvillarlong.com\/fr\/wp-json\/wp\/v2\/pages\/1590\">\r\n            <input type=\"hidden\"  name=\"calendar_ids\" value=\"\">\r\n            <input type=\"hidden\"  name=\"exwe_ids\" value=\"\">\r\n            <input type=\"hidden\"  name=\"show_bt\" value=\"\">\r\n            <input type=\"hidden\"  name=\"scrolltime\" value=\"\">\r\n            <input type=\"hidden\"  name=\"mintime\" value=\"\">\r\n            <input type=\"hidden\"  name=\"maxtime\" value=\"\">\r\n            <input type=\"hidden\"  name=\"mindate\" value=\"\">\r\n            <input type=\"hidden\"  name=\"maxdate\" value=\"\">\r\n            <input type=\"hidden\"  name=\"viewas_button\" value=\"month,agendaWeek,basicDay,listYear\">\r\n            <input type=\"hidden\"  name=\"yearl_text\" value=\"List Year \">\r\n            <input type=\"hidden\"  name=\"allDayText\" value=\"All day \">\r\n            <div class=\"we-ctnr-cal\">\r\n                <div class=\"we-cal-ftgr\" style=\" display:none;\">        <div class=\"we-calendar-filter\">\r\n            <div class=\"we-cal-filter-month\">\r\n                <select name=\"cal-filter-month\" class=\"we-mft-select\">\r\n                    <option value=\"\">Months<\/option>\r\n\t\t\t\t\t<option value=\"2026-04-01\" >avril 1, 2026<\/option><option value=\"2026-05-01\" >mai 1, 2026<\/option><option value=\"2026-06-01\" >juin 1, 2026<\/option><option value=\"2026-07-01\" >juillet 1, 2026<\/option><option value=\"2026-08-01\" >ao\u00fbt 1, 2026<\/option><option value=\"2026-09-01\" >septembre 1, 2026<\/option><option value=\"2026-10-01\" >octobre 1, 2026<\/option><option value=\"2026-11-01\" >novembre 1, 2026<\/option><option value=\"2026-12-01\" >d\u00e9cembre 1, 2026<\/option><option value=\"2027-01-01\" >janvier 1, 2027<\/option><option value=\"2027-02-01\" >f\u00e9vrier 1, 2027<\/option><option value=\"2027-03-01\" >mars 1, 2027<\/option>                <\/select>\r\n            <\/div>\r\n                                <div class=\"we-cal-filter-cat\">\r\n                        <select name=\"product_cat\">\r\n                            <option value=\"\">All Categories<\/option>\r\n                            <option value=\"lume\" >LUME<\/option><option value=\"alejandro-rodriguez-sardinas\" >Alejandro Rodriguez Sardinas<\/option><option value=\"bettina-zapp\" >Bettina Zapp<\/option><option value=\"brigitte-pruchnow\" >Brigitte Pruchnow<\/option><option value=\"events\" >Ev\u00eanements<\/option><option value=\"nadia-schmidt\" >Nadia Schmidt<\/option>                        <\/select>\r\n                    <\/div>\r\n            \t\t\t\t\t<div class=\"we-filter-loc\">\r\n                        <select name=\"product_loc\">\r\n                            <option value=\"\">Locations<\/option>\r\n                            <option value=\"1725\" >Chateau Villarlong, 11600 Villarzel-Cabard\u00e8s, France<\/option>                        <\/select>\r\n\t\t\t\t\t<\/div>\r\n\t\t\t\t        <\/div>\r\n        <div class=\"clearfix\"><\/div>\r\n        <\/div>\r\n                <div id=\"calendar\" class=\"\"><\/div>\r\n                            <\/div>\r\n                <input type=\"hidden\"  name=\"ajax_url\" value=\"https:\/\/chateauvillarlong.com\/wp-admin\/admin-ajax.php\">\r\n            <\/div>\r\n    <\/div>\n\t\t\t\t\t\t<\/div>\n\t\t\t\t<\/div>\n\t\t\t\t\t<\/div>\n\t\t<\/div>\n\t\t\t\t\t<\/div>\n\t\t<\/section>\n\t\t\t\t<\/div>","protected":false},"excerpt":{"rendered":"<p>Our Events Experience a vibrant array of events at our venue, from electrifying concerts to captivating animations.Join us for unforgettable entertainment and memorable experiences<\/p>","protected":false},"author":1,"featured_media":0,"parent":0,"menu_order":0,"comment_status":"closed","ping_status":"closed","template":"","meta":{"footnotes":""},"class_list":["post-1590","page","type-page","status-publish","hentry"],"yoast_head":"<!-- This site is optimized with the Yoast SEO plugin v27.5 - https:\/\/yoast.com\/product\/yoast-seo-wordpress\/ -->\n<title>Events - Ch\u00e2teau Villarlong - Majestic ch\u00e2teau in the south of France with 13 flats offering unique and enchanting charm<\/title>\n<meta name=\"robots\" content=\"index, follow, max-snippet:-1, max-image-preview:large, max-video-preview:-1\" \/>\n<link rel=\"canonical\" href=\"https:\/\/chateauvillarlong.com\/fr\/events\/\" \/>\n<meta property=\"og:locale\" content=\"fr_FR\" \/>\n<meta property=\"og:type\" content=\"article\" \/>\n<meta property=\"og:title\" content=\"Events - Ch\u00e2teau Villarlong - Majestic ch\u00e2teau in the south of France with 13 flats offering unique and enchanting charm\" \/>\n<meta property=\"og:description\" content=\"Our Events Experience a vibrant array of events at our venue, from electrifying concerts to captivating animations.Join us for unforgettable entertainment and memorable experiences\" \/>\n<meta property=\"og:url\" content=\"https:\/\/chateauvillarlong.com\/fr\/events\/\" \/>\n<meta property=\"og:site_name\" content=\"Ch\u00e2teau Villarlong - Majestic ch\u00e2teau in the south of France with 13 flats offering unique and enchanting charm\" \/>\n<meta property=\"article:modified_time\" content=\"2025-03-06T11:37:08+00:00\" \/>\n<meta name=\"twitter:card\" content=\"summary_large_image\" \/>\n<meta name=\"twitter:label1\" content=\"Dur\u00e9e de lecture estim\u00e9e\" \/>\n\t<meta name=\"twitter:data1\" content=\"1 minute\" \/>\n<script type=\"application\/ld+json\" class=\"yoast-schema-graph\">{\"@context\":\"https:\\\/\\\/schema.org\",\"@graph\":[{\"@type\":\"WebPage\",\"@id\":\"https:\\\/\\\/chateauvillarlong.com\\\/events\\\/\",\"url\":\"https:\\\/\\\/chateauvillarlong.com\\\/events\\\/\",\"name\":\"Events - Ch\u00e2teau Villarlong - Majestic ch\u00e2teau in the south of France with 13 flats offering unique and enchanting charm\",\"isPartOf\":{\"@id\":\"https:\\\/\\\/chateauvillarlong.com\\\/#website\"},\"datePublished\":\"2023-12-19T09:22:04+00:00\",\"dateModified\":\"2025-03-06T11:37:08+00:00\",\"breadcrumb\":{\"@id\":\"https:\\\/\\\/chateauvillarlong.com\\\/events\\\/#breadcrumb\"},\"inLanguage\":\"fr-FR\",\"potentialAction\":[{\"@type\":\"ReadAction\",\"target\":[\"https:\\\/\\\/chateauvillarlong.com\\\/events\\\/\"]}]},{\"@type\":\"BreadcrumbList\",\"@id\":\"https:\\\/\\\/chateauvillarlong.com\\\/events\\\/#breadcrumb\",\"itemListElement\":[{\"@type\":\"ListItem\",\"position\":1,\"name\":\"Home\",\"item\":\"https:\\\/\\\/chateauvillarlong.com\\\/\"},{\"@type\":\"ListItem\",\"position\":2,\"name\":\"Events\"}]},{\"@type\":\"WebSite\",\"@id\":\"https:\\\/\\\/chateauvillarlong.com\\\/#website\",\"url\":\"https:\\\/\\\/chateauvillarlong.com\\\/\",\"name\":\"Ch\u00e2teau Villarlong - Majestic ch\u00e2teau in the south of France with 13 flats offering unique and enchanting charm\",\"description\":\"In Southern France, our 13 stylish holiday apartments provide a genuine sense of belonging, inviting guests to indulge in the magic of this exceptional destination.\",\"potentialAction\":[{\"@type\":\"SearchAction\",\"target\":{\"@type\":\"EntryPoint\",\"urlTemplate\":\"https:\\\/\\\/chateauvillarlong.com\\\/?s={search_term_string}\"},\"query-input\":{\"@type\":\"PropertyValueSpecification\",\"valueRequired\":true,\"valueName\":\"search_term_string\"}}],\"inLanguage\":\"fr-FR\"}]}<\/script>\n<!-- \/ Yoast SEO plugin. -->","yoast_head_json":{"title":"Events - Ch\u00e2teau Villarlong - Majestic ch\u00e2teau in the south of France with 13 flats offering unique and enchanting charm","robots":{"index":"index","follow":"follow","max-snippet":"max-snippet:-1","max-image-preview":"max-image-preview:large","max-video-preview":"max-video-preview:-1"},"canonical":"https:\/\/chateauvillarlong.com\/fr\/events\/","og_locale":"fr_FR","og_type":"article","og_title":"Events - Ch\u00e2teau Villarlong - Majestic ch\u00e2teau in the south of France with 13 flats offering unique and enchanting charm","og_description":"Our Events Experience a vibrant array of events at our venue, from electrifying concerts to captivating animations.Join us for unforgettable entertainment and memorable experiences","og_url":"https:\/\/chateauvillarlong.com\/fr\/events\/","og_site_name":"Ch\u00e2teau Villarlong - Majestic ch\u00e2teau in the south of France with 13 flats offering unique and enchanting charm","article_modified_time":"2025-03-06T11:37:08+00:00","twitter_card":"summary_large_image","twitter_misc":{"Dur\u00e9e de lecture estim\u00e9e":"1 minute"},"schema":{"@context":"https:\/\/schema.org","@graph":[{"@type":"WebPage","@id":"https:\/\/chateauvillarlong.com\/events\/","url":"https:\/\/chateauvillarlong.com\/events\/","name":"Events - Ch\u00e2teau Villarlong - Majestic ch\u00e2teau in the south of France with 13 flats offering unique and enchanting charm","isPartOf":{"@id":"https:\/\/chateauvillarlong.com\/#website"},"datePublished":"2023-12-19T09:22:04+00:00","dateModified":"2025-03-06T11:37:08+00:00","breadcrumb":{"@id":"https:\/\/chateauvillarlong.com\/events\/#breadcrumb"},"inLanguage":"fr-FR","potentialAction":[{"@type":"ReadAction","target":["https:\/\/chateauvillarlong.com\/events\/"]}]},{"@type":"BreadcrumbList","@id":"https:\/\/chateauvillarlong.com\/events\/#breadcrumb","itemListElement":[{"@type":"ListItem","position":1,"name":"Home","item":"https:\/\/chateauvillarlong.com\/"},{"@type":"ListItem","position":2,"name":"Events"}]},{"@type":"WebSite","@id":"https:\/\/chateauvillarlong.com\/#website","url":"https:\/\/chateauvillarlong.com\/","name":"Ch\u00e2teau Villarlong - Majestic ch\u00e2teau in the south of France with 13 flats offering unique and enchanting charm","description":"In Southern France, our 13 stylish holiday apartments provide a genuine sense of belonging, inviting guests to indulge in the magic of this exceptional destination.","potentialAction":[{"@type":"SearchAction","target":{"@type":"EntryPoint","urlTemplate":"https:\/\/chateauvillarlong.com\/?s={search_term_string}"},"query-input":{"@type":"PropertyValueSpecification","valueRequired":true,"valueName":"search_term_string"}}],"inLanguage":"fr-FR"}]}},"_links":{"self":[{"href":"https:\/\/chateauvillarlong.com\/fr\/wp-json\/wp\/v2\/pages\/1590","targetHints":{"allow":["GET"]}}],"collection":[{"href":"https:\/\/chateauvillarlong.com\/fr\/wp-json\/wp\/v2\/pages"}],"about":[{"href":"https:\/\/chateauvillarlong.com\/fr\/wp-json\/wp\/v2\/types\/page"}],"author":[{"embeddable":true,"href":"https:\/\/chateauvillarlong.com\/fr\/wp-json\/wp\/v2\/users\/1"}],"replies":[{"embeddable":true,"href":"https:\/\/chateauvillarlong.com\/fr\/wp-json\/wp\/v2\/comments?post=1590"}],"version-history":[{"count":8,"href":"https:\/\/chateauvillarlong.com\/fr\/wp-json\/wp\/v2\/pages\/1590\/revisions"}],"predecessor-version":[{"id":3782,"href":"https:\/\/chateauvillarlong.com\/fr\/wp-json\/wp\/v2\/pages\/1590\/revisions\/3782"}],"wp:attachment":[{"href":"https:\/\/chateauvillarlong.com\/fr\/wp-json\/wp\/v2\/media?parent=1590"}],"curies":[{"name":"wp","href":"https:\/\/api.w.org\/{rel}","templated":true}]}}