{"id":3020,"date":"2024-05-18T08:03:16","date_gmt":"2024-05-18T08:03:16","guid":{"rendered":"https:\/\/chateauvillarlong.com\/?post_type=product&#038;p=3020"},"modified":"2024-05-18T08:52:48","modified_gmt":"2024-05-18T08:52:48","slug":"soiree-douverture-jazz-1-le-cri-du-caire-festival-caunes-minervois","status":"publish","type":"product","link":"https:\/\/chateauvillarlong.com\/fr\/produit\/soiree-douverture-jazz-1-le-cri-du-caire-festival-caunes-minervois\/","title":{"rendered":"SOIR\u00c9E D&#8217;OUVERTURE &#8211; JAZZ.1 &#8211; LE CRI DU CAIRE &#8211; Festival Caunes-Minervois"},"content":{"rendered":"<p>Abbaye de Caunes-Minervois<br \/>\n&#8211; Au chevet &#8211;<\/p>\n<p>Apr\u00e8s plus de 65 concerts, dont des festivals aussi importants que Le Paris Jazz Festival, Les Suds, Jazz in Marciac et de nombreuses sc\u00e8nes nationales, le tant attendu 1er album de la cr\u00e9ation Le Cri du Caire, (Abdullah Miniawy, Peter Corser, Karsten Hochapfel) est sorti le 27 janvier 2023 (Les Disques du Festival Permanent, Airfono,<\/p>\n<p>Au souffle continu du saxophone de\u00a0<strong>Peter Corser<\/strong>, aux cordes \u00ab barocks \u00bb de\u00a0<strong>Karsten Hochapfel<\/strong>, r\u00e9pond la voix saisissante d\u2019<strong>Abdullah Miniawy<\/strong>, jeune po\u00e8te, chanteur embl\u00e9matique \u00e9gyptien avide de libert\u00e9 et de justice. Le chant soufi virtuose, murmur\u00e9 ou clam\u00e9 sur un tapis de boucles hypnotiques, conduit vers la transe dans un voyage mystique. Spiritualit\u00e9 et libert\u00e9 s\u2019y accordent dans un m\u00eame d\u00e9sir d\u2019invention et de partage, pour porter les espoirs des peuples aux voix musel\u00e9es face \u00e0 aux oppressions politiques, sociales et religieuses. Entre rock, po\u00e9sie soufie, jazz, spoken word et volutes orientales,\u00a0<strong><em>Le Cri du Caire<\/em><\/strong>\u00a0invente un univers d\u2019une grande puissance m\u00e9taphorique qui transcende les identit\u00e9s et les fronti\u00e8res.<\/p>\n<p>https:\/\/festival-caunes-minervois.org\/programmes\/saison-jazz-et-classic-2024\/le-cri-du-caire-jazz-26-aout-2024<\/p>\n<p>&nbsp;<\/p>\n<p>&nbsp;<\/p>","protected":false},"excerpt":{"rendered":"<p>Abbaye de Caunes-Minervois &#8211; Au chevet &#8211; Apr\u00e8s plus de 65 concerts, dont des festivals aussi importants que Le Paris Jazz Festival, Les Suds, Jazz in Marciac et de nombreuses sc\u00e8nes nationales, le tant attendu 1er album de la cr\u00e9ation Le Cri du Caire, (Abdullah Miniawy, Peter Corser, Karsten Hochapfel) est sorti le 27 janvier [&hellip;]<\/p>","protected":false},"featured_media":3021,"comment_status":"open","ping_status":"closed","template":"","meta":[],"product_brand":[],"product_cat":[24],"product_tag":[],"class_list":{"0":"post-3020","1":"product","2":"type-product","3":"status-publish","4":"has-post-thumbnail","6":"product_cat-events","8":"first","9":"instock","10":"shipping-taxable","11":"product-type-simple"},"yoast_head":"<!-- This site is optimized with the Yoast SEO plugin v27.5 - https:\/\/yoast.com\/product\/yoast-seo-wordpress\/ -->\n<title>SOIR\u00c9E D&#039;OUVERTURE - JAZZ.1 - LE CRI DU CAIRE - Festival Caunes-Minervois - Ch\u00e2teau Villarlong - Majestic ch\u00e2teau in the south of France with 13 flats offering unique and enchanting charm<\/title>\n<meta name=\"robots\" content=\"index, follow, max-snippet:-1, max-image-preview:large, max-video-preview:-1\" \/>\n<link rel=\"canonical\" href=\"https:\/\/chateauvillarlong.com\/fr\/produit\/soiree-douverture-jazz-1-le-cri-du-caire-festival-caunes-minervois\/\" \/>\n<meta property=\"og:locale\" content=\"fr_FR\" \/>\n<meta property=\"og:type\" content=\"article\" \/>\n<meta property=\"og:title\" content=\"SOIR\u00c9E D&#039;OUVERTURE - JAZZ.1 - LE CRI DU CAIRE - Festival Caunes-Minervois - Ch\u00e2teau Villarlong - Majestic ch\u00e2teau in the south of France with 13 flats offering unique and enchanting charm\" \/>\n<meta property=\"og:description\" content=\"Abbaye de Caunes-Minervois &#8211; Au chevet &#8211; Apr\u00e8s plus de 65 concerts, dont des festivals aussi importants que Le Paris Jazz Festival, Les Suds, Jazz in Marciac et de nombreuses sc\u00e8nes nationales, le tant attendu 1er album de la cr\u00e9ation Le Cri du Caire, (Abdullah Miniawy, Peter Corser, Karsten Hochapfel) est sorti le 27 janvier [&hellip;]\" \/>\n<meta property=\"og:url\" content=\"https:\/\/chateauvillarlong.com\/fr\/produit\/soiree-douverture-jazz-1-le-cri-du-caire-festival-caunes-minervois\/\" \/>\n<meta property=\"og:site_name\" content=\"Ch\u00e2teau Villarlong - Majestic ch\u00e2teau in the south of France with 13 flats offering unique and enchanting charm\" \/>\n<meta property=\"article:modified_time\" content=\"2024-05-18T08:52:48+00:00\" \/>\n<meta property=\"og:image\" content=\"https:\/\/chateauvillarlong.com\/wp-content\/uploads\/2024\/05\/le-cri-du-caire-26-aout-2024-festival-caunes-minervois-jpg.webp\" \/>\n\t<meta property=\"og:image:width\" content=\"862\" \/>\n\t<meta property=\"og:image:height\" content=\"630\" \/>\n\t<meta property=\"og:image:type\" content=\"image\/jpeg\" \/>\n<meta name=\"twitter:card\" content=\"summary_large_image\" \/>\n<meta name=\"twitter:label1\" content=\"Dur\u00e9e de lecture estim\u00e9e\" \/>\n\t<meta name=\"twitter:data1\" content=\"1 minute\" \/>\n<script type=\"application\/ld+json\" class=\"yoast-schema-graph\">{\"@context\":\"https:\\\/\\\/schema.org\",\"@graph\":[{\"@type\":\"WebPage\",\"@id\":\"https:\\\/\\\/chateauvillarlong.com\\\/product\\\/soiree-douverture-jazz-1-le-cri-du-caire-festival-caunes-minervois\\\/\",\"url\":\"https:\\\/\\\/chateauvillarlong.com\\\/product\\\/soiree-douverture-jazz-1-le-cri-du-caire-festival-caunes-minervois\\\/\",\"name\":\"SOIR\u00c9E D'OUVERTURE - JAZZ.1 - LE CRI DU CAIRE - Festival Caunes-Minervois - Ch\u00e2teau Villarlong - Majestic ch\u00e2teau in the south of France with 13 flats offering unique and enchanting charm\",\"isPartOf\":{\"@id\":\"https:\\\/\\\/chateauvillarlong.com\\\/#website\"},\"primaryImageOfPage\":{\"@id\":\"https:\\\/\\\/chateauvillarlong.com\\\/product\\\/soiree-douverture-jazz-1-le-cri-du-caire-festival-caunes-minervois\\\/#primaryimage\"},\"image\":{\"@id\":\"https:\\\/\\\/chateauvillarlong.com\\\/product\\\/soiree-douverture-jazz-1-le-cri-du-caire-festival-caunes-minervois\\\/#primaryimage\"},\"thumbnailUrl\":\"https:\\\/\\\/chateauvillarlong.com\\\/wp-content\\\/uploads\\\/2024\\\/05\\\/le-cri-du-caire-26-aout-2024-festival-caunes-minervois-jpg.webp\",\"datePublished\":\"2024-05-18T08:03:16+00:00\",\"dateModified\":\"2024-05-18T08:52:48+00:00\",\"breadcrumb\":{\"@id\":\"https:\\\/\\\/chateauvillarlong.com\\\/product\\\/soiree-douverture-jazz-1-le-cri-du-caire-festival-caunes-minervois\\\/#breadcrumb\"},\"inLanguage\":\"fr-FR\",\"potentialAction\":[{\"@type\":\"ReadAction\",\"target\":[\"https:\\\/\\\/chateauvillarlong.com\\\/product\\\/soiree-douverture-jazz-1-le-cri-du-caire-festival-caunes-minervois\\\/\"]}]},{\"@type\":\"ImageObject\",\"inLanguage\":\"fr-FR\",\"@id\":\"https:\\\/\\\/chateauvillarlong.com\\\/product\\\/soiree-douverture-jazz-1-le-cri-du-caire-festival-caunes-minervois\\\/#primaryimage\",\"url\":\"https:\\\/\\\/chateauvillarlong.com\\\/wp-content\\\/uploads\\\/2024\\\/05\\\/le-cri-du-caire-26-aout-2024-festival-caunes-minervois-jpg.webp\",\"contentUrl\":\"https:\\\/\\\/chateauvillarlong.com\\\/wp-content\\\/uploads\\\/2024\\\/05\\\/le-cri-du-caire-26-aout-2024-festival-caunes-minervois-jpg.webp\",\"width\":862,\"height\":630},{\"@type\":\"BreadcrumbList\",\"@id\":\"https:\\\/\\\/chateauvillarlong.com\\\/product\\\/soiree-douverture-jazz-1-le-cri-du-caire-festival-caunes-minervois\\\/#breadcrumb\",\"itemListElement\":[{\"@type\":\"ListItem\",\"position\":1,\"name\":\"Home\",\"item\":\"https:\\\/\\\/chateauvillarlong.com\\\/\"},{\"@type\":\"ListItem\",\"position\":2,\"name\":\"Shop\",\"item\":\"https:\\\/\\\/chateauvillarlong.com\\\/fr\\\/shop\\\/\"},{\"@type\":\"ListItem\",\"position\":3,\"name\":\"SOIR\u00c9E D&#8217;OUVERTURE &#8211; JAZZ.1 &#8211; LE CRI DU CAIRE &#8211; Festival Caunes-Minervois\"}]},{\"@type\":\"WebSite\",\"@id\":\"https:\\\/\\\/chateauvillarlong.com\\\/#website\",\"url\":\"https:\\\/\\\/chateauvillarlong.com\\\/\",\"name\":\"Ch\u00e2teau Villarlong - Majestic ch\u00e2teau in the south of France with 13 flats offering unique and enchanting charm\",\"description\":\"In Southern France, our 13 stylish holiday apartments provide a genuine sense of belonging, inviting guests to indulge in the magic of this exceptional destination.\",\"potentialAction\":[{\"@type\":\"SearchAction\",\"target\":{\"@type\":\"EntryPoint\",\"urlTemplate\":\"https:\\\/\\\/chateauvillarlong.com\\\/?s={search_term_string}\"},\"query-input\":{\"@type\":\"PropertyValueSpecification\",\"valueRequired\":true,\"valueName\":\"search_term_string\"}}],\"inLanguage\":\"fr-FR\"}]}<\/script>\n<!-- \/ Yoast SEO plugin. -->","yoast_head_json":{"title":"SOIR\u00c9E D'OUVERTURE - JAZZ.1 - LE CRI DU CAIRE - Festival Caunes-Minervois - Ch\u00e2teau Villarlong - Majestic ch\u00e2teau in the south of France with 13 flats offering unique and enchanting charm","robots":{"index":"index","follow":"follow","max-snippet":"max-snippet:-1","max-image-preview":"max-image-preview:large","max-video-preview":"max-video-preview:-1"},"canonical":"https:\/\/chateauvillarlong.com\/fr\/produit\/soiree-douverture-jazz-1-le-cri-du-caire-festival-caunes-minervois\/","og_locale":"fr_FR","og_type":"article","og_title":"SOIR\u00c9E D'OUVERTURE - JAZZ.1 - LE CRI DU CAIRE - Festival Caunes-Minervois - Ch\u00e2teau Villarlong - Majestic ch\u00e2teau in the south of France with 13 flats offering unique and enchanting charm","og_description":"Abbaye de Caunes-Minervois &#8211; Au chevet &#8211; Apr\u00e8s plus de 65 concerts, dont des festivals aussi importants que Le Paris Jazz Festival, Les Suds, Jazz in Marciac et de nombreuses sc\u00e8nes nationales, le tant attendu 1er album de la cr\u00e9ation Le Cri du Caire, (Abdullah Miniawy, Peter Corser, Karsten Hochapfel) est sorti le 27 janvier [&hellip;]","og_url":"https:\/\/chateauvillarlong.com\/fr\/produit\/soiree-douverture-jazz-1-le-cri-du-caire-festival-caunes-minervois\/","og_site_name":"Ch\u00e2teau Villarlong - Majestic ch\u00e2teau in the south of France with 13 flats offering unique and enchanting charm","article_modified_time":"2024-05-18T08:52:48+00:00","og_image":[{"width":862,"height":630,"url":"https:\/\/chateauvillarlong.com\/wp-content\/uploads\/2024\/05\/le-cri-du-caire-26-aout-2024-festival-caunes-minervois-jpg.webp","type":"image\/jpeg"}],"twitter_card":"summary_large_image","twitter_misc":{"Dur\u00e9e de lecture estim\u00e9e":"1 minute"},"schema":{"@context":"https:\/\/schema.org","@graph":[{"@type":"WebPage","@id":"https:\/\/chateauvillarlong.com\/product\/soiree-douverture-jazz-1-le-cri-du-caire-festival-caunes-minervois\/","url":"https:\/\/chateauvillarlong.com\/product\/soiree-douverture-jazz-1-le-cri-du-caire-festival-caunes-minervois\/","name":"SOIR\u00c9E D'OUVERTURE - JAZZ.1 - LE CRI DU CAIRE - Festival Caunes-Minervois - Ch\u00e2teau Villarlong - Majestic ch\u00e2teau in the south of France with 13 flats offering unique and enchanting charm","isPartOf":{"@id":"https:\/\/chateauvillarlong.com\/#website"},"primaryImageOfPage":{"@id":"https:\/\/chateauvillarlong.com\/product\/soiree-douverture-jazz-1-le-cri-du-caire-festival-caunes-minervois\/#primaryimage"},"image":{"@id":"https:\/\/chateauvillarlong.com\/product\/soiree-douverture-jazz-1-le-cri-du-caire-festival-caunes-minervois\/#primaryimage"},"thumbnailUrl":"https:\/\/chateauvillarlong.com\/wp-content\/uploads\/2024\/05\/le-cri-du-caire-26-aout-2024-festival-caunes-minervois-jpg.webp","datePublished":"2024-05-18T08:03:16+00:00","dateModified":"2024-05-18T08:52:48+00:00","breadcrumb":{"@id":"https:\/\/chateauvillarlong.com\/product\/soiree-douverture-jazz-1-le-cri-du-caire-festival-caunes-minervois\/#breadcrumb"},"inLanguage":"fr-FR","potentialAction":[{"@type":"ReadAction","target":["https:\/\/chateauvillarlong.com\/product\/soiree-douverture-jazz-1-le-cri-du-caire-festival-caunes-minervois\/"]}]},{"@type":"ImageObject","inLanguage":"fr-FR","@id":"https:\/\/chateauvillarlong.com\/product\/soiree-douverture-jazz-1-le-cri-du-caire-festival-caunes-minervois\/#primaryimage","url":"https:\/\/chateauvillarlong.com\/wp-content\/uploads\/2024\/05\/le-cri-du-caire-26-aout-2024-festival-caunes-minervois-jpg.webp","contentUrl":"https:\/\/chateauvillarlong.com\/wp-content\/uploads\/2024\/05\/le-cri-du-caire-26-aout-2024-festival-caunes-minervois-jpg.webp","width":862,"height":630},{"@type":"BreadcrumbList","@id":"https:\/\/chateauvillarlong.com\/product\/soiree-douverture-jazz-1-le-cri-du-caire-festival-caunes-minervois\/#breadcrumb","itemListElement":[{"@type":"ListItem","position":1,"name":"Home","item":"https:\/\/chateauvillarlong.com\/"},{"@type":"ListItem","position":2,"name":"Shop","item":"https:\/\/chateauvillarlong.com\/fr\/shop\/"},{"@type":"ListItem","position":3,"name":"SOIR\u00c9E D&#8217;OUVERTURE &#8211; JAZZ.1 &#8211; LE CRI DU CAIRE &#8211; Festival Caunes-Minervois"}]},{"@type":"WebSite","@id":"https:\/\/chateauvillarlong.com\/#website","url":"https:\/\/chateauvillarlong.com\/","name":"Ch\u00e2teau Villarlong - Majestic ch\u00e2teau in the south of France with 13 flats offering unique and enchanting charm","description":"In Southern France, our 13 stylish holiday apartments provide a genuine sense of belonging, inviting guests to indulge in the magic of this exceptional destination.","potentialAction":[{"@type":"SearchAction","target":{"@type":"EntryPoint","urlTemplate":"https:\/\/chateauvillarlong.com\/?s={search_term_string}"},"query-input":{"@type":"PropertyValueSpecification","valueRequired":true,"valueName":"search_term_string"}}],"inLanguage":"fr-FR"}]}},"_links":{"self":[{"href":"https:\/\/chateauvillarlong.com\/fr\/wp-json\/wp\/v2\/product\/3020","targetHints":{"allow":["GET"]}}],"collection":[{"href":"https:\/\/chateauvillarlong.com\/fr\/wp-json\/wp\/v2\/product"}],"about":[{"href":"https:\/\/chateauvillarlong.com\/fr\/wp-json\/wp\/v2\/types\/product"}],"replies":[{"embeddable":true,"href":"https:\/\/chateauvillarlong.com\/fr\/wp-json\/wp\/v2\/comments?post=3020"}],"wp:featuredmedia":[{"embeddable":true,"href":"https:\/\/chateauvillarlong.com\/fr\/wp-json\/wp\/v2\/media\/3021"}],"wp:attachment":[{"href":"https:\/\/chateauvillarlong.com\/fr\/wp-json\/wp\/v2\/media?parent=3020"}],"wp:term":[{"taxonomy":"product_brand","embeddable":true,"href":"https:\/\/chateauvillarlong.com\/fr\/wp-json\/wp\/v2\/product_brand?post=3020"},{"taxonomy":"product_cat","embeddable":true,"href":"https:\/\/chateauvillarlong.com\/fr\/wp-json\/wp\/v2\/product_cat?post=3020"},{"taxonomy":"product_tag","embeddable":true,"href":"https:\/\/chateauvillarlong.com\/fr\/wp-json\/wp\/v2\/product_tag?post=3020"}],"curies":[{"name":"wp","href":"https:\/\/api.w.org\/{rel}","templated":true}]}}